{"id":1682,"date":"2013-06-17T07:44:53","date_gmt":"2013-06-17T07:44:53","guid":{"rendered":"http:\/\/milano-sanremo.org\/wordpress\/?page_id=1682"},"modified":"2026-01-30T11:26:44","modified_gmt":"2026-01-30T11:26:44","slug":"camiseta-recuerdo","status":"publish","type":"page","link":"https:\/\/milano-sanremo.org\/es\/inscripcion\/camiseta-recuerdo\/","title":{"rendered":"CAMISETA DE RECUERDO"},"content":{"rendered":"<p>[et_pb_section fb_built=\u00bb1&#8243; admin_label=\u00bbsection\u00bb _builder_version=\u00bb4.16&#8243; global_colors_info=\u00bb{}\u00bb][et_pb_row admin_label=\u00bbrow\u00bb _builder_version=\u00bb4.16&#8243; background_size=\u00bbinitial\u00bb background_position=\u00bbtop_left\u00bb background_repeat=\u00bbrepeat\u00bb global_colors_info=\u00bb{}\u00bb][et_pb_column type=\u00bb4_4&#8243; _builder_version=\u00bb4.16&#8243; custom_padding=\u00bb|||\u00bb global_colors_info=\u00bb{}\u00bb custom_padding__hover=\u00bb|||\u00bb][et_pb_text admin_label=\u00bbText\u00bb _builder_version=\u00bb4.27.5&#8243; background_size=\u00bbinitial\u00bb background_position=\u00bbtop_left\u00bb background_repeat=\u00bbrepeat\u00bb hover_enabled=\u00bb0&#8243; global_colors_info=\u00bb{}\u00bb sticky_enabled=\u00bb0&#8243;]<\/p>\n<h3>Para todos aquellos que formalicen su inscripci\u00f3n antes del 20 de mes de abril, el paquete de carrera incluir\u00e1 una camiseta de recuerdo del evento ciclista de Mil\u00e1n &#8211; San Remo Amatori cyclosportive.<\/h3>\n<p><a href=\"https:\/\/milano-sanremo.org\/wp-content\/uploads\/2026\/01\/maglia-milano-sanremo-2026.jpg\"><img loading=\"lazy\" decoding=\"async\" class=\"alignnone wp-image-15410 size-full\" src=\"https:\/\/milano-sanremo.org\/wp-content\/uploads\/2026\/01\/maglia-milano-sanremo-2026.jpg\" alt=\"maglia milano sanremo 2026\" width=\"1920\" height=\"1080\" srcset=\"https:\/\/milano-sanremo.org\/wp-content\/uploads\/2026\/01\/maglia-milano-sanremo-2026.jpg 1920w, https:\/\/milano-sanremo.org\/wp-content\/uploads\/2026\/01\/maglia-milano-sanremo-2026-1280x720.jpg 1280w, https:\/\/milano-sanremo.org\/wp-content\/uploads\/2026\/01\/maglia-milano-sanremo-2026-980x551.jpg 980w, https:\/\/milano-sanremo.org\/wp-content\/uploads\/2026\/01\/maglia-milano-sanremo-2026-480x270.jpg 480w\" sizes=\"(min-width: 0px) and (max-width: 480px) 480px, (min-width: 481px) and (max-width: 980px) 980px, (min-width: 981px) and (max-width: 1280px) 1280px, (min-width: 1281px) 1920px, 100vw\" \/><\/a><\/p>\n<h4>Para recibir la camiseta de recuerdo, es importante asegurarse de que el pago de la inscripci\u00f3n est\u00e1 confirmado antes de la fecha l\u00edmite del 20 de mes de abril y, m\u00e1s concretamente, se tendr\u00e1 en cuenta lo siguiente:<\/h4>\n<ul>\n<li>el d\u00eda en que se efect\u00faa el pago mediante tarjeta bancaria o Paypal.<\/li>\n<\/ul>\n<p>Debido al tiempo que requiere la fabricaci\u00f3n de las camisetas, no podr\u00e1 recibir la suya si el pago se hace efectivo m\u00e1s all\u00e1 de la fecha especificada, aunque la orden de pago se procese a tiempo.<\/p>\n<h4>Si quiere tener la seguridad de que recibir\u00e1 la camiseta de recuerdo, \u00a1no espere a inscribirse a \u00faltima hora!<\/h4>\n<h4>TALLAS<\/h4>\n<p>Las camisetas de recuerdo del evento se facilitar\u00e1n de acuerdo con las peticiones recibidas a trav\u00e9s de nuestro sistema de inscripci\u00f3n online.<\/p>\n<h4>Por tanto, es muy importante que elija la talla adecuada con atenci\u00f3n.<\/h4>\n<h2>Lee la gu\u00eda de tallas y ajustes de la camiseta oficial de recuerdo.<\/h2>\n<p><img loading=\"lazy\" decoding=\"async\" class=\"alignnone size-full wp-image-9752\" src=\"https:\/\/milano-sanremo.org\/wp-content\/uploads\/2013\/06\/taglie_t-shirt_mi-sr2.jpg\" alt=\"\" width=\"650\" height=\"750\" srcset=\"https:\/\/milano-sanremo.org\/wp-content\/uploads\/2013\/06\/taglie_t-shirt_mi-sr2.jpg 650w, https:\/\/milano-sanremo.org\/wp-content\/uploads\/2013\/06\/taglie_t-shirt_mi-sr2-260x300.jpg 260w\" sizes=\"(max-width: 650px) 100vw, 650px\" \/><\/p>\n<p>Las camisetas se encargan en funci\u00f3n del n\u00famero exacto de peticiones recibidas.<br \/>Es posible solicitar el cambio de talla por correo electr\u00f3nico antes del 20 de mes de abril.<\/p>\n<h4><span style=\"color: #ff0000;\">No ser\u00e1 posible cambiar la talla de la camiseta despu\u00e9s del 20 de mes de abril, ni podr\u00e1 solicitar una talla diferente cuando se distribuyan los paquetes de carrera.<\/span><\/h4>\n<p>[\/et_pb_text][\/et_pb_column][\/et_pb_row][\/et_pb_section]<\/p>\n","protected":false},"excerpt":{"rendered":"<p>Para todos aquellos que formalicen su inscripci\u00f3n antes del 20 de mes de abril, el paquete de carrera incluir\u00e1 una camiseta de recuerdo del evento ciclista de Mil\u00e1n &#8211; San Remo Amatori cyclosportive. Para recibir la camiseta de recuerdo, es importante asegurarse de que el pago de la inscripci\u00f3n est\u00e1 confirmado antes de la fecha [&hellip;]<\/p>\n","protected":false},"author":1,"featured_media":0,"parent":3762,"menu_order":0,"comment_status":"closed","ping_status":"closed","template":"","meta":{"_et_pb_use_builder":"on","_et_pb_old_content":"<h3>Para todos aquellos que formalicen su inscripci\u00f3n antes del 20 de mes de abril, el paquete de carrera incluir\u00e1 una camiseta de recuerdo del evento ciclista de Mil\u00e1n - San Remo Amatori cyclosportive.<\/h3>\r\n<a href=\"https:\/\/milano-sanremo.org\/wp-content\/uploads\/2025\/02\/milano-sanremo-amatori-2025.jpeg\"><img class=\"aligncenter wp-image-14543 size-full\" src=\"https:\/\/milano-sanremo.org\/wp-content\/uploads\/2025\/02\/milano-sanremo-amatori-2025.jpeg\" alt=\"milano sanremo amatori 2025\" width=\"1600\" height=\"1043\"><\/a>\r\n<h4>Para recibir la camiseta de recuerdo, es importante asegurarse de que el pago de la inscripci\u00f3n est\u00e1 confirmado antes de la fecha l\u00edmite del 20 de mes de abril y, m\u00e1s concretamente, se tendr\u00e1 en cuenta lo siguiente:<\/h4>\r\n<ul>\r\n \t<li>el d\u00eda en que se efect\u00faa el pago mediante tarjeta bancaria o Paypal.<\/li>\r\n \t<li>el d\u00eda en que la cuant\u00eda abonada por transferencia bancaria llega a nuestra cuenta bancaria.<\/li>\r\n<\/ul>\r\nDebido al tiempo que requiere la fabricaci\u00f3n de las camisetas, no podr\u00e1 recibir la suya si el pago se hace efectivo m\u00e1s all\u00e1 de la fecha especificada, aunque la orden de pago se procese a tiempo.\r\n<h4>Si quiere tener la seguridad de que recibir\u00e1 la camiseta de recuerdo, \u00a1no espere a inscribirse a \u00faltima hora!<\/h4>\r\n<h4>TALLAS<\/h4>\r\nLas camisetas de recuerdo del evento se facilitar\u00e1n de acuerdo con las peticiones recibidas a trav\u00e9s de nuestro sistema de inscripci\u00f3n online.\r\n<h4>Por tanto, es muy importante que elija la talla adecuada con atenci\u00f3n.<\/h4>\r\n<h2>Lee la gu\u00eda de tallas y ajustes de la camiseta oficial de recuerdo.<\/h2>\r\n<img class=\"alignnone size-full wp-image-9752\" src=\"https:\/\/milano-sanremo.org\/wp-content\/uploads\/2013\/06\/taglie_t-shirt_mi-sr2.jpg\" alt=\"\" width=\"650\" height=\"750\">\r\n\r\nLas camisetas se encargan en funci\u00f3n del n\u00famero exacto de peticiones recibidas.\r\nEs posible solicitar el cambio de talla por correo electr\u00f3nico antes del 20 de mes de abril.\r\n<h4><span style=\"color: #ff0000;\">No ser\u00e1 posible cambiar la talla de la camiseta despu\u00e9s del 20 de mes de abril, ni podr\u00e1 solicitar una talla diferente cuando se distribuyan los paquetes de carrera.<\/span><\/h4>","_et_gb_content_width":"","ngg_post_thumbnail":0,"footnotes":""},"class_list":["post-1682","page","type-page","status-publish","hentry"],"yoast_head":"<!-- This site is optimized with the Yoast SEO plugin v27.5 - https:\/\/yoast.com\/product\/yoast-seo-wordpress\/ -->\n<title>CAMISETA DE RECUERDO | MILANO SANREMO AMATORI 2026 | MIL\u00c1N SANREMO AMATEUR 7 DE JUNIO DE 2026 | SITIO OFICIAL<\/title>\n<meta name=\"description\" content=\"CAMISETA DE RECUERDO\" \/>\n<meta name=\"robots\" content=\"index, follow, max-snippet:-1, max-image-preview:large, max-video-preview:-1\" \/>\n<link rel=\"canonical\" href=\"https:\/\/milano-sanremo.org\/es\/inscripcion\/camiseta-recuerdo\/\" \/>\n<meta property=\"og:locale\" content=\"es_ES\" \/>\n<meta property=\"og:type\" content=\"article\" \/>\n<meta property=\"og:title\" content=\"CAMISETA DE RECUERDO | MILANO SANREMO AMATORI 2026 | MIL\u00c1N SANREMO AMATEUR 7 DE JUNIO DE 2026 | SITIO OFICIAL\" \/>\n<meta property=\"og:description\" content=\"CAMISETA DE RECUERDO\" \/>\n<meta property=\"og:url\" content=\"https:\/\/milano-sanremo.org\/es\/inscripcion\/camiseta-recuerdo\/\" \/>\n<meta property=\"og:site_name\" content=\"MILANO SANREMO AMATORI 2026\" \/>\n<meta property=\"article:modified_time\" content=\"2026-01-30T11:26:44+00:00\" \/>\n<meta property=\"og:image\" content=\"https:\/\/milano-sanremo.org\/wp-content\/uploads\/2026\/01\/maglia-milano-sanremo-2026.jpg\" \/>\n\t<meta property=\"og:image:width\" content=\"1920\" \/>\n\t<meta property=\"og:image:height\" content=\"1080\" \/>\n\t<meta property=\"og:image:type\" content=\"image\/jpeg\" \/>\n<meta name=\"twitter:card\" content=\"summary_large_image\" \/>\n<meta name=\"twitter:label1\" content=\"Tiempo de lectura\" \/>\n\t<meta name=\"twitter:data1\" content=\"2 minutos\" \/>\n<script type=\"application\/ld+json\" class=\"yoast-schema-graph\">{\"@context\":\"https:\\\/\\\/schema.org\",\"@graph\":[{\"@type\":\"WebPage\",\"@id\":\"https:\\\/\\\/milano-sanremo.org\\\/es\\\/inscripcion\\\/camiseta-recuerdo\\\/\",\"url\":\"https:\\\/\\\/milano-sanremo.org\\\/es\\\/inscripcion\\\/camiseta-recuerdo\\\/\",\"name\":\"CAMISETA DE RECUERDO | MILANO SANREMO AMATORI 2026 | MIL\u00c1N SANREMO AMATEUR 7 DE JUNIO DE 2026 | SITIO OFICIAL\",\"isPartOf\":{\"@id\":\"https:\\\/\\\/milano-sanremo.org\\\/es\\\/#website\"},\"primaryImageOfPage\":{\"@id\":\"https:\\\/\\\/milano-sanremo.org\\\/es\\\/inscripcion\\\/camiseta-recuerdo\\\/#primaryimage\"},\"image\":{\"@id\":\"https:\\\/\\\/milano-sanremo.org\\\/es\\\/inscripcion\\\/camiseta-recuerdo\\\/#primaryimage\"},\"thumbnailUrl\":\"https:\\\/\\\/milano-sanremo.org\\\/wp-content\\\/uploads\\\/2026\\\/01\\\/maglia-milano-sanremo-2026.jpg\",\"datePublished\":\"2013-06-17T07:44:53+00:00\",\"dateModified\":\"2026-01-30T11:26:44+00:00\",\"description\":\"CAMISETA DE RECUERDO\",\"breadcrumb\":{\"@id\":\"https:\\\/\\\/milano-sanremo.org\\\/es\\\/inscripcion\\\/camiseta-recuerdo\\\/#breadcrumb\"},\"inLanguage\":\"es\",\"potentialAction\":[{\"@type\":\"ReadAction\",\"target\":[\"https:\\\/\\\/milano-sanremo.org\\\/es\\\/inscripcion\\\/camiseta-recuerdo\\\/\"]}]},{\"@type\":\"ImageObject\",\"inLanguage\":\"es\",\"@id\":\"https:\\\/\\\/milano-sanremo.org\\\/es\\\/inscripcion\\\/camiseta-recuerdo\\\/#primaryimage\",\"url\":\"https:\\\/\\\/milano-sanremo.org\\\/wp-content\\\/uploads\\\/2026\\\/01\\\/maglia-milano-sanremo-2026.jpg\",\"contentUrl\":\"https:\\\/\\\/milano-sanremo.org\\\/wp-content\\\/uploads\\\/2026\\\/01\\\/maglia-milano-sanremo-2026.jpg\"},{\"@type\":\"BreadcrumbList\",\"@id\":\"https:\\\/\\\/milano-sanremo.org\\\/es\\\/inscripcion\\\/camiseta-recuerdo\\\/#breadcrumb\",\"itemListElement\":[{\"@type\":\"ListItem\",\"position\":1,\"name\":\"Home\",\"item\":\"https:\\\/\\\/milano-sanremo.org\\\/es\\\/\"},{\"@type\":\"ListItem\",\"position\":2,\"name\":\"INSCRIPCI\u00d3N\",\"item\":\"https:\\\/\\\/milano-sanremo.org\\\/es\\\/iscrizioni-2\\\/\"},{\"@type\":\"ListItem\",\"position\":3,\"name\":\"CAMISETA DE RECUERDO\"}]},{\"@type\":\"WebSite\",\"@id\":\"https:\\\/\\\/milano-sanremo.org\\\/es\\\/#website\",\"url\":\"https:\\\/\\\/milano-sanremo.org\\\/es\\\/\",\"name\":\"MILANO SANREMO AMATORI 2026\",\"description\":\"MIL\u00c1N SANREMO AMATEUR 7 DE JUNIO DE 2026 | SITIO OFICIAL\",\"potentialAction\":[{\"@type\":\"SearchAction\",\"target\":{\"@type\":\"EntryPoint\",\"urlTemplate\":\"https:\\\/\\\/milano-sanremo.org\\\/es\\\/?s={search_term_string}\"},\"query-input\":{\"@type\":\"PropertyValueSpecification\",\"valueRequired\":true,\"valueName\":\"search_term_string\"}}],\"inLanguage\":\"es\"}]}<\/script>\n<!-- \/ Yoast SEO plugin. -->","yoast_head_json":{"title":"CAMISETA DE RECUERDO | MILANO SANREMO AMATORI 2026 | MIL\u00c1N SANREMO AMATEUR 7 DE JUNIO DE 2026 | SITIO OFICIAL","description":"CAMISETA DE RECUERDO","robots":{"index":"index","follow":"follow","max-snippet":"max-snippet:-1","max-image-preview":"max-image-preview:large","max-video-preview":"max-video-preview:-1"},"canonical":"https:\/\/milano-sanremo.org\/es\/inscripcion\/camiseta-recuerdo\/","og_locale":"es_ES","og_type":"article","og_title":"CAMISETA DE RECUERDO | MILANO SANREMO AMATORI 2026 | MIL\u00c1N SANREMO AMATEUR 7 DE JUNIO DE 2026 | SITIO OFICIAL","og_description":"CAMISETA DE RECUERDO","og_url":"https:\/\/milano-sanremo.org\/es\/inscripcion\/camiseta-recuerdo\/","og_site_name":"MILANO SANREMO AMATORI 2026","article_modified_time":"2026-01-30T11:26:44+00:00","og_image":[{"width":1920,"height":1080,"url":"https:\/\/milano-sanremo.org\/wp-content\/uploads\/2026\/01\/maglia-milano-sanremo-2026.jpg","type":"image\/jpeg"}],"twitter_card":"summary_large_image","twitter_misc":{"Tiempo de lectura":"2 minutos"},"schema":{"@context":"https:\/\/schema.org","@graph":[{"@type":"WebPage","@id":"https:\/\/milano-sanremo.org\/es\/inscripcion\/camiseta-recuerdo\/","url":"https:\/\/milano-sanremo.org\/es\/inscripcion\/camiseta-recuerdo\/","name":"CAMISETA DE RECUERDO | MILANO SANREMO AMATORI 2026 | MIL\u00c1N SANREMO AMATEUR 7 DE JUNIO DE 2026 | SITIO OFICIAL","isPartOf":{"@id":"https:\/\/milano-sanremo.org\/es\/#website"},"primaryImageOfPage":{"@id":"https:\/\/milano-sanremo.org\/es\/inscripcion\/camiseta-recuerdo\/#primaryimage"},"image":{"@id":"https:\/\/milano-sanremo.org\/es\/inscripcion\/camiseta-recuerdo\/#primaryimage"},"thumbnailUrl":"https:\/\/milano-sanremo.org\/wp-content\/uploads\/2026\/01\/maglia-milano-sanremo-2026.jpg","datePublished":"2013-06-17T07:44:53+00:00","dateModified":"2026-01-30T11:26:44+00:00","description":"CAMISETA DE RECUERDO","breadcrumb":{"@id":"https:\/\/milano-sanremo.org\/es\/inscripcion\/camiseta-recuerdo\/#breadcrumb"},"inLanguage":"es","potentialAction":[{"@type":"ReadAction","target":["https:\/\/milano-sanremo.org\/es\/inscripcion\/camiseta-recuerdo\/"]}]},{"@type":"ImageObject","inLanguage":"es","@id":"https:\/\/milano-sanremo.org\/es\/inscripcion\/camiseta-recuerdo\/#primaryimage","url":"https:\/\/milano-sanremo.org\/wp-content\/uploads\/2026\/01\/maglia-milano-sanremo-2026.jpg","contentUrl":"https:\/\/milano-sanremo.org\/wp-content\/uploads\/2026\/01\/maglia-milano-sanremo-2026.jpg"},{"@type":"BreadcrumbList","@id":"https:\/\/milano-sanremo.org\/es\/inscripcion\/camiseta-recuerdo\/#breadcrumb","itemListElement":[{"@type":"ListItem","position":1,"name":"Home","item":"https:\/\/milano-sanremo.org\/es\/"},{"@type":"ListItem","position":2,"name":"INSCRIPCI\u00d3N","item":"https:\/\/milano-sanremo.org\/es\/iscrizioni-2\/"},{"@type":"ListItem","position":3,"name":"CAMISETA DE RECUERDO"}]},{"@type":"WebSite","@id":"https:\/\/milano-sanremo.org\/es\/#website","url":"https:\/\/milano-sanremo.org\/es\/","name":"MILANO SANREMO AMATORI 2026","description":"MIL\u00c1N SANREMO AMATEUR 7 DE JUNIO DE 2026 | SITIO OFICIAL","potentialAction":[{"@type":"SearchAction","target":{"@type":"EntryPoint","urlTemplate":"https:\/\/milano-sanremo.org\/es\/?s={search_term_string}"},"query-input":{"@type":"PropertyValueSpecification","valueRequired":true,"valueName":"search_term_string"}}],"inLanguage":"es"}]}},"_links":{"self":[{"href":"https:\/\/milano-sanremo.org\/es\/wp-json\/wp\/v2\/pages\/1682","targetHints":{"allow":["GET"]}}],"collection":[{"href":"https:\/\/milano-sanremo.org\/es\/wp-json\/wp\/v2\/pages"}],"about":[{"href":"https:\/\/milano-sanremo.org\/es\/wp-json\/wp\/v2\/types\/page"}],"author":[{"embeddable":true,"href":"https:\/\/milano-sanremo.org\/es\/wp-json\/wp\/v2\/users\/1"}],"replies":[{"embeddable":true,"href":"https:\/\/milano-sanremo.org\/es\/wp-json\/wp\/v2\/comments?post=1682"}],"version-history":[{"count":32,"href":"https:\/\/milano-sanremo.org\/es\/wp-json\/wp\/v2\/pages\/1682\/revisions"}],"predecessor-version":[{"id":15422,"href":"https:\/\/milano-sanremo.org\/es\/wp-json\/wp\/v2\/pages\/1682\/revisions\/15422"}],"up":[{"embeddable":true,"href":"https:\/\/milano-sanremo.org\/es\/wp-json\/wp\/v2\/pages\/3762"}],"wp:attachment":[{"href":"https:\/\/milano-sanremo.org\/es\/wp-json\/wp\/v2\/media?parent=1682"}],"curies":[{"name":"wp","href":"https:\/\/api.w.org\/{rel}","templated":true}]}}