{"id":8504,"date":"2018-05-22T18:46:31","date_gmt":"2018-05-22T18:46:31","guid":{"rendered":"http:\/\/beta.milano-sanremo.org\/?page_id=8504"},"modified":"2026-01-30T11:04:45","modified_gmt":"2026-01-30T11:04:45","slug":"myhome","status":"publish","type":"page","link":"https:\/\/milano-sanremo.org\/es\/","title":{"rendered":"Mil\u00e1n San Remo Aficionado 2025"},"content":{"rendered":"<p>[et_pb_section fb_built=\u00bb1&#8243; fullwidth=\u00bbon\u00bb _builder_version=\u00bb4.16&#8243; locked=\u00bboff\u00bb global_colors_info=\u00bb{}\u00bb][et_pb_fullwidth_code module_class=\u00bbhome-hero-vid\u00bb _builder_version=\u00bb4.27.5&#8243; _module_preset=\u00bbdefault\u00bb locked=\u00bboff\u00bb global_colors_info=\u00bb{}\u00bb]<iframe loading=\"lazy\" title=\"vimeo-player\" src=\"https:\/\/player.vimeo.com\/video\/1100571827?h=077072140a&#038;autoplay=1&#038;muted=1&#038;controls=0\" width=\"640\" height=\"360\" frameborder=\"0\"    allowfullscreen><\/iframe>[\/et_pb_fullwidth_code][\/et_pb_section][et_pb_section fb_built=\u00bb1&#8243; admin_label=\u00bbPromo Banner\u00bb _builder_version=\u00bb4.16&#8243; background_color=\u00bb#ca0515&#8243; custom_padding=\u00bb10px|0px|30px|0px\u00bb global_colors_info=\u00bb{}\u00bb][et_pb_row _builder_version=\u00bb4.16&#8243; global_colors_info=\u00bb{}\u00bb][et_pb_column type=\u00bb4_4&#8243; _builder_version=\u00bb4.16&#8243; custom_padding=\u00bb|||\u00bb global_colors_info=\u00bb{}\u00bb custom_padding__hover=\u00bb|||\u00bb][et_pb_text _builder_version=\u00bb4.27.4&#8243; z_index_tablet=\u00bb500&#8243; text_text_shadow_horizontal_length_tablet=\u00bb0px\u00bb text_text_shadow_vertical_length_tablet=\u00bb0px\u00bb text_text_shadow_blur_strength_tablet=\u00bb1px\u00bb link_text_shadow_horizontal_length_tablet=\u00bb0px\u00bb link_text_shadow_vertical_length_tablet=\u00bb0px\u00bb link_text_shadow_blur_strength_tablet=\u00bb1px\u00bb ul_text_shadow_horizontal_length_tablet=\u00bb0px\u00bb ul_text_shadow_vertical_length_tablet=\u00bb0px\u00bb ul_text_shadow_blur_strength_tablet=\u00bb1px\u00bb ol_text_shadow_horizontal_length_tablet=\u00bb0px\u00bb ol_text_shadow_vertical_length_tablet=\u00bb0px\u00bb ol_text_shadow_blur_strength_tablet=\u00bb1px\u00bb quote_text_shadow_horizontal_length_tablet=\u00bb0px\u00bb quote_text_shadow_vertical_length_tablet=\u00bb0px\u00bb quote_text_shadow_blur_strength_tablet=\u00bb1px\u00bb header_text_shadow_horizontal_length_tablet=\u00bb0px\u00bb header_text_shadow_vertical_length_tablet=\u00bb0px\u00bb header_text_shadow_blur_strength_tablet=\u00bb1px\u00bb header_2_text_shadow_horizontal_length_tablet=\u00bb0px\u00bb header_2_text_shadow_vertical_length_tablet=\u00bb0px\u00bb header_2_text_shadow_blur_strength_tablet=\u00bb1px\u00bb header_3_text_shadow_horizontal_length_tablet=\u00bb0px\u00bb header_3_text_shadow_vertical_length_tablet=\u00bb0px\u00bb header_3_text_shadow_blur_strength_tablet=\u00bb1px\u00bb header_4_text_shadow_horizontal_length_tablet=\u00bb0px\u00bb header_4_text_shadow_vertical_length_tablet=\u00bb0px\u00bb header_4_text_shadow_blur_strength_tablet=\u00bb1px\u00bb header_5_text_shadow_horizontal_length_tablet=\u00bb0px\u00bb header_5_text_shadow_vertical_length_tablet=\u00bb0px\u00bb header_5_text_shadow_blur_strength_tablet=\u00bb1px\u00bb header_6_text_shadow_horizontal_length_tablet=\u00bb0px\u00bb header_6_text_shadow_vertical_length_tablet=\u00bb0px\u00bb header_6_text_shadow_blur_strength_tablet=\u00bb1px\u00bb box_shadow_horizontal_tablet=\u00bb0px\u00bb box_shadow_vertical_tablet=\u00bb0px\u00bb box_shadow_blur_tablet=\u00bb40px\u00bb box_shadow_spread_tablet=\u00bb0px\u00bb global_colors_info=\u00bb{}\u00bb]<\/p>\n<h3 style=\"text-align: center;\"><span style=\"color: #ffffff;\">1970-2026<\/span><\/h3>\n<h2 style=\"text-align: center;\"><span style=\"color: #ffffff;\"><strong>55\u00b0 carrera ciclista Mil\u00e1n San Remo Amatori cyclosportive<\/strong><\/span><\/h2>\n<h3 style=\"text-align: center;\"><span style=\"color: #ffffff;\">\u00a1p\u00f3ngase a prueba en la Gran Cl\u00e1sica del ciclismo <em>amateur<\/em>!<\/span><\/h3>\n<p>[\/et_pb_text][et_pb_image src=\u00bbhttps:\/\/milano-sanremo.org\/wp-content\/uploads\/2024\/03\/logo-milano-sanremo.png\u00bb title_text=\u00bblogo-milano-sanremo\u00bb align=\u00bbcenter\u00bb align_tablet=\u00bbcenter\u00bb align_phone=\u00bb\u00bb align_last_edited=\u00bbon|desktop\u00bb _builder_version=\u00bb4.19.5&#8243; max_width=\u00bb46%\u00bb module_alignment=\u00bbcenter\u00bb z_index_tablet=\u00bb500&#8243; box_shadow_horizontal_tablet=\u00bb0px\u00bb box_shadow_vertical_tablet=\u00bb0px\u00bb box_shadow_blur_tablet=\u00bb40px\u00bb box_shadow_spread_tablet=\u00bb0px\u00bb global_colors_info=\u00bb{}\u00bb]&nbsp;<br \/>\n[\/et_pb_image][et_pb_text _builder_version=\u00bb4.27.4&#8243; text_font_size=\u00bb36px\u00bb link_font=\u00bb|600|||on||||\u00bb link_text_color=\u00bbrgba(12,12,12,0.59)\u00bb header_2_font=\u00bbAlice||||||||\u00bb header_2_line_height=\u00bb1.5em\u00bb text_orientation=\u00bbcenter\u00bb background_layout=\u00bbdark\u00bb z_index_tablet=\u00bb500&#8243; text_text_shadow_horizontal_length_tablet=\u00bb0px\u00bb text_text_shadow_vertical_length_tablet=\u00bb0px\u00bb text_text_shadow_blur_strength_tablet=\u00bb1px\u00bb link_text_shadow_horizontal_length_tablet=\u00bb0px\u00bb link_text_shadow_vertical_length_tablet=\u00bb0px\u00bb link_text_shadow_blur_strength_tablet=\u00bb1px\u00bb ul_text_shadow_horizontal_length_tablet=\u00bb0px\u00bb ul_text_shadow_vertical_length_tablet=\u00bb0px\u00bb ul_text_shadow_blur_strength_tablet=\u00bb1px\u00bb ol_text_shadow_horizontal_length_tablet=\u00bb0px\u00bb ol_text_shadow_vertical_length_tablet=\u00bb0px\u00bb ol_text_shadow_blur_strength_tablet=\u00bb1px\u00bb quote_text_shadow_horizontal_length_tablet=\u00bb0px\u00bb quote_text_shadow_vertical_length_tablet=\u00bb0px\u00bb quote_text_shadow_blur_strength_tablet=\u00bb1px\u00bb header_text_shadow_horizontal_length_tablet=\u00bb0px\u00bb header_text_shadow_vertical_length_tablet=\u00bb0px\u00bb header_text_shadow_blur_strength_tablet=\u00bb1px\u00bb header_2_text_shadow_horizontal_length_tablet=\u00bb0px\u00bb header_2_text_shadow_vertical_length_tablet=\u00bb0px\u00bb header_2_text_shadow_blur_strength_tablet=\u00bb1px\u00bb header_3_text_shadow_horizontal_length_tablet=\u00bb0px\u00bb header_3_text_shadow_vertical_length_tablet=\u00bb0px\u00bb header_3_text_shadow_blur_strength_tablet=\u00bb1px\u00bb header_4_text_shadow_horizontal_length_tablet=\u00bb0px\u00bb header_4_text_shadow_vertical_length_tablet=\u00bb0px\u00bb header_4_text_shadow_blur_strength_tablet=\u00bb1px\u00bb header_5_text_shadow_horizontal_length_tablet=\u00bb0px\u00bb header_5_text_shadow_vertical_length_tablet=\u00bb0px\u00bb header_5_text_shadow_blur_strength_tablet=\u00bb1px\u00bb header_6_text_shadow_horizontal_length_tablet=\u00bb0px\u00bb header_6_text_shadow_vertical_length_tablet=\u00bb0px\u00bb header_6_text_shadow_blur_strength_tablet=\u00bb1px\u00bb box_shadow_horizontal_tablet=\u00bb0px\u00bb box_shadow_vertical_tablet=\u00bb0px\u00bb box_shadow_blur_tablet=\u00bb40px\u00bb box_shadow_spread_tablet=\u00bb0px\u00bb global_colors_info=\u00bb{}\u00bb]<\/p>\n<p><span style=\"color: #ffffff;\">07 de junio 2026<\/span><\/p>\n<p>[\/et_pb_text][et_pb_text disabled_on=\u00bboff|off|off\u00bb admin_label=\u00bbAPERTURA ISCRIZIONI\u00bb _builder_version=\u00bb4.27.4&#8243; text_text_color=\u00bb#FFFFFF\u00bb text_font_size=\u00bb16px\u00bb link_font=\u00bb|600|||on||||\u00bb link_text_color=\u00bbrgba(12,12,12,0.59)\u00bb header_2_font=\u00bbAlice||||||||\u00bb header_2_line_height=\u00bb1.5em\u00bb text_orientation=\u00bbcenter\u00bb background_layout=\u00bbdark\u00bb z_index_tablet=\u00bb500&#8243; text_text_shadow_horizontal_length_tablet=\u00bb0px\u00bb text_text_shadow_vertical_length_tablet=\u00bb0px\u00bb text_text_shadow_blur_strength_tablet=\u00bb1px\u00bb link_text_shadow_horizontal_length_tablet=\u00bb0px\u00bb link_text_shadow_vertical_length_tablet=\u00bb0px\u00bb link_text_shadow_blur_strength_tablet=\u00bb1px\u00bb ul_text_shadow_horizontal_length_tablet=\u00bb0px\u00bb ul_text_shadow_vertical_length_tablet=\u00bb0px\u00bb ul_text_shadow_blur_strength_tablet=\u00bb1px\u00bb ol_text_shadow_horizontal_length_tablet=\u00bb0px\u00bb ol_text_shadow_vertical_length_tablet=\u00bb0px\u00bb ol_text_shadow_blur_strength_tablet=\u00bb1px\u00bb quote_text_shadow_horizontal_length_tablet=\u00bb0px\u00bb quote_text_shadow_vertical_length_tablet=\u00bb0px\u00bb quote_text_shadow_blur_strength_tablet=\u00bb1px\u00bb header_text_shadow_horizontal_length_tablet=\u00bb0px\u00bb header_text_shadow_vertical_length_tablet=\u00bb0px\u00bb header_text_shadow_blur_strength_tablet=\u00bb1px\u00bb header_2_text_shadow_horizontal_length_tablet=\u00bb0px\u00bb header_2_text_shadow_vertical_length_tablet=\u00bb0px\u00bb header_2_text_shadow_blur_strength_tablet=\u00bb1px\u00bb header_3_text_shadow_horizontal_length_tablet=\u00bb0px\u00bb header_3_text_shadow_vertical_length_tablet=\u00bb0px\u00bb header_3_text_shadow_blur_strength_tablet=\u00bb1px\u00bb header_4_text_shadow_horizontal_length_tablet=\u00bb0px\u00bb header_4_text_shadow_vertical_length_tablet=\u00bb0px\u00bb header_4_text_shadow_blur_strength_tablet=\u00bb1px\u00bb header_5_text_shadow_horizontal_length_tablet=\u00bb0px\u00bb header_5_text_shadow_vertical_length_tablet=\u00bb0px\u00bb header_5_text_shadow_blur_strength_tablet=\u00bb1px\u00bb header_6_text_shadow_horizontal_length_tablet=\u00bb0px\u00bb header_6_text_shadow_vertical_length_tablet=\u00bb0px\u00bb header_6_text_shadow_blur_strength_tablet=\u00bb1px\u00bb box_shadow_horizontal_tablet=\u00bb0px\u00bb box_shadow_vertical_tablet=\u00bb0px\u00bb box_shadow_blur_tablet=\u00bb40px\u00bb box_shadow_spread_tablet=\u00bb0px\u00bb global_colors_info=\u00bb{}\u00bb]<\/p>\n<p style=\"text-align: center;\"><strong>LAS INSCRIPCIONES A\u00daN NO EST\u00c1N ABIERTAS<\/strong><\/p>\n<p>[\/et_pb_text][et_pb_button button_url=\u00bbhttps:\/\/www.runtosanremo.it\/en\/granfondo-milano-sanremo\/\u00bb button_text=\u00bbInscribirse en l\u00ednea\u00bb button_alignment=\u00bbcenter\u00bb _builder_version=\u00bb4.19.5&#8243; custom_button=\u00bbon\u00bb button_text_color=\u00bb#FFFFFF\u00bb button_border_color=\u00bb#FFFFFF\u00bb box_shadow_style=\u00bbpreset6&#8243; global_colors_info=\u00bb{}\u00bb button_one_text_size__hover_enabled=\u00bboff\u00bb button_one_text_size__hover=\u00bbnull\u00bb button_two_text_size__hover_enabled=\u00bboff\u00bb button_two_text_size__hover=\u00bbnull\u00bb button_one_text_color__hover_enabled=\u00bboff\u00bb button_one_text_color__hover=\u00bbnull\u00bb button_two_text_color__hover_enabled=\u00bboff\u00bb button_two_text_color__hover=\u00bbnull\u00bb button_one_border_width__hover_enabled=\u00bboff\u00bb button_one_border_width__hover=\u00bbnull\u00bb button_two_border_width__hover_enabled=\u00bboff\u00bb button_two_border_width__hover=\u00bbnull\u00bb button_one_border_color__hover_enabled=\u00bboff\u00bb button_one_border_color__hover=\u00bbnull\u00bb button_two_border_color__hover_enabled=\u00bboff\u00bb button_two_border_color__hover=\u00bbnull\u00bb button_one_border_radius__hover_enabled=\u00bboff\u00bb button_one_border_radius__hover=\u00bbnull\u00bb button_two_border_radius__hover_enabled=\u00bboff\u00bb button_two_border_radius__hover=\u00bbnull\u00bb button_one_letter_spacing__hover_enabled=\u00bboff\u00bb button_one_letter_spacing__hover=\u00bbnull\u00bb button_two_letter_spacing__hover_enabled=\u00bboff\u00bb button_two_letter_spacing__hover=\u00bbnull\u00bb button_one_bg_color__hover_enabled=\u00bboff\u00bb button_one_bg_color__hover=\u00bbnull\u00bb button_two_bg_color__hover_enabled=\u00bboff\u00bb button_two_bg_color__hover=\u00bbnull\u00bb]&nbsp;<br \/>\n[\/et_pb_button][et_pb_countdown_timer date_time=\u00bb2026-06-07 07:00&#8243; _builder_version=\u00bb4.27.4&#8243; header_text_color=\u00bb#FFFFFF\u00bb numbers_text_color=\u00bb#FFFFFF\u00bb separator_text_color=\u00bb#FFFFFF\u00bb label_text_color=\u00bb#FFFFFF\u00bb background_enable_color=\u00bboff\u00bb z_index_tablet=\u00bb500&#8243; header_text_shadow_horizontal_length_tablet=\u00bb0px\u00bb header_text_shadow_vertical_length_tablet=\u00bb0px\u00bb header_text_shadow_blur_strength_tablet=\u00bb1px\u00bb numbers_text_shadow_horizontal_length_tablet=\u00bb0px\u00bb numbers_text_shadow_vertical_length_tablet=\u00bb0px\u00bb numbers_text_shadow_blur_strength_tablet=\u00bb1px\u00bb separator_text_shadow_horizontal_length_tablet=\u00bb0px\u00bb separator_text_shadow_vertical_length_tablet=\u00bb0px\u00bb separator_text_shadow_blur_strength_tablet=\u00bb1px\u00bb label_text_shadow_horizontal_length_tablet=\u00bb0px\u00bb label_text_shadow_vertical_length_tablet=\u00bb0px\u00bb label_text_shadow_blur_strength_tablet=\u00bb1px\u00bb box_shadow_horizontal_tablet=\u00bb0px\u00bb box_shadow_vertical_tablet=\u00bb0px\u00bb box_shadow_blur_tablet=\u00bb40px\u00bb box_shadow_spread_tablet=\u00bb0px\u00bb text_shadow_horizontal_length_tablet=\u00bb0px\u00bb text_shadow_vertical_length_tablet=\u00bb0px\u00bb text_shadow_blur_strength_tablet=\u00bb1px\u00bb locked=\u00bboff\u00bb global_colors_info=\u00bb{}\u00bb][\/et_pb_countdown_timer][\/et_pb_column][\/et_pb_row][\/et_pb_section][et_pb_section fb_built=\u00bb1&#8243; fullwidth=\u00bbon\u00bb _builder_version=\u00bb4.17.1&#8243; _module_preset=\u00bbdefault\u00bb locked=\u00bboff\u00bb global_colors_info=\u00bb{}\u00bb][et_pb_fullwidth_image src=\u00bbhttps:\/\/milano-sanremo.org\/wp-content\/uploads\/2018\/07\/gfondo13-0367-grande.jpg\u00bb title_text=\u00bbgfondo13-0367-grande\u00bb _builder_version=\u00bb4.16&#8243; _module_preset=\u00bbdefault\u00bb locked=\u00bboff\u00bb global_colors_info=\u00bb{}\u00bb][\/et_pb_fullwidth_image][\/et_pb_section][et_pb_section fb_built=\u00bb1&#8243; _builder_version=\u00bb4.17.1&#8243; _module_preset=\u00bbdefault\u00bb global_colors_info=\u00bb{}\u00bb][et_pb_row column_structure=\u00bb1_2,1_2&#8243; _builder_version=\u00bb4.16&#8243; locked=\u00bboff\u00bb global_colors_info=\u00bb{}\u00bb][et_pb_column type=\u00bb1_2&#8243; _builder_version=\u00bb4.16&#8243; custom_padding=\u00bb|||\u00bb global_colors_info=\u00bb{}\u00bb custom_padding__hover=\u00bb|||\u00bb][et_pb_text admin_label=\u00bbTesto\u00bb _builder_version=\u00bb4.19.5&#8243; _module_preset=\u00bbdefault\u00bb global_colors_info=\u00bb{}\u00bb]<\/p>\n<h3 style=\"text-align: left;\">La carrera de MIL\u00c1N &#8211; SAN REMO AMATORI transcurre por la misma ruta que recorren los grandes campeones en la Cl\u00e1sica de Primavera.<\/h3>\n<p style=\"text-align: left;\">Este es el evento ciclista amateur con m\u00e1s kil\u00f3metros del mundo: una distancia de unos 296 km desde las afueras de Mil\u00e1n, pasando por las planicies de la Lombard\u00eda y el Piamonte, ascendiendo despu\u00e9s el Turchino y llegando por fin a la Riviera de Liguria. Desde G\u00e9nova, la ruta bordea la costa del mar de Liguria hasta la l\u00ednea de meta, que s\u00f3lo puede conquistarse tras superar los legendarios ascensos del Cipressa y el Poggio de San Remo.<\/p>\n<p style=\"text-align: left;\">La carrera ciclista deportiva MIL\u00c1N &#8211; SAN REMO comenz\u00f3 en 1970 por iniciativa de la Uni\u00f3n Cicloturista de San Remo, que lleva organiz\u00e1ndola sin pausa desde entonces, creando el que hoy d\u00eda es el mejor evento ciclista de Italia.<\/p>\n<p style=\"text-align: left;\">las \u00faltimas ediciones reunieron atletas procedentes de toda Europa y de pa\u00edses tan lejanos como Nueva Zelanda, Australia, Malasia, Brasil, Estados Unidos y Canad\u00e1.<\/p>\n<h3 style=\"text-align: left;\">En nuestro sitio web encontrar\u00e1 toda la informaci\u00f3n necesaria para inscribirse en la carrera y organizar su viaje, desde el hotel hasta los traslados. Usted conc\u00e9ntrese en entrenar y nosotros nos ocuparemos de todo lo dem\u00e1s&#8230; \u00a1inscr\u00edbase ahora!<\/h3>\n<p>[\/et_pb_text][\/et_pb_column][et_pb_column type=\u00bb1_2&#8243; _builder_version=\u00bb4.16&#8243; custom_padding=\u00bb|||\u00bb global_colors_info=\u00bb{}\u00bb custom_padding__hover=\u00bb|||\u00bb][et_pb_image src=\u00bbhttps:\/\/milano-sanremo.org\/wp-content\/uploads\/2024\/03\/logo-milano-sanremo-Orizzontale-a-colori.png\u00bb title_text=\u00bblogo-milano-sanremo-Orizzontale-a-colori\u00bb align=\u00bbcenter\u00bb _builder_version=\u00bb4.19.5&#8243; _module_preset=\u00bbdefault\u00bb width=\u00bb70%\u00bb custom_margin=\u00bb||0px|||\u00bb global_colors_info=\u00bb{}\u00bb][\/et_pb_image][et_pb_text _builder_version=\u00bb4.27.4&#8243; _module_preset=\u00bbdefault\u00bb global_colors_info=\u00bb{}\u00bb]<\/p>\n<h3 style=\"text-align: center;\"><strong>55\u00aa edici\u00f3n en 2026<\/strong><\/h3>\n<p>[\/et_pb_text][et_pb_button button_url=\u00bbhttps:\/\/risultati.ficr.it\/#\/VAR\/wiclax\/Milano%20Sanremo%20amatoriale\/2025\/54\/12\/24&#8243; url_new_window=\u00bbon\u00bb button_text=\u00bbTIEMPOS Y DIPLOMA\u00bb button_alignment=\u00bbcenter\u00bb admin_label=\u00bbtiming\u00bb _builder_version=\u00bb4.27.4&#8243; custom_button=\u00bbon\u00bb button_text_color=\u00bb#E02B20&#8243; button_border_color=\u00bb#E02B20&#8243; custom_css_main_element=\u00bbborder-color:#f44336;||color:#f44336;\u00bb box_shadow_style=\u00bbpreset3&#8243; box_shadow_blur=\u00bb16px\u00bb box_shadow_spread=\u00bb-12px\u00bb global_colors_info=\u00bb{}\u00bb button_text_size__hover_enabled=\u00bboff\u00bb button_text_size__hover=\u00bbnull\u00bb button_one_text_size__hover_enabled=\u00bboff\u00bb button_one_text_size__hover=\u00bbnull\u00bb button_two_text_size__hover_enabled=\u00bboff\u00bb button_two_text_size__hover=\u00bbnull\u00bb button_text_color__hover_enabled=\u00bboff\u00bb button_text_color__hover=\u00bbnull\u00bb button_one_text_color__hover_enabled=\u00bboff\u00bb button_one_text_color__hover=\u00bbnull\u00bb button_two_text_color__hover_enabled=\u00bboff\u00bb button_two_text_color__hover=\u00bbnull\u00bb button_border_width__hover_enabled=\u00bboff\u00bb button_border_width__hover=\u00bbnull\u00bb button_one_border_width__hover_enabled=\u00bboff\u00bb button_one_border_width__hover=\u00bbnull\u00bb button_two_border_width__hover_enabled=\u00bboff\u00bb button_two_border_width__hover=\u00bbnull\u00bb button_border_color__hover_enabled=\u00bboff\u00bb button_border_color__hover=\u00bbnull\u00bb button_one_border_color__hover_enabled=\u00bboff\u00bb button_one_border_color__hover=\u00bbnull\u00bb button_two_border_color__hover_enabled=\u00bboff\u00bb button_two_border_color__hover=\u00bbnull\u00bb button_border_radius__hover_enabled=\u00bboff\u00bb button_border_radius__hover=\u00bbnull\u00bb button_one_border_radius__hover_enabled=\u00bboff\u00bb button_one_border_radius__hover=\u00bbnull\u00bb button_two_border_radius__hover_enabled=\u00bboff\u00bb button_two_border_radius__hover=\u00bbnull\u00bb button_letter_spacing__hover_enabled=\u00bboff\u00bb button_letter_spacing__hover=\u00bbnull\u00bb button_one_letter_spacing__hover_enabled=\u00bboff\u00bb button_one_letter_spacing__hover=\u00bbnull\u00bb button_two_letter_spacing__hover_enabled=\u00bboff\u00bb button_two_letter_spacing__hover=\u00bbnull\u00bb button_bg_color__hover_enabled=\u00bboff\u00bb button_bg_color__hover=\u00bbnull\u00bb button_one_bg_color__hover_enabled=\u00bboff\u00bb button_one_bg_color__hover=\u00bbnull\u00bb button_two_bg_color__hover_enabled=\u00bboff\u00bb button_two_bg_color__hover=\u00bbnull\u00bb]<\/p>\n<p>\n&nbsp;<\/p>\n<p>[\/et_pb_button][et_pb_button button_url=\u00bbhttps:\/\/www.getpica.com\u00bb url_new_window=\u00bbon\u00bb button_text=\u00bbFOTOS OFICIALES\u00bb button_alignment=\u00bbcenter\u00bb admin_label=\u00bbfoto\u00bb _builder_version=\u00bb4.17.1&#8243; custom_button=\u00bbon\u00bb button_text_color=\u00bb#E02B20&#8243; button_border_color=\u00bb#E02B20&#8243; custom_css_main_element=\u00bbborder-color:#f44336;||color:#f44336;\u00bb box_shadow_style=\u00bbpreset3&#8243; box_shadow_blur=\u00bb16px\u00bb box_shadow_spread=\u00bb-12px\u00bb global_colors_info=\u00bb{}\u00bb button_text_size__hover_enabled=\u00bboff\u00bb button_text_size__hover=\u00bbnull\u00bb button_one_text_size__hover_enabled=\u00bboff\u00bb button_one_text_size__hover=\u00bbnull\u00bb button_two_text_size__hover_enabled=\u00bboff\u00bb button_two_text_size__hover=\u00bbnull\u00bb button_text_color__hover_enabled=\u00bboff\u00bb button_text_color__hover=\u00bbnull\u00bb button_one_text_color__hover_enabled=\u00bboff\u00bb button_one_text_color__hover=\u00bbnull\u00bb button_two_text_color__hover_enabled=\u00bboff\u00bb button_two_text_color__hover=\u00bbnull\u00bb button_border_width__hover_enabled=\u00bboff\u00bb button_border_width__hover=\u00bbnull\u00bb button_one_border_width__hover_enabled=\u00bboff\u00bb button_one_border_width__hover=\u00bbnull\u00bb button_two_border_width__hover_enabled=\u00bboff\u00bb button_two_border_width__hover=\u00bbnull\u00bb button_border_color__hover_enabled=\u00bboff\u00bb button_border_color__hover=\u00bbnull\u00bb button_one_border_color__hover_enabled=\u00bboff\u00bb button_one_border_color__hover=\u00bbnull\u00bb button_two_border_color__hover_enabled=\u00bboff\u00bb button_two_border_color__hover=\u00bbnull\u00bb button_border_radius__hover_enabled=\u00bboff\u00bb button_border_radius__hover=\u00bbnull\u00bb button_one_border_radius__hover_enabled=\u00bboff\u00bb button_one_border_radius__hover=\u00bbnull\u00bb button_two_border_radius__hover_enabled=\u00bboff\u00bb button_two_border_radius__hover=\u00bbnull\u00bb button_letter_spacing__hover_enabled=\u00bboff\u00bb button_letter_spacing__hover=\u00bbnull\u00bb button_one_letter_spacing__hover_enabled=\u00bboff\u00bb button_one_letter_spacing__hover=\u00bbnull\u00bb button_two_letter_spacing__hover_enabled=\u00bboff\u00bb button_two_letter_spacing__hover=\u00bbnull\u00bb button_bg_color__hover_enabled=\u00bboff\u00bb button_bg_color__hover=\u00bbnull\u00bb button_one_bg_color__hover_enabled=\u00bboff\u00bb button_one_bg_color__hover=\u00bbnull\u00bb button_two_bg_color__hover_enabled=\u00bboff\u00bb button_two_bg_color__hover=\u00bbnull\u00bb]<\/p>\n<p>\n&nbsp;<\/p>\n<p>[\/et_pb_button][\/et_pb_column][\/et_pb_row][\/et_pb_section][et_pb_section fb_built=\u00bb1&#8243; _builder_version=\u00bb4.17.1&#8243; _module_preset=\u00bbdefault\u00bb global_colors_info=\u00bb{}\u00bb][et_pb_row admin_label=\u00bbINSTAGRAM FEED\u00bb _builder_version=\u00bb4.17.1&#8243; _module_preset=\u00bbdefault\u00bb locked=\u00bboff\u00bb global_colors_info=\u00bb{}\u00bb][et_pb_column type=\u00bb4_4&#8243; _builder_version=\u00bb4.16&#8243; _module_preset=\u00bbdefault\u00bb global_colors_info=\u00bb{}\u00bb][et_pb_text admin_label=\u00bbTesto\u00bb _builder_version=\u00bb4.16&#8243; _module_preset=\u00bbdefault\u00bb global_colors_info=\u00bb{}\u00bb]<\/p>\n<h3 style=\"text-align: center;\">Seguici su Instagram | Follow us on Instagram<\/h3>\n<p>[\/et_pb_text][et_pb_code _builder_version=\u00bb4.27.4&#8243; _module_preset=\u00bbdefault\u00bb global_colors_info=\u00bb{}\u00bb]\n<div id=\"sb_instagram\"  class=\"sbi sbi_mob_col_1 sbi_tab_col_2 sbi_col_4\" style=\"padding-bottom: 10px; width: 100%;\"\t data-feedid=\"*1\"  data-res=\"auto\" data-cols=\"4\" data-colsmobile=\"1\" data-colstablet=\"2\" data-num=\"8\" data-nummobile=\"\" data-item-padding=\"5\"\t data-shortcode-atts=\"{&quot;feed&quot;:&quot;1&quot;}\"  data-postid=\"8504\" data-locatornonce=\"d6612d0d35\" data-imageaspectratio=\"1:1\" data-sbi-flags=\"favorLocal\">\n\t<div class=\"sb_instagram_header \"   >\n\t<a class=\"sbi_header_link\" target=\"_blank\"\n\t   rel=\"nofollow noopener\" href=\"https:\/\/www.instagram.com\/ucsanremo\/\" title=\"@ucsanremo\">\n\t\t<div class=\"sbi_header_text sbi_no_bio\">\n\t\t\t<div class=\"sbi_header_img\"  data-avatar-url=\"https:\/\/scontent-mxp2-1.cdninstagram.com\/v\/t51.2885-19\/172389319_496901578133089_3876133961311363683_n.jpg?stp=dst-jpg_s206x206_tt6&amp;_nc_cat=105&amp;ccb=7-5&amp;_nc_sid=bf7eb4&amp;efg=eyJ2ZW5jb2RlX3RhZyI6InByb2ZpbGVfcGljLnd3dy4xMDgwLkMzIn0%3D&amp;_nc_ohc=F4n0smQ9SfMQ7kNvwFWbTYH&amp;_nc_oc=AdqVy8fYs6bmYNY8Rr_SoFjOHIdCkCBc4ObcVVeHYXoutLIYgg73rFrTa0AK8qnEEUs&amp;_nc_zt=24&amp;_nc_ht=scontent-mxp2-1.cdninstagram.com&amp;edm=AP4hL3IEAAAA&amp;_nc_tpa=Q5bMBQH6wtoaZBPFO6ITjHYs-s3Jc7weuKnBQAi6e3PGiCouPSPMV6xd0UIctB65Mnq87wuxyOn2BBuK7g&amp;oh=00_Af1ULU1m3RKAUEsOTyClzxnMhcxrv-uF13bKlpKws_EgMA&amp;oe=69F928BF\">\n\t\t\t\t\t\t\t\t\t<div class=\"sbi_header_img_hover\"  ><svg class=\"sbi_new_logo fa-instagram fa-w-14\" aria-hidden=\"true\" data-fa-processed=\"\" aria-label=\"Instagram\" data-prefix=\"fab\" data-icon=\"instagram\" role=\"img\" viewBox=\"0 0 448 512\">\n                    <path fill=\"currentColor\" d=\"M224.1 141c-63.6 0-114.9 51.3-114.9 114.9s51.3 114.9 114.9 114.9S339 319.5 339 255.9 287.7 141 224.1 141zm0 189.6c-41.1 0-74.7-33.5-74.7-74.7s33.5-74.7 74.7-74.7 74.7 33.5 74.7 74.7-33.6 74.7-74.7 74.7zm146.4-194.3c0 14.9-12 26.8-26.8 26.8-14.9 0-26.8-12-26.8-26.8s12-26.8 26.8-26.8 26.8 12 26.8 26.8zm76.1 27.2c-1.7-35.9-9.9-67.7-36.2-93.9-26.2-26.2-58-34.4-93.9-36.2-37-2.1-147.9-2.1-184.9 0-35.8 1.7-67.6 9.9-93.9 36.1s-34.4 58-36.2 93.9c-2.1 37-2.1 147.9 0 184.9 1.7 35.9 9.9 67.7 36.2 93.9s58 34.4 93.9 36.2c37 2.1 147.9 2.1 184.9 0 35.9-1.7 67.7-9.9 93.9-36.2 26.2-26.2 34.4-58 36.2-93.9 2.1-37 2.1-147.8 0-184.8zM398.8 388c-7.8 19.6-22.9 34.7-42.6 42.6-29.5 11.7-99.5 9-132.1 9s-102.7 2.6-132.1-9c-19.6-7.8-34.7-22.9-42.6-42.6-11.7-29.5-9-99.5-9-132.1s-2.6-102.7 9-132.1c7.8-19.6 22.9-34.7 42.6-42.6 29.5-11.7 99.5-9 132.1-9s102.7-2.6 132.1 9c19.6 7.8 34.7 22.9 42.6 42.6 11.7 29.5 9 99.5 9 132.1s2.7 102.7-9 132.1z\"><\/path>\n                <\/svg><\/div>\n\t\t\t\t\t<img loading=\"lazy\" decoding=\"async\"  src=\"https:\/\/milano-sanremo.org\/wp-content\/uploads\/sb-instagram-feed-images\/ucsanremo.webp\" alt=\"\" width=\"50\" height=\"50\">\n\t\t\t\t\n\t\t\t\t\t\t\t<\/div>\n\n\t\t\t<div class=\"sbi_feedtheme_header_text\">\n\t\t\t\t<h3>ucsanremo<\/h3>\n\t\t\t\t\t\t\t<\/div>\n\t\t<\/div>\n\t<\/a>\n<\/div>\n\n\t<div id=\"sbi_images\"  style=\"gap: 10px;\">\n\t\t<div class=\"sbi_item sbi_type_image sbi_new sbi_transition\"\n\tid=\"sbi_18392501077156406\" data-date=\"1777460443\">\n\t<div class=\"sbi_photo_wrap\">\n\t\t<a class=\"sbi_photo\" href=\"https:\/\/www.instagram.com\/p\/DXto-wLiKsx\/\" target=\"_blank\" rel=\"noopener nofollow\"\n\t\t\tdata-full-res=\"https:\/\/scontent-mxp2-1.cdninstagram.com\/v\/t39.30808-6\/681430149_1404916284997262_6068473103594982162_n.jpg?stp=dst-jpg_e35_tt6&#038;_nc_cat=100&#038;ccb=7-5&#038;_nc_sid=18de74&#038;efg=eyJlZmdfdGFnIjoiRkVFRC5iZXN0X2ltYWdlX3VybGdlbi5DMyJ9&#038;_nc_ohc=wFqGBBtn5wkQ7kNvwFQ1-q9&#038;_nc_oc=AdquN3WlUw1klMheKlytX5aU5HW7oBolAs8OBZ5oISJtdCZm1WdaJ72OJSohIibmV8o&#038;_nc_zt=23&#038;_nc_ht=scontent-mxp2-1.cdninstagram.com&#038;edm=ANo9K5cEAAAA&#038;_nc_gid=VwwvfKck0LnWMFkAYRGFFA&#038;_nc_tpa=Q5bMBQGJFA5NJvtzBtcl0kQYQPUc-23p4BofLCVfEYyZa2oNVwuTWeytC_7OTgElaXfNfiokk0ZXEbP_yA&#038;oh=00_Af0sjH3sMwG6yVcr0nK-mVVERf-TQFAXXdIkTFxIr9p_Tg&#038;oe=69F909A4\"\n\t\t\tdata-img-src-set=\"{&quot;d&quot;:&quot;https:\\\/\\\/scontent-mxp2-1.cdninstagram.com\\\/v\\\/t39.30808-6\\\/681430149_1404916284997262_6068473103594982162_n.jpg?stp=dst-jpg_e35_tt6&amp;_nc_cat=100&amp;ccb=7-5&amp;_nc_sid=18de74&amp;efg=eyJlZmdfdGFnIjoiRkVFRC5iZXN0X2ltYWdlX3VybGdlbi5DMyJ9&amp;_nc_ohc=wFqGBBtn5wkQ7kNvwFQ1-q9&amp;_nc_oc=AdquN3WlUw1klMheKlytX5aU5HW7oBolAs8OBZ5oISJtdCZm1WdaJ72OJSohIibmV8o&amp;_nc_zt=23&amp;_nc_ht=scontent-mxp2-1.cdninstagram.com&amp;edm=ANo9K5cEAAAA&amp;_nc_gid=VwwvfKck0LnWMFkAYRGFFA&amp;_nc_tpa=Q5bMBQGJFA5NJvtzBtcl0kQYQPUc-23p4BofLCVfEYyZa2oNVwuTWeytC_7OTgElaXfNfiokk0ZXEbP_yA&amp;oh=00_Af0sjH3sMwG6yVcr0nK-mVVERf-TQFAXXdIkTFxIr9p_Tg&amp;oe=69F909A4&quot;,&quot;150&quot;:&quot;https:\\\/\\\/scontent-mxp2-1.cdninstagram.com\\\/v\\\/t39.30808-6\\\/681430149_1404916284997262_6068473103594982162_n.jpg?stp=dst-jpg_e35_tt6&amp;_nc_cat=100&amp;ccb=7-5&amp;_nc_sid=18de74&amp;efg=eyJlZmdfdGFnIjoiRkVFRC5iZXN0X2ltYWdlX3VybGdlbi5DMyJ9&amp;_nc_ohc=wFqGBBtn5wkQ7kNvwFQ1-q9&amp;_nc_oc=AdquN3WlUw1klMheKlytX5aU5HW7oBolAs8OBZ5oISJtdCZm1WdaJ72OJSohIibmV8o&amp;_nc_zt=23&amp;_nc_ht=scontent-mxp2-1.cdninstagram.com&amp;edm=ANo9K5cEAAAA&amp;_nc_gid=VwwvfKck0LnWMFkAYRGFFA&amp;_nc_tpa=Q5bMBQGJFA5NJvtzBtcl0kQYQPUc-23p4BofLCVfEYyZa2oNVwuTWeytC_7OTgElaXfNfiokk0ZXEbP_yA&amp;oh=00_Af0sjH3sMwG6yVcr0nK-mVVERf-TQFAXXdIkTFxIr9p_Tg&amp;oe=69F909A4&quot;,&quot;320&quot;:&quot;https:\\\/\\\/scontent-mxp2-1.cdninstagram.com\\\/v\\\/t39.30808-6\\\/681430149_1404916284997262_6068473103594982162_n.jpg?stp=dst-jpg_e35_tt6&amp;_nc_cat=100&amp;ccb=7-5&amp;_nc_sid=18de74&amp;efg=eyJlZmdfdGFnIjoiRkVFRC5iZXN0X2ltYWdlX3VybGdlbi5DMyJ9&amp;_nc_ohc=wFqGBBtn5wkQ7kNvwFQ1-q9&amp;_nc_oc=AdquN3WlUw1klMheKlytX5aU5HW7oBolAs8OBZ5oISJtdCZm1WdaJ72OJSohIibmV8o&amp;_nc_zt=23&amp;_nc_ht=scontent-mxp2-1.cdninstagram.com&amp;edm=ANo9K5cEAAAA&amp;_nc_gid=VwwvfKck0LnWMFkAYRGFFA&amp;_nc_tpa=Q5bMBQGJFA5NJvtzBtcl0kQYQPUc-23p4BofLCVfEYyZa2oNVwuTWeytC_7OTgElaXfNfiokk0ZXEbP_yA&amp;oh=00_Af0sjH3sMwG6yVcr0nK-mVVERf-TQFAXXdIkTFxIr9p_Tg&amp;oe=69F909A4&quot;,&quot;640&quot;:&quot;https:\\\/\\\/scontent-mxp2-1.cdninstagram.com\\\/v\\\/t39.30808-6\\\/681430149_1404916284997262_6068473103594982162_n.jpg?stp=dst-jpg_e35_tt6&amp;_nc_cat=100&amp;ccb=7-5&amp;_nc_sid=18de74&amp;efg=eyJlZmdfdGFnIjoiRkVFRC5iZXN0X2ltYWdlX3VybGdlbi5DMyJ9&amp;_nc_ohc=wFqGBBtn5wkQ7kNvwFQ1-q9&amp;_nc_oc=AdquN3WlUw1klMheKlytX5aU5HW7oBolAs8OBZ5oISJtdCZm1WdaJ72OJSohIibmV8o&amp;_nc_zt=23&amp;_nc_ht=scontent-mxp2-1.cdninstagram.com&amp;edm=ANo9K5cEAAAA&amp;_nc_gid=VwwvfKck0LnWMFkAYRGFFA&amp;_nc_tpa=Q5bMBQGJFA5NJvtzBtcl0kQYQPUc-23p4BofLCVfEYyZa2oNVwuTWeytC_7OTgElaXfNfiokk0ZXEbP_yA&amp;oh=00_Af0sjH3sMwG6yVcr0nK-mVVERf-TQFAXXdIkTFxIr9p_Tg&amp;oe=69F909A4&quot;}\">\n\t\t\t<span class=\"sbi-screenreader\">\ud83d\udeb4\u200d\u2642\ufe0f Pronto a metterti alla prova?\n\nLa Milano-Sanr<\/span>\n\t\t\t\t\t\t\t\t\t<img decoding=\"async\" src=\"https:\/\/milano-sanremo.org\/wp-content\/plugins\/instagram-feed\/img\/placeholder.png\" alt=\"\ud83d\udeb4\u200d\u2642\ufe0f Pronto a metterti alla prova?\n\nLa Milano-Sanremo Amatori \u00e8 una sfida da vivere fino in fondo: chilometro dopo chilometro, verso un traguardo che vale ogni sforzo.\n\n\ud83d\udc49 Iscriviti ora su www.milano-sanremo.org e inizia il tuo viaggio!\n\n#MilanoSanremoAmatori #MilanoSanremo2026 #CallToAction #Ciclismo #RideYourDream\" aria-hidden=\"true\">\n\t\t<\/a>\n\t<\/div>\n<\/div><div class=\"sbi_item sbi_type_video sbi_new sbi_transition\"\n\tid=\"sbi_18090009856984440\" data-date=\"1776855664\">\n\t<div class=\"sbi_photo_wrap\">\n\t\t<a class=\"sbi_photo\" href=\"https:\/\/www.instagram.com\/reel\/DXbnbZ0DLDs\/\" target=\"_blank\" rel=\"noopener nofollow\"\n\t\t\tdata-full-res=\"https:\/\/scontent-mxp2-1.cdninstagram.com\/v\/t51.82787-15\/672344684_18363493291231460_1365940011411898907_n.jpg?stp=dst-jpg_e35_tt6&#038;_nc_cat=100&#038;ccb=7-5&#038;_nc_sid=18de74&#038;efg=eyJlZmdfdGFnIjoiQ0xJUFMuYmVzdF9pbWFnZV91cmxnZW4uQzMifQ%3D%3D&#038;_nc_ohc=xQEgG5X3Fn0Q7kNvwH7t-hy&#038;_nc_oc=AdorvgKClT9Ux7j_Hxjr1KaZ0HVKAw2RHVh4mE3tn8uFwy39XU2KrtauynkmBvTxbZw&#038;_nc_zt=23&#038;_nc_ht=scontent-mxp2-1.cdninstagram.com&#038;edm=ANo9K5cEAAAA&#038;_nc_gid=VwwvfKck0LnWMFkAYRGFFA&#038;_nc_tpa=Q5bMBQHxLurRTMfvKFwisCFaByqzZ09F6kHan9cDTZCtDKPzgSlfVhSVUv1_CjJR489NhCWOMZ8YFdA7Qg&#038;oh=00_Af3nWU6ZrAu3jSAeCaDDw_upGRPohwoZcUlgKO1Kt2Iieg&#038;oe=69F9122B\"\n\t\t\tdata-img-src-set=\"{&quot;d&quot;:&quot;https:\\\/\\\/scontent-mxp2-1.cdninstagram.com\\\/v\\\/t51.82787-15\\\/672344684_18363493291231460_1365940011411898907_n.jpg?stp=dst-jpg_e35_tt6&amp;_nc_cat=100&amp;ccb=7-5&amp;_nc_sid=18de74&amp;efg=eyJlZmdfdGFnIjoiQ0xJUFMuYmVzdF9pbWFnZV91cmxnZW4uQzMifQ%3D%3D&amp;_nc_ohc=xQEgG5X3Fn0Q7kNvwH7t-hy&amp;_nc_oc=AdorvgKClT9Ux7j_Hxjr1KaZ0HVKAw2RHVh4mE3tn8uFwy39XU2KrtauynkmBvTxbZw&amp;_nc_zt=23&amp;_nc_ht=scontent-mxp2-1.cdninstagram.com&amp;edm=ANo9K5cEAAAA&amp;_nc_gid=VwwvfKck0LnWMFkAYRGFFA&amp;_nc_tpa=Q5bMBQHxLurRTMfvKFwisCFaByqzZ09F6kHan9cDTZCtDKPzgSlfVhSVUv1_CjJR489NhCWOMZ8YFdA7Qg&amp;oh=00_Af3nWU6ZrAu3jSAeCaDDw_upGRPohwoZcUlgKO1Kt2Iieg&amp;oe=69F9122B&quot;,&quot;150&quot;:&quot;https:\\\/\\\/scontent-mxp2-1.cdninstagram.com\\\/v\\\/t51.82787-15\\\/672344684_18363493291231460_1365940011411898907_n.jpg?stp=dst-jpg_e35_tt6&amp;_nc_cat=100&amp;ccb=7-5&amp;_nc_sid=18de74&amp;efg=eyJlZmdfdGFnIjoiQ0xJUFMuYmVzdF9pbWFnZV91cmxnZW4uQzMifQ%3D%3D&amp;_nc_ohc=xQEgG5X3Fn0Q7kNvwH7t-hy&amp;_nc_oc=AdorvgKClT9Ux7j_Hxjr1KaZ0HVKAw2RHVh4mE3tn8uFwy39XU2KrtauynkmBvTxbZw&amp;_nc_zt=23&amp;_nc_ht=scontent-mxp2-1.cdninstagram.com&amp;edm=ANo9K5cEAAAA&amp;_nc_gid=VwwvfKck0LnWMFkAYRGFFA&amp;_nc_tpa=Q5bMBQHxLurRTMfvKFwisCFaByqzZ09F6kHan9cDTZCtDKPzgSlfVhSVUv1_CjJR489NhCWOMZ8YFdA7Qg&amp;oh=00_Af3nWU6ZrAu3jSAeCaDDw_upGRPohwoZcUlgKO1Kt2Iieg&amp;oe=69F9122B&quot;,&quot;320&quot;:&quot;https:\\\/\\\/scontent-mxp2-1.cdninstagram.com\\\/v\\\/t51.82787-15\\\/672344684_18363493291231460_1365940011411898907_n.jpg?stp=dst-jpg_e35_tt6&amp;_nc_cat=100&amp;ccb=7-5&amp;_nc_sid=18de74&amp;efg=eyJlZmdfdGFnIjoiQ0xJUFMuYmVzdF9pbWFnZV91cmxnZW4uQzMifQ%3D%3D&amp;_nc_ohc=xQEgG5X3Fn0Q7kNvwH7t-hy&amp;_nc_oc=AdorvgKClT9Ux7j_Hxjr1KaZ0HVKAw2RHVh4mE3tn8uFwy39XU2KrtauynkmBvTxbZw&amp;_nc_zt=23&amp;_nc_ht=scontent-mxp2-1.cdninstagram.com&amp;edm=ANo9K5cEAAAA&amp;_nc_gid=VwwvfKck0LnWMFkAYRGFFA&amp;_nc_tpa=Q5bMBQHxLurRTMfvKFwisCFaByqzZ09F6kHan9cDTZCtDKPzgSlfVhSVUv1_CjJR489NhCWOMZ8YFdA7Qg&amp;oh=00_Af3nWU6ZrAu3jSAeCaDDw_upGRPohwoZcUlgKO1Kt2Iieg&amp;oe=69F9122B&quot;,&quot;640&quot;:&quot;https:\\\/\\\/scontent-mxp2-1.cdninstagram.com\\\/v\\\/t51.82787-15\\\/672344684_18363493291231460_1365940011411898907_n.jpg?stp=dst-jpg_e35_tt6&amp;_nc_cat=100&amp;ccb=7-5&amp;_nc_sid=18de74&amp;efg=eyJlZmdfdGFnIjoiQ0xJUFMuYmVzdF9pbWFnZV91cmxnZW4uQzMifQ%3D%3D&amp;_nc_ohc=xQEgG5X3Fn0Q7kNvwH7t-hy&amp;_nc_oc=AdorvgKClT9Ux7j_Hxjr1KaZ0HVKAw2RHVh4mE3tn8uFwy39XU2KrtauynkmBvTxbZw&amp;_nc_zt=23&amp;_nc_ht=scontent-mxp2-1.cdninstagram.com&amp;edm=ANo9K5cEAAAA&amp;_nc_gid=VwwvfKck0LnWMFkAYRGFFA&amp;_nc_tpa=Q5bMBQHxLurRTMfvKFwisCFaByqzZ09F6kHan9cDTZCtDKPzgSlfVhSVUv1_CjJR489NhCWOMZ8YFdA7Qg&amp;oh=00_Af3nWU6ZrAu3jSAeCaDDw_upGRPohwoZcUlgKO1Kt2Iieg&amp;oe=69F9122B&quot;}\">\n\t\t\t<span class=\"sbi-screenreader\">\ud83d\udeb4\u200d\u2642\ufe0f Ogni pedalata ha una storia. La tua quando in<\/span>\n\t\t\t\t\t\t<svg style=\"color: rgba(255,255,255,1)\" class=\"svg-inline--fa fa-play fa-w-14 sbi_playbtn\" aria-label=\"Play\" aria-hidden=\"true\" data-fa-processed=\"\" data-prefix=\"fa\" data-icon=\"play\" role=\"presentation\" xmlns=\"http:\/\/www.w3.org\/2000\/svg\" viewBox=\"0 0 448 512\"><path fill=\"currentColor\" d=\"M424.4 214.7L72.4 6.6C43.8-10.3 0 6.1 0 47.9V464c0 37.5 40.7 60.1 72.4 41.3l352-208c31.4-18.5 31.5-64.1 0-82.6z\"><\/path><\/svg>\t\t\t<img decoding=\"async\" src=\"https:\/\/milano-sanremo.org\/wp-content\/plugins\/instagram-feed\/img\/placeholder.png\" alt=\"\ud83d\udeb4\u200d\u2642\ufe0f Ogni pedalata ha una storia. La tua quando inizia?\n\nC\u2019\u00e8 chi sogna, chi aspetta\u2026 e chi decide di partire. La Milano-Sanremo Amatori \u00e8 l\u00ec, pronta a metterti alla prova, passo dopo passo, fino al mare.\n\n\ud83d\udc49 Iscriviti su www.milano-sanremo.org\n e inizia a scrivere la tua avventura.\n\n#MilanoSanremoAmatori #MilanoSanremo2026 #Ciclismo #RideYourDream #IniziaOra\" aria-hidden=\"true\">\n\t\t<\/a>\n\t<\/div>\n<\/div><div class=\"sbi_item sbi_type_image sbi_new sbi_transition\"\n\tid=\"sbi_18066628187456103\" data-date=\"1776250832\">\n\t<div class=\"sbi_photo_wrap\">\n\t\t<a class=\"sbi_photo\" href=\"https:\/\/www.instagram.com\/p\/DXJl1bUDY9a\/\" target=\"_blank\" rel=\"noopener nofollow\"\n\t\t\tdata-full-res=\"https:\/\/scontent-mxp1-1.cdninstagram.com\/v\/t39.30808-6\/667846639_1387684953387062_6999115842316397771_n.jpg?stp=dst-jpg_e35_tt6&#038;_nc_cat=102&#038;ccb=7-5&#038;_nc_sid=18de74&#038;efg=eyJlZmdfdGFnIjoiRkVFRC5iZXN0X2ltYWdlX3VybGdlbi5DMyJ9&#038;_nc_ohc=a2YDFqdghvEQ7kNvwE8XFBx&#038;_nc_oc=AdpqkAm17J__Bvt22aI20Mi58fb041X2NTKsEG8L08Z_iLn4XEPUUwyFhGsHRiU0UaM&#038;_nc_zt=23&#038;_nc_ht=scontent-mxp1-1.cdninstagram.com&#038;edm=ANo9K5cEAAAA&#038;_nc_gid=VwwvfKck0LnWMFkAYRGFFA&#038;_nc_tpa=Q5bMBQFfFAZpJTQDJ6nVyDlaV1lG5RZapfcFBUE69jQxHJ2CEWhbuir9C52Er1LFxW0q0Ail6k9fUWIGhQ&#038;oh=00_Af1pDWhLKYnng98-fMrqPK37Q6Zm9RTWDpSBSQJT91wEUw&#038;oe=69F92708\"\n\t\t\tdata-img-src-set=\"{&quot;d&quot;:&quot;https:\\\/\\\/scontent-mxp1-1.cdninstagram.com\\\/v\\\/t39.30808-6\\\/667846639_1387684953387062_6999115842316397771_n.jpg?stp=dst-jpg_e35_tt6&amp;_nc_cat=102&amp;ccb=7-5&amp;_nc_sid=18de74&amp;efg=eyJlZmdfdGFnIjoiRkVFRC5iZXN0X2ltYWdlX3VybGdlbi5DMyJ9&amp;_nc_ohc=a2YDFqdghvEQ7kNvwE8XFBx&amp;_nc_oc=AdpqkAm17J__Bvt22aI20Mi58fb041X2NTKsEG8L08Z_iLn4XEPUUwyFhGsHRiU0UaM&amp;_nc_zt=23&amp;_nc_ht=scontent-mxp1-1.cdninstagram.com&amp;edm=ANo9K5cEAAAA&amp;_nc_gid=VwwvfKck0LnWMFkAYRGFFA&amp;_nc_tpa=Q5bMBQFfFAZpJTQDJ6nVyDlaV1lG5RZapfcFBUE69jQxHJ2CEWhbuir9C52Er1LFxW0q0Ail6k9fUWIGhQ&amp;oh=00_Af1pDWhLKYnng98-fMrqPK37Q6Zm9RTWDpSBSQJT91wEUw&amp;oe=69F92708&quot;,&quot;150&quot;:&quot;https:\\\/\\\/scontent-mxp1-1.cdninstagram.com\\\/v\\\/t39.30808-6\\\/667846639_1387684953387062_6999115842316397771_n.jpg?stp=dst-jpg_e35_tt6&amp;_nc_cat=102&amp;ccb=7-5&amp;_nc_sid=18de74&amp;efg=eyJlZmdfdGFnIjoiRkVFRC5iZXN0X2ltYWdlX3VybGdlbi5DMyJ9&amp;_nc_ohc=a2YDFqdghvEQ7kNvwE8XFBx&amp;_nc_oc=AdpqkAm17J__Bvt22aI20Mi58fb041X2NTKsEG8L08Z_iLn4XEPUUwyFhGsHRiU0UaM&amp;_nc_zt=23&amp;_nc_ht=scontent-mxp1-1.cdninstagram.com&amp;edm=ANo9K5cEAAAA&amp;_nc_gid=VwwvfKck0LnWMFkAYRGFFA&amp;_nc_tpa=Q5bMBQFfFAZpJTQDJ6nVyDlaV1lG5RZapfcFBUE69jQxHJ2CEWhbuir9C52Er1LFxW0q0Ail6k9fUWIGhQ&amp;oh=00_Af1pDWhLKYnng98-fMrqPK37Q6Zm9RTWDpSBSQJT91wEUw&amp;oe=69F92708&quot;,&quot;320&quot;:&quot;https:\\\/\\\/scontent-mxp1-1.cdninstagram.com\\\/v\\\/t39.30808-6\\\/667846639_1387684953387062_6999115842316397771_n.jpg?stp=dst-jpg_e35_tt6&amp;_nc_cat=102&amp;ccb=7-5&amp;_nc_sid=18de74&amp;efg=eyJlZmdfdGFnIjoiRkVFRC5iZXN0X2ltYWdlX3VybGdlbi5DMyJ9&amp;_nc_ohc=a2YDFqdghvEQ7kNvwE8XFBx&amp;_nc_oc=AdpqkAm17J__Bvt22aI20Mi58fb041X2NTKsEG8L08Z_iLn4XEPUUwyFhGsHRiU0UaM&amp;_nc_zt=23&amp;_nc_ht=scontent-mxp1-1.cdninstagram.com&amp;edm=ANo9K5cEAAAA&amp;_nc_gid=VwwvfKck0LnWMFkAYRGFFA&amp;_nc_tpa=Q5bMBQFfFAZpJTQDJ6nVyDlaV1lG5RZapfcFBUE69jQxHJ2CEWhbuir9C52Er1LFxW0q0Ail6k9fUWIGhQ&amp;oh=00_Af1pDWhLKYnng98-fMrqPK37Q6Zm9RTWDpSBSQJT91wEUw&amp;oe=69F92708&quot;,&quot;640&quot;:&quot;https:\\\/\\\/scontent-mxp1-1.cdninstagram.com\\\/v\\\/t39.30808-6\\\/667846639_1387684953387062_6999115842316397771_n.jpg?stp=dst-jpg_e35_tt6&amp;_nc_cat=102&amp;ccb=7-5&amp;_nc_sid=18de74&amp;efg=eyJlZmdfdGFnIjoiRkVFRC5iZXN0X2ltYWdlX3VybGdlbi5DMyJ9&amp;_nc_ohc=a2YDFqdghvEQ7kNvwE8XFBx&amp;_nc_oc=AdpqkAm17J__Bvt22aI20Mi58fb041X2NTKsEG8L08Z_iLn4XEPUUwyFhGsHRiU0UaM&amp;_nc_zt=23&amp;_nc_ht=scontent-mxp1-1.cdninstagram.com&amp;edm=ANo9K5cEAAAA&amp;_nc_gid=VwwvfKck0LnWMFkAYRGFFA&amp;_nc_tpa=Q5bMBQFfFAZpJTQDJ6nVyDlaV1lG5RZapfcFBUE69jQxHJ2CEWhbuir9C52Er1LFxW0q0Ail6k9fUWIGhQ&amp;oh=00_Af1pDWhLKYnng98-fMrqPK37Q6Zm9RTWDpSBSQJT91wEUw&amp;oe=69F92708&quot;}\">\n\t\t\t<span class=\"sbi-screenreader\">\u23f3 Ultimi giorni per il prezzo agevolato! \ud83d\udeb4\u200d\u2642\ufe0f\n\nHai<\/span>\n\t\t\t\t\t\t\t\t\t<img decoding=\"async\" src=\"https:\/\/milano-sanremo.org\/wp-content\/plugins\/instagram-feed\/img\/placeholder.png\" alt=\"\u23f3 Ultimi giorni per il prezzo agevolato! \ud83d\udeb4\u200d\u2642\ufe0f\n\nHai tempo solo fino al 20 aprile per iscriverti alla Milano-Sanremo Amatori 2026 con tariffa speciale e maglia ufficiale inclusa nel pacco gara.\n\n\ud83d\udc49 Non perdere questa occasione, assicurati subito il tuo posto su www.milano-sanremo.org\n!\n\n#MilanoSanremoAmatori #MilanoSanremo2026 #UltimiGiorni #PrezzoAgevolato #MagliaUfficiale #Ciclismo #RideYourDream\" aria-hidden=\"true\">\n\t\t<\/a>\n\t<\/div>\n<\/div><div class=\"sbi_item sbi_type_image sbi_new sbi_transition\"\n\tid=\"sbi_18587479399020835\" data-date=\"1775646084\">\n\t<div class=\"sbi_photo_wrap\">\n\t\t<a class=\"sbi_photo\" href=\"https:\/\/www.instagram.com\/p\/DW3kXiuiKlA\/\" target=\"_blank\" rel=\"noopener nofollow\"\n\t\t\tdata-full-res=\"https:\/\/scontent-mxp1-1.cdninstagram.com\/v\/t39.30808-6\/663248062_1387684210053803_1495365801583722629_n.jpg?stp=dst-jpg_e35_tt6&#038;_nc_cat=103&#038;ccb=7-5&#038;_nc_sid=18de74&#038;efg=eyJlZmdfdGFnIjoiRkVFRC5iZXN0X2ltYWdlX3VybGdlbi5DMyJ9&#038;_nc_ohc=V20XWAgn1fcQ7kNvwEH7rzh&#038;_nc_oc=Adp6v4zElpTXmcQs3oZEakxv4ZFmnuxZKAXPgGnvk4LqNTcyKT0q3dnnZ4hNC3e7su4&#038;_nc_zt=23&#038;_nc_ht=scontent-mxp1-1.cdninstagram.com&#038;edm=ANo9K5cEAAAA&#038;_nc_gid=VwwvfKck0LnWMFkAYRGFFA&#038;_nc_tpa=Q5bMBQGqaU8dkpX3K9Gc32-PaTSg2ayAmaoCVK0j_jru4fWCY5sNlwq8jTUbEEpWVIoz2Wo8TBbiggmZfQ&#038;oh=00_Af1G079agL3QhQKXaL3sJzWG_ed4VV2bKrWnCwMX_ljaWg&#038;oe=69F93573\"\n\t\t\tdata-img-src-set=\"{&quot;d&quot;:&quot;https:\\\/\\\/scontent-mxp1-1.cdninstagram.com\\\/v\\\/t39.30808-6\\\/663248062_1387684210053803_1495365801583722629_n.jpg?stp=dst-jpg_e35_tt6&amp;_nc_cat=103&amp;ccb=7-5&amp;_nc_sid=18de74&amp;efg=eyJlZmdfdGFnIjoiRkVFRC5iZXN0X2ltYWdlX3VybGdlbi5DMyJ9&amp;_nc_ohc=V20XWAgn1fcQ7kNvwEH7rzh&amp;_nc_oc=Adp6v4zElpTXmcQs3oZEakxv4ZFmnuxZKAXPgGnvk4LqNTcyKT0q3dnnZ4hNC3e7su4&amp;_nc_zt=23&amp;_nc_ht=scontent-mxp1-1.cdninstagram.com&amp;edm=ANo9K5cEAAAA&amp;_nc_gid=VwwvfKck0LnWMFkAYRGFFA&amp;_nc_tpa=Q5bMBQGqaU8dkpX3K9Gc32-PaTSg2ayAmaoCVK0j_jru4fWCY5sNlwq8jTUbEEpWVIoz2Wo8TBbiggmZfQ&amp;oh=00_Af1G079agL3QhQKXaL3sJzWG_ed4VV2bKrWnCwMX_ljaWg&amp;oe=69F93573&quot;,&quot;150&quot;:&quot;https:\\\/\\\/scontent-mxp1-1.cdninstagram.com\\\/v\\\/t39.30808-6\\\/663248062_1387684210053803_1495365801583722629_n.jpg?stp=dst-jpg_e35_tt6&amp;_nc_cat=103&amp;ccb=7-5&amp;_nc_sid=18de74&amp;efg=eyJlZmdfdGFnIjoiRkVFRC5iZXN0X2ltYWdlX3VybGdlbi5DMyJ9&amp;_nc_ohc=V20XWAgn1fcQ7kNvwEH7rzh&amp;_nc_oc=Adp6v4zElpTXmcQs3oZEakxv4ZFmnuxZKAXPgGnvk4LqNTcyKT0q3dnnZ4hNC3e7su4&amp;_nc_zt=23&amp;_nc_ht=scontent-mxp1-1.cdninstagram.com&amp;edm=ANo9K5cEAAAA&amp;_nc_gid=VwwvfKck0LnWMFkAYRGFFA&amp;_nc_tpa=Q5bMBQGqaU8dkpX3K9Gc32-PaTSg2ayAmaoCVK0j_jru4fWCY5sNlwq8jTUbEEpWVIoz2Wo8TBbiggmZfQ&amp;oh=00_Af1G079agL3QhQKXaL3sJzWG_ed4VV2bKrWnCwMX_ljaWg&amp;oe=69F93573&quot;,&quot;320&quot;:&quot;https:\\\/\\\/scontent-mxp1-1.cdninstagram.com\\\/v\\\/t39.30808-6\\\/663248062_1387684210053803_1495365801583722629_n.jpg?stp=dst-jpg_e35_tt6&amp;_nc_cat=103&amp;ccb=7-5&amp;_nc_sid=18de74&amp;efg=eyJlZmdfdGFnIjoiRkVFRC5iZXN0X2ltYWdlX3VybGdlbi5DMyJ9&amp;_nc_ohc=V20XWAgn1fcQ7kNvwEH7rzh&amp;_nc_oc=Adp6v4zElpTXmcQs3oZEakxv4ZFmnuxZKAXPgGnvk4LqNTcyKT0q3dnnZ4hNC3e7su4&amp;_nc_zt=23&amp;_nc_ht=scontent-mxp1-1.cdninstagram.com&amp;edm=ANo9K5cEAAAA&amp;_nc_gid=VwwvfKck0LnWMFkAYRGFFA&amp;_nc_tpa=Q5bMBQGqaU8dkpX3K9Gc32-PaTSg2ayAmaoCVK0j_jru4fWCY5sNlwq8jTUbEEpWVIoz2Wo8TBbiggmZfQ&amp;oh=00_Af1G079agL3QhQKXaL3sJzWG_ed4VV2bKrWnCwMX_ljaWg&amp;oe=69F93573&quot;,&quot;640&quot;:&quot;https:\\\/\\\/scontent-mxp1-1.cdninstagram.com\\\/v\\\/t39.30808-6\\\/663248062_1387684210053803_1495365801583722629_n.jpg?stp=dst-jpg_e35_tt6&amp;_nc_cat=103&amp;ccb=7-5&amp;_nc_sid=18de74&amp;efg=eyJlZmdfdGFnIjoiRkVFRC5iZXN0X2ltYWdlX3VybGdlbi5DMyJ9&amp;_nc_ohc=V20XWAgn1fcQ7kNvwEH7rzh&amp;_nc_oc=Adp6v4zElpTXmcQs3oZEakxv4ZFmnuxZKAXPgGnvk4LqNTcyKT0q3dnnZ4hNC3e7su4&amp;_nc_zt=23&amp;_nc_ht=scontent-mxp1-1.cdninstagram.com&amp;edm=ANo9K5cEAAAA&amp;_nc_gid=VwwvfKck0LnWMFkAYRGFFA&amp;_nc_tpa=Q5bMBQGqaU8dkpX3K9Gc32-PaTSg2ayAmaoCVK0j_jru4fWCY5sNlwq8jTUbEEpWVIoz2Wo8TBbiggmZfQ&amp;oh=00_Af1G079agL3QhQKXaL3sJzWG_ed4VV2bKrWnCwMX_ljaWg&amp;oe=69F93573&quot;}\">\n\t\t\t<span class=\"sbi-screenreader\">\ud83d\udeb4\u200d\u2642\ufe0f Hai gi\u00e0 deciso di esserci?\n\nLa Milano-Sanremo<\/span>\n\t\t\t\t\t\t\t\t\t<img decoding=\"async\" src=\"https:\/\/milano-sanremo.org\/wp-content\/plugins\/instagram-feed\/img\/placeholder.png\" alt=\"\ud83d\udeb4\u200d\u2642\ufe0f Hai gi\u00e0 deciso di esserci?\n\nLa Milano-Sanremo Amatori \u00e8 molto pi\u00f9 di una corsa: \u00e8 una sfida personale, un viaggio e un traguardo da conquistare.\n\n\ud83d\udc49 Prenota il tuo posto su www.milano-sanremo.org\n e preparati a vivere questa esperienza fino a Sanremo!\n\n#MilanoSanremoAmatori #MilanoSanremo2026 #Partecipa #Ciclismo #RideYourDream\" aria-hidden=\"true\">\n\t\t<\/a>\n\t<\/div>\n<\/div><div class=\"sbi_item sbi_type_video sbi_new sbi_transition\"\n\tid=\"sbi_18111999589705494\" data-date=\"1775041320\">\n\t<div class=\"sbi_photo_wrap\">\n\t\t<a class=\"sbi_photo\" href=\"https:\/\/www.instagram.com\/reel\/DWli1K4AZpJ\/\" target=\"_blank\" rel=\"noopener nofollow\"\n\t\t\tdata-full-res=\"https:\/\/scontent-mxp1-1.cdninstagram.com\/v\/t51.82787-15\/658367117_18359238358231460_1195902731948448735_n.jpg?stp=dst-jpg_e35_tt6&#038;_nc_cat=102&#038;ccb=7-5&#038;_nc_sid=18de74&#038;efg=eyJlZmdfdGFnIjoiQ0xJUFMuYmVzdF9pbWFnZV91cmxnZW4uQzMifQ%3D%3D&#038;_nc_ohc=VjOVaY29kS0Q7kNvwEhMhfW&#038;_nc_oc=AdozDvLp99DSyCO6yMadOSd-hmlPPyI_tMkJowDjTW1y_EIrTlKbt4_3jcu5QY1eYPI&#038;_nc_zt=23&#038;_nc_ht=scontent-mxp1-1.cdninstagram.com&#038;edm=ANo9K5cEAAAA&#038;_nc_gid=VwwvfKck0LnWMFkAYRGFFA&#038;_nc_tpa=Q5bMBQGpjxUEbVnUdH2B-C4AFE57_nGHilJzTqOD2uLSbkpvvOWNzqD6wzvvwoYM7DgsZ-D6zu56M6Rl6Q&#038;oh=00_Af0JOGpBrSFpgJoxle_3GOOb17Y_hfmUPWoE1lrrRRZZvA&#038;oe=69F91AF2\"\n\t\t\tdata-img-src-set=\"{&quot;d&quot;:&quot;https:\\\/\\\/scontent-mxp1-1.cdninstagram.com\\\/v\\\/t51.82787-15\\\/658367117_18359238358231460_1195902731948448735_n.jpg?stp=dst-jpg_e35_tt6&amp;_nc_cat=102&amp;ccb=7-5&amp;_nc_sid=18de74&amp;efg=eyJlZmdfdGFnIjoiQ0xJUFMuYmVzdF9pbWFnZV91cmxnZW4uQzMifQ%3D%3D&amp;_nc_ohc=VjOVaY29kS0Q7kNvwEhMhfW&amp;_nc_oc=AdozDvLp99DSyCO6yMadOSd-hmlPPyI_tMkJowDjTW1y_EIrTlKbt4_3jcu5QY1eYPI&amp;_nc_zt=23&amp;_nc_ht=scontent-mxp1-1.cdninstagram.com&amp;edm=ANo9K5cEAAAA&amp;_nc_gid=VwwvfKck0LnWMFkAYRGFFA&amp;_nc_tpa=Q5bMBQGpjxUEbVnUdH2B-C4AFE57_nGHilJzTqOD2uLSbkpvvOWNzqD6wzvvwoYM7DgsZ-D6zu56M6Rl6Q&amp;oh=00_Af0JOGpBrSFpgJoxle_3GOOb17Y_hfmUPWoE1lrrRRZZvA&amp;oe=69F91AF2&quot;,&quot;150&quot;:&quot;https:\\\/\\\/scontent-mxp1-1.cdninstagram.com\\\/v\\\/t51.82787-15\\\/658367117_18359238358231460_1195902731948448735_n.jpg?stp=dst-jpg_e35_tt6&amp;_nc_cat=102&amp;ccb=7-5&amp;_nc_sid=18de74&amp;efg=eyJlZmdfdGFnIjoiQ0xJUFMuYmVzdF9pbWFnZV91cmxnZW4uQzMifQ%3D%3D&amp;_nc_ohc=VjOVaY29kS0Q7kNvwEhMhfW&amp;_nc_oc=AdozDvLp99DSyCO6yMadOSd-hmlPPyI_tMkJowDjTW1y_EIrTlKbt4_3jcu5QY1eYPI&amp;_nc_zt=23&amp;_nc_ht=scontent-mxp1-1.cdninstagram.com&amp;edm=ANo9K5cEAAAA&amp;_nc_gid=VwwvfKck0LnWMFkAYRGFFA&amp;_nc_tpa=Q5bMBQGpjxUEbVnUdH2B-C4AFE57_nGHilJzTqOD2uLSbkpvvOWNzqD6wzvvwoYM7DgsZ-D6zu56M6Rl6Q&amp;oh=00_Af0JOGpBrSFpgJoxle_3GOOb17Y_hfmUPWoE1lrrRRZZvA&amp;oe=69F91AF2&quot;,&quot;320&quot;:&quot;https:\\\/\\\/scontent-mxp1-1.cdninstagram.com\\\/v\\\/t51.82787-15\\\/658367117_18359238358231460_1195902731948448735_n.jpg?stp=dst-jpg_e35_tt6&amp;_nc_cat=102&amp;ccb=7-5&amp;_nc_sid=18de74&amp;efg=eyJlZmdfdGFnIjoiQ0xJUFMuYmVzdF9pbWFnZV91cmxnZW4uQzMifQ%3D%3D&amp;_nc_ohc=VjOVaY29kS0Q7kNvwEhMhfW&amp;_nc_oc=AdozDvLp99DSyCO6yMadOSd-hmlPPyI_tMkJowDjTW1y_EIrTlKbt4_3jcu5QY1eYPI&amp;_nc_zt=23&amp;_nc_ht=scontent-mxp1-1.cdninstagram.com&amp;edm=ANo9K5cEAAAA&amp;_nc_gid=VwwvfKck0LnWMFkAYRGFFA&amp;_nc_tpa=Q5bMBQGpjxUEbVnUdH2B-C4AFE57_nGHilJzTqOD2uLSbkpvvOWNzqD6wzvvwoYM7DgsZ-D6zu56M6Rl6Q&amp;oh=00_Af0JOGpBrSFpgJoxle_3GOOb17Y_hfmUPWoE1lrrRRZZvA&amp;oe=69F91AF2&quot;,&quot;640&quot;:&quot;https:\\\/\\\/scontent-mxp1-1.cdninstagram.com\\\/v\\\/t51.82787-15\\\/658367117_18359238358231460_1195902731948448735_n.jpg?stp=dst-jpg_e35_tt6&amp;_nc_cat=102&amp;ccb=7-5&amp;_nc_sid=18de74&amp;efg=eyJlZmdfdGFnIjoiQ0xJUFMuYmVzdF9pbWFnZV91cmxnZW4uQzMifQ%3D%3D&amp;_nc_ohc=VjOVaY29kS0Q7kNvwEhMhfW&amp;_nc_oc=AdozDvLp99DSyCO6yMadOSd-hmlPPyI_tMkJowDjTW1y_EIrTlKbt4_3jcu5QY1eYPI&amp;_nc_zt=23&amp;_nc_ht=scontent-mxp1-1.cdninstagram.com&amp;edm=ANo9K5cEAAAA&amp;_nc_gid=VwwvfKck0LnWMFkAYRGFFA&amp;_nc_tpa=Q5bMBQGpjxUEbVnUdH2B-C4AFE57_nGHilJzTqOD2uLSbkpvvOWNzqD6wzvvwoYM7DgsZ-D6zu56M6Rl6Q&amp;oh=00_Af0JOGpBrSFpgJoxle_3GOOb17Y_hfmUPWoE1lrrRRZZvA&amp;oe=69F91AF2&quot;}\">\n\t\t\t<span class=\"sbi-screenreader\">\ud83d\udeb4\u200d\u2642\ufe0f La Classicissima \u00e8 alle spalle\u2026 ora tocca a t<\/span>\n\t\t\t\t\t\t<svg style=\"color: rgba(255,255,255,1)\" class=\"svg-inline--fa fa-play fa-w-14 sbi_playbtn\" aria-label=\"Play\" aria-hidden=\"true\" data-fa-processed=\"\" data-prefix=\"fa\" data-icon=\"play\" role=\"presentation\" xmlns=\"http:\/\/www.w3.org\/2000\/svg\" viewBox=\"0 0 448 512\"><path fill=\"currentColor\" d=\"M424.4 214.7L72.4 6.6C43.8-10.3 0 6.1 0 47.9V464c0 37.5 40.7 60.1 72.4 41.3l352-208c31.4-18.5 31.5-64.1 0-82.6z\"><\/path><\/svg>\t\t\t<img decoding=\"async\" src=\"https:\/\/milano-sanremo.org\/wp-content\/plugins\/instagram-feed\/img\/placeholder.png\" alt=\"\ud83d\udeb4\u200d\u2642\ufe0f La Classicissima \u00e8 alle spalle\u2026 ora tocca a te!\n\nDopo le emozioni della grande corsa, \u00e8 il momento di vivere la tua sfida: la Milano-Sanremo Amatori ti aspetta il 7 giugno.\n\n\ud83d\udc49 Iscriviti ora su www.milano-sanremo.org\n e preparati a pedalare sulla strada della leggenda!\n\n#MilanoSanremoAmatori #MilanoSanremo2026 #CallToAction #Ciclismo #RideYourDream\" aria-hidden=\"true\">\n\t\t<\/a>\n\t<\/div>\n<\/div><div class=\"sbi_item sbi_type_image sbi_new sbi_transition\"\n\tid=\"sbi_18543270064071977\" data-date=\"1774440026\">\n\t<div class=\"sbi_photo_wrap\">\n\t\t<a class=\"sbi_photo\" href=\"https:\/\/www.instagram.com\/p\/DWTn_rbgRtV\/\" target=\"_blank\" rel=\"noopener nofollow\"\n\t\t\tdata-full-res=\"https:\/\/scontent-mxp1-1.cdninstagram.com\/v\/t39.30808-6\/657613436_1376321454523412_3284619590087385882_n.jpg?stp=dst-jpg_e35_tt6&#038;_nc_cat=108&#038;ccb=7-5&#038;_nc_sid=18de74&#038;efg=eyJlZmdfdGFnIjoiRkVFRC5iZXN0X2ltYWdlX3VybGdlbi5DMyJ9&#038;_nc_ohc=4GrHVGA9hKUQ7kNvwFBx9Gr&#038;_nc_oc=AdpeW8RoHOTFVhZ6ELhiqpl2SzrKsIe5B8jJERwreK5Ar7sBvMjMaonNnoJvS4JU7VA&#038;_nc_zt=23&#038;_nc_ht=scontent-mxp1-1.cdninstagram.com&#038;edm=ANo9K5cEAAAA&#038;_nc_gid=VwwvfKck0LnWMFkAYRGFFA&#038;_nc_tpa=Q5bMBQEoGLwv8jN6kP61xDa7iPCNY0Ud5paCefTmYXNInRTuMC48pX3oVxsBw8nkbeYt1ltkiwwuWLjsow&#038;oh=00_Af1ylnnu2-y2QBBseinCgQ_XkWUeiEDKE6tDXX3Svbo1Cw&#038;oe=69F9245A\"\n\t\t\tdata-img-src-set=\"{&quot;d&quot;:&quot;https:\\\/\\\/scontent-mxp1-1.cdninstagram.com\\\/v\\\/t39.30808-6\\\/657613436_1376321454523412_3284619590087385882_n.jpg?stp=dst-jpg_e35_tt6&amp;_nc_cat=108&amp;ccb=7-5&amp;_nc_sid=18de74&amp;efg=eyJlZmdfdGFnIjoiRkVFRC5iZXN0X2ltYWdlX3VybGdlbi5DMyJ9&amp;_nc_ohc=4GrHVGA9hKUQ7kNvwFBx9Gr&amp;_nc_oc=AdpeW8RoHOTFVhZ6ELhiqpl2SzrKsIe5B8jJERwreK5Ar7sBvMjMaonNnoJvS4JU7VA&amp;_nc_zt=23&amp;_nc_ht=scontent-mxp1-1.cdninstagram.com&amp;edm=ANo9K5cEAAAA&amp;_nc_gid=VwwvfKck0LnWMFkAYRGFFA&amp;_nc_tpa=Q5bMBQEoGLwv8jN6kP61xDa7iPCNY0Ud5paCefTmYXNInRTuMC48pX3oVxsBw8nkbeYt1ltkiwwuWLjsow&amp;oh=00_Af1ylnnu2-y2QBBseinCgQ_XkWUeiEDKE6tDXX3Svbo1Cw&amp;oe=69F9245A&quot;,&quot;150&quot;:&quot;https:\\\/\\\/scontent-mxp1-1.cdninstagram.com\\\/v\\\/t39.30808-6\\\/657613436_1376321454523412_3284619590087385882_n.jpg?stp=dst-jpg_e35_tt6&amp;_nc_cat=108&amp;ccb=7-5&amp;_nc_sid=18de74&amp;efg=eyJlZmdfdGFnIjoiRkVFRC5iZXN0X2ltYWdlX3VybGdlbi5DMyJ9&amp;_nc_ohc=4GrHVGA9hKUQ7kNvwFBx9Gr&amp;_nc_oc=AdpeW8RoHOTFVhZ6ELhiqpl2SzrKsIe5B8jJERwreK5Ar7sBvMjMaonNnoJvS4JU7VA&amp;_nc_zt=23&amp;_nc_ht=scontent-mxp1-1.cdninstagram.com&amp;edm=ANo9K5cEAAAA&amp;_nc_gid=VwwvfKck0LnWMFkAYRGFFA&amp;_nc_tpa=Q5bMBQEoGLwv8jN6kP61xDa7iPCNY0Ud5paCefTmYXNInRTuMC48pX3oVxsBw8nkbeYt1ltkiwwuWLjsow&amp;oh=00_Af1ylnnu2-y2QBBseinCgQ_XkWUeiEDKE6tDXX3Svbo1Cw&amp;oe=69F9245A&quot;,&quot;320&quot;:&quot;https:\\\/\\\/scontent-mxp1-1.cdninstagram.com\\\/v\\\/t39.30808-6\\\/657613436_1376321454523412_3284619590087385882_n.jpg?stp=dst-jpg_e35_tt6&amp;_nc_cat=108&amp;ccb=7-5&amp;_nc_sid=18de74&amp;efg=eyJlZmdfdGFnIjoiRkVFRC5iZXN0X2ltYWdlX3VybGdlbi5DMyJ9&amp;_nc_ohc=4GrHVGA9hKUQ7kNvwFBx9Gr&amp;_nc_oc=AdpeW8RoHOTFVhZ6ELhiqpl2SzrKsIe5B8jJERwreK5Ar7sBvMjMaonNnoJvS4JU7VA&amp;_nc_zt=23&amp;_nc_ht=scontent-mxp1-1.cdninstagram.com&amp;edm=ANo9K5cEAAAA&amp;_nc_gid=VwwvfKck0LnWMFkAYRGFFA&amp;_nc_tpa=Q5bMBQEoGLwv8jN6kP61xDa7iPCNY0Ud5paCefTmYXNInRTuMC48pX3oVxsBw8nkbeYt1ltkiwwuWLjsow&amp;oh=00_Af1ylnnu2-y2QBBseinCgQ_XkWUeiEDKE6tDXX3Svbo1Cw&amp;oe=69F9245A&quot;,&quot;640&quot;:&quot;https:\\\/\\\/scontent-mxp1-1.cdninstagram.com\\\/v\\\/t39.30808-6\\\/657613436_1376321454523412_3284619590087385882_n.jpg?stp=dst-jpg_e35_tt6&amp;_nc_cat=108&amp;ccb=7-5&amp;_nc_sid=18de74&amp;efg=eyJlZmdfdGFnIjoiRkVFRC5iZXN0X2ltYWdlX3VybGdlbi5DMyJ9&amp;_nc_ohc=4GrHVGA9hKUQ7kNvwFBx9Gr&amp;_nc_oc=AdpeW8RoHOTFVhZ6ELhiqpl2SzrKsIe5B8jJERwreK5Ar7sBvMjMaonNnoJvS4JU7VA&amp;_nc_zt=23&amp;_nc_ht=scontent-mxp1-1.cdninstagram.com&amp;edm=ANo9K5cEAAAA&amp;_nc_gid=VwwvfKck0LnWMFkAYRGFFA&amp;_nc_tpa=Q5bMBQEoGLwv8jN6kP61xDa7iPCNY0Ud5paCefTmYXNInRTuMC48pX3oVxsBw8nkbeYt1ltkiwwuWLjsow&amp;oh=00_Af1ylnnu2-y2QBBseinCgQ_XkWUeiEDKE6tDXX3Svbo1Cw&amp;oe=69F9245A&quot;}\">\n\t\t\t<span class=\"sbi-screenreader\">\ud83d\udcf8\ud83d\udeb4\u200d\u2642\ufe0f Le foto de La Classicissima 2026 sono online<\/span>\n\t\t\t\t\t\t\t\t\t<img decoding=\"async\" src=\"https:\/\/milano-sanremo.org\/wp-content\/plugins\/instagram-feed\/img\/placeholder.png\" alt=\"\ud83d\udcf8\ud83d\udeb4\u200d\u2642\ufe0f Le foto de La Classicissima 2026 sono online! \ud83d\udeb4\u200d\u2640\ufe0f\ud83d\udcf8\n\nRivivi ogni emozione, ogni chilometro e ogni sorriso della giornata grazie alle immagini ufficiali della gara.\n\n\ud83d\udccd Puoi trovarle sul nostro sito oppure direttamente qui: urly.it\/31f7ar\n\nNon perdere l\u2019occasione di rivedere i momenti pi\u00f9 belli e condividere i ricordi della tua avventura!\n\n#LaClassicissima #Classicissima2026 #FotoUfficiali #Ciclismo #PassioneCiclismo #VitaInBici\" aria-hidden=\"true\">\n\t\t<\/a>\n\t<\/div>\n<\/div><div class=\"sbi_item sbi_type_image sbi_new sbi_transition\"\n\tid=\"sbi_18568733818060052\" data-date=\"1774273346\">\n\t<div class=\"sbi_photo_wrap\">\n\t\t<a class=\"sbi_photo\" href=\"https:\/\/www.instagram.com\/p\/DWOqFFCl4Oo\/\" target=\"_blank\" rel=\"noopener nofollow\"\n\t\t\tdata-full-res=\"https:\/\/scontent-mxp2-1.cdninstagram.com\/v\/t39.30808-6\/656765865_1374598331362391_3589686295283217740_n.jpg?stp=dst-jpg_e35_tt6&#038;_nc_cat=105&#038;ccb=7-5&#038;_nc_sid=18de74&#038;efg=eyJlZmdfdGFnIjoiRkVFRC5iZXN0X2ltYWdlX3VybGdlbi5DMyJ9&#038;_nc_ohc=I7UPC5VgqoEQ7kNvwEVzSSQ&#038;_nc_oc=AdqZgBVX7QsuQ2_eH2isNUhS16rjG2hf1gDXFCgQhAviutR9ZOZprufnZ-VxPMXZO-o&#038;_nc_zt=23&#038;_nc_ht=scontent-mxp2-1.cdninstagram.com&#038;edm=ANo9K5cEAAAA&#038;_nc_gid=VwwvfKck0LnWMFkAYRGFFA&#038;_nc_tpa=Q5bMBQGCZZlFI9YqkW33LTQVO3rAhg2l41GG9nF9lfTlphdtMgyZYKOnXZJ9srbPdh08dnMUme6wryXzPw&#038;oh=00_Af1WlDjFVu52bpBv3x6EGeQZk_T10CY28LIBz8xcTG7AiA&#038;oe=69F9218B\"\n\t\t\tdata-img-src-set=\"{&quot;d&quot;:&quot;https:\\\/\\\/scontent-mxp2-1.cdninstagram.com\\\/v\\\/t39.30808-6\\\/656765865_1374598331362391_3589686295283217740_n.jpg?stp=dst-jpg_e35_tt6&amp;_nc_cat=105&amp;ccb=7-5&amp;_nc_sid=18de74&amp;efg=eyJlZmdfdGFnIjoiRkVFRC5iZXN0X2ltYWdlX3VybGdlbi5DMyJ9&amp;_nc_ohc=I7UPC5VgqoEQ7kNvwEVzSSQ&amp;_nc_oc=AdqZgBVX7QsuQ2_eH2isNUhS16rjG2hf1gDXFCgQhAviutR9ZOZprufnZ-VxPMXZO-o&amp;_nc_zt=23&amp;_nc_ht=scontent-mxp2-1.cdninstagram.com&amp;edm=ANo9K5cEAAAA&amp;_nc_gid=VwwvfKck0LnWMFkAYRGFFA&amp;_nc_tpa=Q5bMBQGCZZlFI9YqkW33LTQVO3rAhg2l41GG9nF9lfTlphdtMgyZYKOnXZJ9srbPdh08dnMUme6wryXzPw&amp;oh=00_Af1WlDjFVu52bpBv3x6EGeQZk_T10CY28LIBz8xcTG7AiA&amp;oe=69F9218B&quot;,&quot;150&quot;:&quot;https:\\\/\\\/scontent-mxp2-1.cdninstagram.com\\\/v\\\/t39.30808-6\\\/656765865_1374598331362391_3589686295283217740_n.jpg?stp=dst-jpg_e35_tt6&amp;_nc_cat=105&amp;ccb=7-5&amp;_nc_sid=18de74&amp;efg=eyJlZmdfdGFnIjoiRkVFRC5iZXN0X2ltYWdlX3VybGdlbi5DMyJ9&amp;_nc_ohc=I7UPC5VgqoEQ7kNvwEVzSSQ&amp;_nc_oc=AdqZgBVX7QsuQ2_eH2isNUhS16rjG2hf1gDXFCgQhAviutR9ZOZprufnZ-VxPMXZO-o&amp;_nc_zt=23&amp;_nc_ht=scontent-mxp2-1.cdninstagram.com&amp;edm=ANo9K5cEAAAA&amp;_nc_gid=VwwvfKck0LnWMFkAYRGFFA&amp;_nc_tpa=Q5bMBQGCZZlFI9YqkW33LTQVO3rAhg2l41GG9nF9lfTlphdtMgyZYKOnXZJ9srbPdh08dnMUme6wryXzPw&amp;oh=00_Af1WlDjFVu52bpBv3x6EGeQZk_T10CY28LIBz8xcTG7AiA&amp;oe=69F9218B&quot;,&quot;320&quot;:&quot;https:\\\/\\\/scontent-mxp2-1.cdninstagram.com\\\/v\\\/t39.30808-6\\\/656765865_1374598331362391_3589686295283217740_n.jpg?stp=dst-jpg_e35_tt6&amp;_nc_cat=105&amp;ccb=7-5&amp;_nc_sid=18de74&amp;efg=eyJlZmdfdGFnIjoiRkVFRC5iZXN0X2ltYWdlX3VybGdlbi5DMyJ9&amp;_nc_ohc=I7UPC5VgqoEQ7kNvwEVzSSQ&amp;_nc_oc=AdqZgBVX7QsuQ2_eH2isNUhS16rjG2hf1gDXFCgQhAviutR9ZOZprufnZ-VxPMXZO-o&amp;_nc_zt=23&amp;_nc_ht=scontent-mxp2-1.cdninstagram.com&amp;edm=ANo9K5cEAAAA&amp;_nc_gid=VwwvfKck0LnWMFkAYRGFFA&amp;_nc_tpa=Q5bMBQGCZZlFI9YqkW33LTQVO3rAhg2l41GG9nF9lfTlphdtMgyZYKOnXZJ9srbPdh08dnMUme6wryXzPw&amp;oh=00_Af1WlDjFVu52bpBv3x6EGeQZk_T10CY28LIBz8xcTG7AiA&amp;oe=69F9218B&quot;,&quot;640&quot;:&quot;https:\\\/\\\/scontent-mxp2-1.cdninstagram.com\\\/v\\\/t39.30808-6\\\/656765865_1374598331362391_3589686295283217740_n.jpg?stp=dst-jpg_e35_tt6&amp;_nc_cat=105&amp;ccb=7-5&amp;_nc_sid=18de74&amp;efg=eyJlZmdfdGFnIjoiRkVFRC5iZXN0X2ltYWdlX3VybGdlbi5DMyJ9&amp;_nc_ohc=I7UPC5VgqoEQ7kNvwEVzSSQ&amp;_nc_oc=AdqZgBVX7QsuQ2_eH2isNUhS16rjG2hf1gDXFCgQhAviutR9ZOZprufnZ-VxPMXZO-o&amp;_nc_zt=23&amp;_nc_ht=scontent-mxp2-1.cdninstagram.com&amp;edm=ANo9K5cEAAAA&amp;_nc_gid=VwwvfKck0LnWMFkAYRGFFA&amp;_nc_tpa=Q5bMBQGCZZlFI9YqkW33LTQVO3rAhg2l41GG9nF9lfTlphdtMgyZYKOnXZJ9srbPdh08dnMUme6wryXzPw&amp;oh=00_Af1WlDjFVu52bpBv3x6EGeQZk_T10CY28LIBz8xcTG7AiA&amp;oe=69F9218B&quot;}\">\n\t\t\t<span class=\"sbi-screenreader\">\ud83d\udeb4\u200d\u2642\ufe0f\ud83c\udfc1 Grazie per aver reso speciale La Classicissi<\/span>\n\t\t\t\t\t\t\t\t\t<img decoding=\"async\" src=\"https:\/\/milano-sanremo.org\/wp-content\/plugins\/instagram-feed\/img\/placeholder.png\" alt=\"\ud83d\udeb4\u200d\u2642\ufe0f\ud83c\udfc1 Grazie per aver reso speciale La Classicissima 2026! \ud83c\udfc1\ud83d\udeb4\u200d\u2640\ufe0f\n\nLa giornata di ieri ci ha regalato sport, passione ed emozioni indimenticabili.\nCentinaia di ciclisti hanno pedalato insieme, condividendo fatica, entusiasmo e la gioia di tagliare il traguardo.\n\nUn grande grazie a tutti i partecipanti, ai volontari, allo staff e a chi ha contribuito alla riuscita di questa splendida giornata di ciclismo.\n\nLe immagini, i sorrisi e i ricordi di questa edizione resteranno con noi a lungo.\nCi vediamo alla prossima edizione!\n\n#LaClassicissima #Classicissima2026 #Grazie #Ciclismo #PassioneCiclismo #Finisher #VitaInBici\" aria-hidden=\"true\">\n\t\t<\/a>\n\t<\/div>\n<\/div><div class=\"sbi_item sbi_type_image sbi_new sbi_transition\"\n\tid=\"sbi_17858062773576667\" data-date=\"1774198892\">\n\t<div class=\"sbi_photo_wrap\">\n\t\t<a class=\"sbi_photo\" href=\"https:\/\/www.instagram.com\/p\/DWMcEeEDLMn\/\" target=\"_blank\" rel=\"noopener nofollow\"\n\t\t\tdata-full-res=\"https:\/\/scontent-mxp1-1.cdninstagram.com\/v\/t39.30808-6\/656731395_1373592138129677_1807349542230275913_n.jpg?stp=dst-jpg_e35_tt6&#038;_nc_cat=108&#038;ccb=7-5&#038;_nc_sid=18de74&#038;efg=eyJlZmdfdGFnIjoiRkVFRC5iZXN0X2ltYWdlX3VybGdlbi5DMyJ9&#038;_nc_ohc=m2NuhoTIvXcQ7kNvwGFPVn4&#038;_nc_oc=AdrptNPnx-XK2puPr2JmZYKos0VLMq4QGfMovg-VAc6mFh7OqEND7nhlyGot5qOMdcQ&#038;_nc_zt=23&#038;_nc_ht=scontent-mxp1-1.cdninstagram.com&#038;edm=ANo9K5cEAAAA&#038;_nc_gid=VwwvfKck0LnWMFkAYRGFFA&#038;_nc_tpa=Q5bMBQH_yoEl0DrvknsFFNI-c3aK2dttgtbd2wiOKBgLgNxuw00OB90bJ_7dg1tfigDWLH-D2421tyuCLw&#038;oh=00_Af3wWF5YgcfOA5MnmtYa6wYKXnr1s-fcaIAR1WikJnMT6w&#038;oe=69F920AA\"\n\t\t\tdata-img-src-set=\"{&quot;d&quot;:&quot;https:\\\/\\\/scontent-mxp1-1.cdninstagram.com\\\/v\\\/t39.30808-6\\\/656731395_1373592138129677_1807349542230275913_n.jpg?stp=dst-jpg_e35_tt6&amp;_nc_cat=108&amp;ccb=7-5&amp;_nc_sid=18de74&amp;efg=eyJlZmdfdGFnIjoiRkVFRC5iZXN0X2ltYWdlX3VybGdlbi5DMyJ9&amp;_nc_ohc=m2NuhoTIvXcQ7kNvwGFPVn4&amp;_nc_oc=AdrptNPnx-XK2puPr2JmZYKos0VLMq4QGfMovg-VAc6mFh7OqEND7nhlyGot5qOMdcQ&amp;_nc_zt=23&amp;_nc_ht=scontent-mxp1-1.cdninstagram.com&amp;edm=ANo9K5cEAAAA&amp;_nc_gid=VwwvfKck0LnWMFkAYRGFFA&amp;_nc_tpa=Q5bMBQH_yoEl0DrvknsFFNI-c3aK2dttgtbd2wiOKBgLgNxuw00OB90bJ_7dg1tfigDWLH-D2421tyuCLw&amp;oh=00_Af3wWF5YgcfOA5MnmtYa6wYKXnr1s-fcaIAR1WikJnMT6w&amp;oe=69F920AA&quot;,&quot;150&quot;:&quot;https:\\\/\\\/scontent-mxp1-1.cdninstagram.com\\\/v\\\/t39.30808-6\\\/656731395_1373592138129677_1807349542230275913_n.jpg?stp=dst-jpg_e35_tt6&amp;_nc_cat=108&amp;ccb=7-5&amp;_nc_sid=18de74&amp;efg=eyJlZmdfdGFnIjoiRkVFRC5iZXN0X2ltYWdlX3VybGdlbi5DMyJ9&amp;_nc_ohc=m2NuhoTIvXcQ7kNvwGFPVn4&amp;_nc_oc=AdrptNPnx-XK2puPr2JmZYKos0VLMq4QGfMovg-VAc6mFh7OqEND7nhlyGot5qOMdcQ&amp;_nc_zt=23&amp;_nc_ht=scontent-mxp1-1.cdninstagram.com&amp;edm=ANo9K5cEAAAA&amp;_nc_gid=VwwvfKck0LnWMFkAYRGFFA&amp;_nc_tpa=Q5bMBQH_yoEl0DrvknsFFNI-c3aK2dttgtbd2wiOKBgLgNxuw00OB90bJ_7dg1tfigDWLH-D2421tyuCLw&amp;oh=00_Af3wWF5YgcfOA5MnmtYa6wYKXnr1s-fcaIAR1WikJnMT6w&amp;oe=69F920AA&quot;,&quot;320&quot;:&quot;https:\\\/\\\/scontent-mxp1-1.cdninstagram.com\\\/v\\\/t39.30808-6\\\/656731395_1373592138129677_1807349542230275913_n.jpg?stp=dst-jpg_e35_tt6&amp;_nc_cat=108&amp;ccb=7-5&amp;_nc_sid=18de74&amp;efg=eyJlZmdfdGFnIjoiRkVFRC5iZXN0X2ltYWdlX3VybGdlbi5DMyJ9&amp;_nc_ohc=m2NuhoTIvXcQ7kNvwGFPVn4&amp;_nc_oc=AdrptNPnx-XK2puPr2JmZYKos0VLMq4QGfMovg-VAc6mFh7OqEND7nhlyGot5qOMdcQ&amp;_nc_zt=23&amp;_nc_ht=scontent-mxp1-1.cdninstagram.com&amp;edm=ANo9K5cEAAAA&amp;_nc_gid=VwwvfKck0LnWMFkAYRGFFA&amp;_nc_tpa=Q5bMBQH_yoEl0DrvknsFFNI-c3aK2dttgtbd2wiOKBgLgNxuw00OB90bJ_7dg1tfigDWLH-D2421tyuCLw&amp;oh=00_Af3wWF5YgcfOA5MnmtYa6wYKXnr1s-fcaIAR1WikJnMT6w&amp;oe=69F920AA&quot;,&quot;640&quot;:&quot;https:\\\/\\\/scontent-mxp1-1.cdninstagram.com\\\/v\\\/t39.30808-6\\\/656731395_1373592138129677_1807349542230275913_n.jpg?stp=dst-jpg_e35_tt6&amp;_nc_cat=108&amp;ccb=7-5&amp;_nc_sid=18de74&amp;efg=eyJlZmdfdGFnIjoiRkVFRC5iZXN0X2ltYWdlX3VybGdlbi5DMyJ9&amp;_nc_ohc=m2NuhoTIvXcQ7kNvwGFPVn4&amp;_nc_oc=AdrptNPnx-XK2puPr2JmZYKos0VLMq4QGfMovg-VAc6mFh7OqEND7nhlyGot5qOMdcQ&amp;_nc_zt=23&amp;_nc_ht=scontent-mxp1-1.cdninstagram.com&amp;edm=ANo9K5cEAAAA&amp;_nc_gid=VwwvfKck0LnWMFkAYRGFFA&amp;_nc_tpa=Q5bMBQH_yoEl0DrvknsFFNI-c3aK2dttgtbd2wiOKBgLgNxuw00OB90bJ_7dg1tfigDWLH-D2421tyuCLw&amp;oh=00_Af3wWF5YgcfOA5MnmtYa6wYKXnr1s-fcaIAR1WikJnMT6w&amp;oe=69F920AA&quot;}\">\n\t\t\t<span class=\"sbi-screenreader\">\ud83c\udfc1\ud83d\udeb4\u200d\u2642\ufe0f Risultati ufficiali disponibili! \ud83d\udeb4\u200d\u2640\ufe0f\ud83c\udfc1\n\nHai <\/span>\n\t\t\t\t\t\t\t\t\t<img decoding=\"async\" src=\"https:\/\/milano-sanremo.org\/wp-content\/plugins\/instagram-feed\/img\/placeholder.png\" alt=\"\ud83c\udfc1\ud83d\udeb4\u200d\u2642\ufe0f Risultati ufficiali disponibili! \ud83d\udeb4\u200d\u2640\ufe0f\ud83c\udfc1\n\nHai gi\u00e0 controllato il tuo tempo? \ud83d\udc40\nSono online i risultati de La Classicissima 2026!\n\n\ud83d\udc49 Consulta la tua performance qui: urly.it\/31f6aq\n\nRivivi le emozioni della gara e scopri il tuo piazzamento dopo una giornata indimenticabile di ciclismo!\n\n#LaClassicissima #Classicissima2026 #Risultati #Finisher #Ciclismo #PassioneCiclismo\" aria-hidden=\"true\">\n\t\t<\/a>\n\t<\/div>\n<\/div>\t<\/div>\n\n\t<div id=\"sbi_load\" >\n\n\t\t\t<button class=\"sbi_load_btn\"\n\t\t\ttype=\"button\" >\n\t\t\t<span class=\"sbi_btn_text\" >Carica altro\u2026<\/span>\n\t\t\t<span class=\"sbi_loader sbi_hidden\" style=\"background-color: rgb(255, 255, 255);\" aria-hidden=\"true\"><\/span>\n\t\t<\/button>\n\t\n\t\t\t<span class=\"sbi_follow_btn\" >\n\t\t\t<a target=\"_blank\"\n\t\t\t\trel=\"nofollow noopener\"  href=\"https:\/\/www.instagram.com\/ucsanremo\/\">\n\t\t\t\t<svg class=\"svg-inline--fa fa-instagram fa-w-14\" aria-hidden=\"true\" data-fa-processed=\"\" aria-label=\"Instagram\" data-prefix=\"fab\" data-icon=\"instagram\" role=\"img\" viewBox=\"0 0 448 512\">\n                    <path fill=\"currentColor\" d=\"M224.1 141c-63.6 0-114.9 51.3-114.9 114.9s51.3 114.9 114.9 114.9S339 319.5 339 255.9 287.7 141 224.1 141zm0 189.6c-41.1 0-74.7-33.5-74.7-74.7s33.5-74.7 74.7-74.7 74.7 33.5 74.7 74.7-33.6 74.7-74.7 74.7zm146.4-194.3c0 14.9-12 26.8-26.8 26.8-14.9 0-26.8-12-26.8-26.8s12-26.8 26.8-26.8 26.8 12 26.8 26.8zm76.1 27.2c-1.7-35.9-9.9-67.7-36.2-93.9-26.2-26.2-58-34.4-93.9-36.2-37-2.1-147.9-2.1-184.9 0-35.8 1.7-67.6 9.9-93.9 36.1s-34.4 58-36.2 93.9c-2.1 37-2.1 147.9 0 184.9 1.7 35.9 9.9 67.7 36.2 93.9s58 34.4 93.9 36.2c37 2.1 147.9 2.1 184.9 0 35.9-1.7 67.7-9.9 93.9-36.2 26.2-26.2 34.4-58 36.2-93.9 2.1-37 2.1-147.8 0-184.8zM398.8 388c-7.8 19.6-22.9 34.7-42.6 42.6-29.5 11.7-99.5 9-132.1 9s-102.7 2.6-132.1-9c-19.6-7.8-34.7-22.9-42.6-42.6-11.7-29.5-9-99.5-9-132.1s-2.6-102.7 9-132.1c7.8-19.6 22.9-34.7 42.6-42.6 29.5-11.7 99.5-9 132.1-9s102.7-2.6 132.1 9c19.6 7.8 34.7 22.9 42.6 42.6 11.7 29.5 9 99.5 9 132.1s2.7 102.7-9 132.1z\"><\/path>\n                <\/svg>\t\t\t\t<span>Segui su Instagram<\/span>\n\t\t\t<\/a>\n\t\t<\/span>\n\t\n<\/div>\n\t\t<span class=\"sbi_resized_image_data\" data-feed-id=\"*1\"\n\t\t  data-resized=\"{&quot;17858062773576667&quot;:{&quot;id&quot;:&quot;656731395_1373592138129677_1807349542230275913_n&quot;,&quot;ratio&quot;:&quot;1.00&quot;,&quot;sizes&quot;:{&quot;full&quot;:640,&quot;low&quot;:320,&quot;thumb&quot;:150},&quot;extension&quot;:&quot;.webp&quot;},&quot;18568733818060052&quot;:{&quot;id&quot;:&quot;656765865_1374598331362391_3589686295283217740_n&quot;,&quot;ratio&quot;:&quot;1.00&quot;,&quot;sizes&quot;:{&quot;full&quot;:640,&quot;low&quot;:320,&quot;thumb&quot;:150},&quot;extension&quot;:&quot;.webp&quot;},&quot;18543270064071977&quot;:{&quot;id&quot;:&quot;657613436_1376321454523412_3284619590087385882_n&quot;,&quot;ratio&quot;:&quot;1.00&quot;,&quot;sizes&quot;:{&quot;full&quot;:640,&quot;low&quot;:320,&quot;thumb&quot;:150},&quot;extension&quot;:&quot;.webp&quot;},&quot;18111999589705494&quot;:{&quot;id&quot;:&quot;658367117_18359238358231460_1195902731948448735_n&quot;,&quot;ratio&quot;:&quot;0.56&quot;,&quot;sizes&quot;:{&quot;full&quot;:640,&quot;low&quot;:320,&quot;thumb&quot;:150},&quot;extension&quot;:&quot;.webp&quot;},&quot;18587479399020835&quot;:{&quot;id&quot;:&quot;663248062_1387684210053803_1495365801583722629_n&quot;,&quot;ratio&quot;:&quot;1.00&quot;,&quot;sizes&quot;:{&quot;full&quot;:640,&quot;low&quot;:320,&quot;thumb&quot;:150},&quot;extension&quot;:&quot;.webp&quot;},&quot;18066628187456103&quot;:{&quot;id&quot;:&quot;667846639_1387684953387062_6999115842316397771_n&quot;,&quot;ratio&quot;:&quot;1.00&quot;,&quot;sizes&quot;:{&quot;full&quot;:640,&quot;low&quot;:320,&quot;thumb&quot;:150},&quot;extension&quot;:&quot;.webp&quot;},&quot;18090009856984440&quot;:{&quot;id&quot;:&quot;672344684_18363493291231460_1365940011411898907_n&quot;,&quot;ratio&quot;:&quot;0.57&quot;,&quot;sizes&quot;:{&quot;full&quot;:640,&quot;low&quot;:320,&quot;thumb&quot;:150},&quot;extension&quot;:&quot;.webp&quot;},&quot;18392501077156406&quot;:{&quot;id&quot;:&quot;681430149_1404916284997262_6068473103594982162_n&quot;,&quot;ratio&quot;:&quot;1.00&quot;,&quot;sizes&quot;:{&quot;full&quot;:640,&quot;low&quot;:320,&quot;thumb&quot;:150},&quot;extension&quot;:&quot;.webp&quot;}}\">\n\t<\/span>\n\t<\/div>\n\n[\/et_pb_code][\/et_pb_column][\/et_pb_row][\/et_pb_section][et_pb_section fb_built=\u00bb1&#8243; admin_label=\u00bbsection\u00bb _builder_version=\u00bb4.16&#8243; background_size=\u00bbinitial\u00bb background_position=\u00bbtop_left\u00bb global_module=\u00bb12651&#8243; global_colors_info=\u00bb{}\u00bb][et_pb_row _builder_version=\u00bb4.16&#8243; locked=\u00bboff\u00bb global_colors_info=\u00bb{}\u00bb][et_pb_column type=\u00bb4_4&#8243; _builder_version=\u00bb4.16&#8243; custom_padding=\u00bb|||\u00bb global_colors_info=\u00bb{}\u00bb custom_padding__hover=\u00bb|||\u00bb][et_pb_text admin_label=\u00bbtitolo i nostri partners\u00bb _builder_version=\u00bb4.19.4&#8243; custom_margin=\u00bb||21px|||\u00bb global_colors_info=\u00bb{}\u00bb]<\/p>\n<h1 style=\"text-align: center;\">PARTNERS<\/h1>\n<p>&nbsp;<\/p>\n<p>&nbsp;<\/p>\n<p>[\/et_pb_text][\/et_pb_column][\/et_pb_row][et_pb_row column_structure=\u00bb1_2,1_2&#8243; _builder_version=\u00bb4.16&#8243; background_size=\u00bbinitial\u00bb background_position=\u00bbtop_left\u00bb background_repeat=\u00bbrepeat\u00bb locked=\u00bboff\u00bb global_colors_info=\u00bb{}\u00bb][et_pb_column type=\u00bb1_2&#8243; _builder_version=\u00bb4.16&#8243; custom_padding=\u00bb|||\u00bb global_colors_info=\u00bb{}\u00bb custom_padding__hover=\u00bb|||\u00bb][et_pb_image src=\u00bbhttp:\/\/milano-sanremo.org\/wp-content\/uploads\/2013\/09\/logo-fci.png\u00bb align=\u00bbcenter\u00bb align_tablet=\u00bbcenter\u00bb align_phone=\u00bb\u00bb align_last_edited=\u00bbon|desktop\u00bb admin_label=\u00bbfci\u00bb _builder_version=\u00bb4.16&#8243; global_colors_info=\u00bb{}\u00bb]<\/p>\n<p>\n&nbsp;<\/p>\n<p>[\/et_pb_image][et_pb_image src=\u00bbhttps:\/\/milano-sanremo.org\/wp-content\/uploads\/2019\/02\/isostad.png\u00bb align=\u00bbcenter\u00bb align_tablet=\u00bbcenter\u00bb align_phone=\u00bb\u00bb align_last_edited=\u00bbon|desktop\u00bb admin_label=\u00bbisostar\u00bb _builder_version=\u00bb4.19.4&#8243; width=\u00bb40%\u00bb global_colors_info=\u00bb{}\u00bb][\/et_pb_image][\/et_pb_column][et_pb_column type=\u00bb1_2&#8243; _builder_version=\u00bb4.16&#8243; custom_padding=\u00bb|||\u00bb global_colors_info=\u00bb{}\u00bb custom_padding__hover=\u00bb|||\u00bb][et_pb_image src=\u00bbhttp:\/\/milano-sanremo.org\/wp-content\/uploads\/2019\/10\/comune-di-sanremo.png\u00bb align=\u00bbcenter\u00bb _builder_version=\u00bb4.17.1&#8243; z_index_tablet=\u00bb500&#8243; box_shadow_horizontal_tablet=\u00bb0px\u00bb box_shadow_vertical_tablet=\u00bb0px\u00bb box_shadow_blur_tablet=\u00bb40px\u00bb box_shadow_spread_tablet=\u00bb0px\u00bb global_colors_info=\u00bb{}\u00bb][\/et_pb_image][et_pb_image src=\u00bbhttp:\/\/milano-sanremo.org\/wp-content\/uploads\/2021\/06\/LOGO-RHEVO-2018-NERO-300&#215;212.jpg\u00bb title_text=\u00bbLOGO RHEVO 2018 NERO\u00bb align=\u00bbcenter\u00bb align_tablet=\u00bbcenter\u00bb align_phone=\u00bb\u00bb align_last_edited=\u00bbon|desktop\u00bb admin_label=\u00bbrhevo\u00bb _builder_version=\u00bb4.18.0&#8243; width=\u00bb50%\u00bb custom_margin=\u00bb||||false|false\u00bb global_colors_info=\u00bb{}\u00bb][\/et_pb_image][et_pb_image src=\u00bbhttps:\/\/milano-sanremo.org\/wp-content\/uploads\/2019\/02\/logo-nyala-suite-hotel-300.png\u00bb align=\u00bbcenter\u00bb align_tablet=\u00bbcenter\u00bb align_phone=\u00bb\u00bb align_last_edited=\u00bbon|desktop\u00bb admin_label=\u00bbnyala\u00bb _builder_version=\u00bb4.18.0&#8243; width=\u00bb80%\u00bb max_width=\u00bb90%\u00bb module_alignment=\u00bbcenter\u00bb global_colors_info=\u00bb{}\u00bb]<\/p>\n<p>\n&nbsp;<\/p>\n<p>[\/et_pb_image][\/et_pb_column][\/et_pb_row][et_pb_row _builder_version=\u00bb4.16&#8243; background_size=\u00bbinitial\u00bb background_position=\u00bbtop_left\u00bb background_repeat=\u00bbrepeat\u00bb locked=\u00bboff\u00bb global_colors_info=\u00bb{}\u00bb][et_pb_column type=\u00bb4_4&#8243; _builder_version=\u00bb4.16&#8243; custom_padding=\u00bb|||\u00bb global_colors_info=\u00bb{}\u00bb custom_padding__hover=\u00bb|||\u00bb][et_pb_text _builder_version=\u00bb4.16&#8243; z_index_tablet=\u00bb500&#8243; text_text_shadow_horizontal_length_tablet=\u00bb0px\u00bb text_text_shadow_vertical_length_tablet=\u00bb0px\u00bb text_text_shadow_blur_strength_tablet=\u00bb1px\u00bb link_text_shadow_horizontal_length_tablet=\u00bb0px\u00bb link_text_shadow_vertical_length_tablet=\u00bb0px\u00bb link_text_shadow_blur_strength_tablet=\u00bb1px\u00bb ul_text_shadow_horizontal_length_tablet=\u00bb0px\u00bb ul_text_shadow_vertical_length_tablet=\u00bb0px\u00bb ul_text_shadow_blur_strength_tablet=\u00bb1px\u00bb ol_text_shadow_horizontal_length_tablet=\u00bb0px\u00bb ol_text_shadow_vertical_length_tablet=\u00bb0px\u00bb ol_text_shadow_blur_strength_tablet=\u00bb1px\u00bb quote_text_shadow_horizontal_length_tablet=\u00bb0px\u00bb quote_text_shadow_vertical_length_tablet=\u00bb0px\u00bb quote_text_shadow_blur_strength_tablet=\u00bb1px\u00bb header_text_shadow_horizontal_length_tablet=\u00bb0px\u00bb header_text_shadow_vertical_length_tablet=\u00bb0px\u00bb header_text_shadow_blur_strength_tablet=\u00bb1px\u00bb header_2_text_shadow_horizontal_length_tablet=\u00bb0px\u00bb header_2_text_shadow_vertical_length_tablet=\u00bb0px\u00bb header_2_text_shadow_blur_strength_tablet=\u00bb1px\u00bb header_3_text_shadow_horizontal_length_tablet=\u00bb0px\u00bb header_3_text_shadow_vertical_length_tablet=\u00bb0px\u00bb header_3_text_shadow_blur_strength_tablet=\u00bb1px\u00bb header_4_text_shadow_horizontal_length_tablet=\u00bb0px\u00bb header_4_text_shadow_vertical_length_tablet=\u00bb0px\u00bb header_4_text_shadow_blur_strength_tablet=\u00bb1px\u00bb header_5_text_shadow_horizontal_length_tablet=\u00bb0px\u00bb header_5_text_shadow_vertical_length_tablet=\u00bb0px\u00bb header_5_text_shadow_blur_strength_tablet=\u00bb1px\u00bb header_6_text_shadow_horizontal_length_tablet=\u00bb0px\u00bb header_6_text_shadow_vertical_length_tablet=\u00bb0px\u00bb header_6_text_shadow_blur_strength_tablet=\u00bb1px\u00bb box_shadow_horizontal_tablet=\u00bb0px\u00bb box_shadow_vertical_tablet=\u00bb0px\u00bb box_shadow_blur_tablet=\u00bb40px\u00bb box_shadow_spread_tablet=\u00bb0px\u00bb global_colors_info=\u00bb{}\u00bb]<\/p>\n<h2 style=\"text-align: center;\">OFFICIAL TOUR OPERATORS<\/h2>\n<p>[\/et_pb_text][\/et_pb_column][\/et_pb_row][et_pb_row column_structure=\u00bb1_3,1_3,1_3&#8243; _builder_version=\u00bb4.16&#8243; background_size=\u00bbinitial\u00bb background_position=\u00bbtop_left\u00bb background_repeat=\u00bbrepeat\u00bb locked=\u00bboff\u00bb global_colors_info=\u00bb{}\u00bb][et_pb_column type=\u00bb1_3&#8243; _builder_version=\u00bb4.16&#8243; custom_padding=\u00bb|||\u00bb global_colors_info=\u00bb{}\u00bb custom_padding__hover=\u00bb|||\u00bb][et_pb_image src=\u00bbhttps:\/\/milano-sanremo.org\/wp-content\/uploads\/2020\/01\/sportive-breaks.png\u00bb title_text=\u00bbsportive breaks\u00bb align=\u00bbcenter\u00bb admin_label=\u00bbsportive breaks\u00bb _builder_version=\u00bb4.19.4&#8243; _module_preset=\u00bbdefault\u00bb width=\u00bb70%\u00bb global_colors_info=\u00bb{}\u00bb][\/et_pb_image][et_pb_image src=\u00bbhttp:\/\/milano-sanremo.org\/wp-content\/uploads\/2019\/11\/cycling-travel-tour-operator-milano-sanremo-manifestazione-ciclistica.png\u00bb url=\u00bbhttps:\/\/cyclingtravel.com\/milano-sanremo\/\u00bb url_new_window=\u00bbon\u00bb align=\u00bbcenter\u00bb admin_label=\u00bbcycling\u00bb _builder_version=\u00bb4.16&#8243; z_index_tablet=\u00bb500&#8243; box_shadow_horizontal_tablet=\u00bb0px\u00bb box_shadow_vertical_tablet=\u00bb0px\u00bb box_shadow_blur_tablet=\u00bb40px\u00bb box_shadow_spread_tablet=\u00bb0px\u00bb global_colors_info=\u00bb{}\u00bb][\/et_pb_image][\/et_pb_column][et_pb_column type=\u00bb1_3&#8243; _builder_version=\u00bb4.16&#8243; custom_padding=\u00bb|||\u00bb global_colors_info=\u00bb{}\u00bb custom_padding__hover=\u00bb|||\u00bb][et_pb_image src=\u00bbhttps:\/\/milano-sanremo.org\/wp-content\/uploads\/2019\/10\/kulessa.jpg\u00bb url=\u00bbhttps:\/\/www.milano-sanremo.net\/\u00bb url_new_window=\u00bbon\u00bb align=\u00bbcenter\u00bb _builder_version=\u00bb4.16&#8243; z_index_tablet=\u00bb500&#8243; box_shadow_horizontal_tablet=\u00bb0px\u00bb box_shadow_vertical_tablet=\u00bb0px\u00bb box_shadow_blur_tablet=\u00bb40px\u00bb box_shadow_spread_tablet=\u00bb0px\u00bb global_colors_info=\u00bb{}\u00bb][\/et_pb_image][et_pb_image src=\u00bbhttp:\/\/milano-sanremo.org\/wp-content\/uploads\/2019\/11\/logo-wielerbus2.png\u00bb url=\u00bbhttps:\/\/www.wielerbus.nl\/product\/gf-milan-san-remo-2020\/\u00bb url_new_window=\u00bbon\u00bb align=\u00bbcenter\u00bb admin_label=\u00bbwielerbus\u00bb _builder_version=\u00bb4.16&#8243; z_index_tablet=\u00bb500&#8243; box_shadow_horizontal_tablet=\u00bb0px\u00bb box_shadow_vertical_tablet=\u00bb0px\u00bb box_shadow_blur_tablet=\u00bb40px\u00bb box_shadow_spread_tablet=\u00bb0px\u00bb global_colors_info=\u00bb{}\u00bb][\/et_pb_image][\/et_pb_column][et_pb_column type=\u00bb1_3&#8243; _builder_version=\u00bb4.16&#8243; custom_padding=\u00bb|||\u00bb global_colors_info=\u00bb{}\u00bb custom_padding__hover=\u00bb|||\u00bb][et_pb_image src=\u00bbhttps:\/\/milano-sanremo.org\/wp-content\/uploads\/2019\/10\/veloventoux-cycle-tours.png\u00bb url=\u00bbhttps:\/\/www.veloventoux.com\/?c=tourdetails&#038;type=sport&#038;code=Milansanremo\u00bb url_new_window=\u00bbon\u00bb align=\u00bbcenter\u00bb admin_label=\u00bbveloven\u00bb _builder_version=\u00bb4.16&#8243; z_index_tablet=\u00bb500&#8243; box_shadow_horizontal_tablet=\u00bb0px\u00bb box_shadow_vertical_tablet=\u00bb0px\u00bb box_shadow_blur_tablet=\u00bb40px\u00bb box_shadow_spread_tablet=\u00bb0px\u00bb global_colors_info=\u00bb{}\u00bb][\/et_pb_image][et_pb_image src=\u00bbhttp:\/\/milano-sanremo.org\/wp-content\/uploads\/2020\/02\/GRC-milano-sanremo-1.png\u00bb url=\u00bbhttps:\/\/gourmetridingclub.com\/\u00bb url_new_window=\u00bbon\u00bb align=\u00bbcenter\u00bb _builder_version=\u00bb4.16&#8243; z_index_tablet=\u00bb500&#8243; box_shadow_horizontal_tablet=\u00bb0px\u00bb box_shadow_vertical_tablet=\u00bb0px\u00bb box_shadow_blur_tablet=\u00bb40px\u00bb box_shadow_spread_tablet=\u00bb0px\u00bb global_colors_info=\u00bb{}\u00bb][\/et_pb_image][\/et_pb_column][\/et_pb_row][\/et_pb_section][et_pb_section fb_built=\u00bb1&#8243; disabled_on=\u00bboff|off|off\u00bb admin_label=\u00bbSeasonal Collection\u00bb _builder_version=\u00bb4.27.5&#8243; background_enable_color=\u00bboff\u00bb background_enable_image=\u00bboff\u00bb background_position=\u00bbtop_center\u00bb inner_width_tablet=\u00bb50px\u00bb inner_max_width_tablet=\u00bb100px\u00bb inner_max_width_phone=\u00bb50px\u00bb custom_margin=\u00bb-131px|||||\u00bb custom_padding=\u00bb16%|0px|16%|28px\u00bb z_index_tablet=\u00bb500&#8243; box_shadow_horizontal_tablet=\u00bb0px\u00bb box_shadow_vertical_tablet=\u00bb0px\u00bb box_shadow_blur_tablet=\u00bb40px\u00bb box_shadow_spread_tablet=\u00bb0px\u00bb global_colors_info=\u00bb{}\u00bb locked=\u00bboff\u00bb][et_pb_row column_structure=\u00bb1_2,1_2&#8243; custom_padding_last_edited=\u00bboff|desktop\u00bb admin_label=\u00bbHero Area\u00bb _builder_version=\u00bb4.27.5&#8243; max_width=\u00bb80%\u00bb custom_padding=\u00bb27px|0px|0px|0px\u00bb use_custom_width=\u00bbon\u00bb width_unit=\u00bboff\u00bb global_colors_info=\u00bb{}\u00bb][et_pb_column type=\u00bb1_2&#8243; _builder_version=\u00bb4.16&#8243; custom_padding=\u00bb|||\u00bb global_colors_info=\u00bb{}\u00bb custom_padding__hover=\u00bb|||\u00bb][et_pb_text admin_label=\u00bbHero Title\u00bb _builder_version=\u00bb4.27.5&#8243; _module_preset=\u00bbdefault\u00bb header_font=\u00bbAlice||||||||\u00bb header_font_size=\u00bb120px\u00bb header_letter_spacing=\u00bb-3px\u00bb animation_style=\u00bbslide\u00bb animation_intensity_slide=\u00bb10%\u00bb animation_starting_opacity=\u00bb100%\u00bb hover_enabled=\u00bb0&#8243; header_font_last_edited=\u00bboff|desktop\u00bb header_text_color_last_edited=\u00bboff|phone\u00bb header_font_size_tablet=\u00bb120px\u00bb header_font_size_phone=\u00bb60px\u00bb header_font_size_last_edited=\u00bbon|desktop\u00bb global_colors_info=\u00bb{}\u00bb sticky_enabled=\u00bb0&#8243;]<\/p>\n<h1 style=\"text-align: left;\" align=\"center\">Camiseta y shorts oficiales<\/h1>\n<p>[\/et_pb_text][et_pb_text admin_label=\u00bbTesto\u00bb _builder_version=\u00bb4.27.5&#8243; _module_preset=\u00bbdefault\u00bb text_font_size=\u00bb18px\u00bb header_font=\u00bbAlice||||||||\u00bb header_font_size=\u00bb120px\u00bb header_letter_spacing=\u00bb-3px\u00bb animation_style=\u00bbslide\u00bb animation_intensity_slide=\u00bb10%\u00bb animation_starting_opacity=\u00bb100%\u00bb hover_enabled=\u00bb0&#8243; header_font_last_edited=\u00bboff|desktop\u00bb header_text_color_last_edited=\u00bboff|phone\u00bb header_font_size_tablet=\u00bb120px\u00bb header_font_size_phone=\u00bb60px\u00bb header_font_size_last_edited=\u00bbon|desktop\u00bb global_colors_info=\u00bb{}\u00bb sticky_enabled=\u00bb0&#8243;]<\/p>\n<p style=\"text-align: left;\" align=\"center\">Camiseta de recuerdo incluida en la tarifa de inscripcion para inscripciones anteriores al 20 de abril<\/p>\n<p>[\/et_pb_text][et_pb_button button_url=\u00bbhttps:\/\/milano-sanremo.org\/es\/inscripcion\/camiseta-recuerdo\/\u00bb button_text=\u00bbR\u00e9gistrate ahora\u00bb _builder_version=\u00bb4.27.4&#8243; custom_button=\u00bbon\u00bb button_text_color=\u00bb#FFFFFF\u00bb button_bg_color=\u00bb#E02B20&#8243; button_border_color=\u00bb#FFFFFF\u00bb button_letter_spacing_hover=\u00bb2px\u00bb button_bg_color_hover=\u00bb#e0c588&#8243; global_colors_info=\u00bb{}\u00bb button_one_text_size__hover_enabled=\u00bboff\u00bb button_one_text_size__hover=\u00bbnull\u00bb button_two_text_size__hover_enabled=\u00bboff\u00bb button_two_text_size__hover=\u00bbnull\u00bb button_one_text_color__hover_enabled=\u00bboff\u00bb button_one_text_color__hover=\u00bbnull\u00bb button_two_text_color__hover_enabled=\u00bboff\u00bb button_two_text_color__hover=\u00bbnull\u00bb button_one_border_width__hover_enabled=\u00bboff\u00bb button_one_border_width__hover=\u00bbnull\u00bb button_two_border_width__hover_enabled=\u00bboff\u00bb button_two_border_width__hover=\u00bbnull\u00bb button_one_border_color__hover_enabled=\u00bboff\u00bb button_one_border_color__hover=\u00bbnull\u00bb button_two_border_color__hover_enabled=\u00bboff\u00bb button_two_border_color__hover=\u00bbnull\u00bb button_one_border_radius__hover_enabled=\u00bboff\u00bb button_one_border_radius__hover=\u00bbnull\u00bb button_two_border_radius__hover_enabled=\u00bboff\u00bb button_two_border_radius__hover=\u00bbnull\u00bb button_one_letter_spacing__hover_enabled=\u00bboff\u00bb button_one_letter_spacing__hover=\u00bbnull\u00bb button_two_letter_spacing__hover_enabled=\u00bboff\u00bb button_two_letter_spacing__hover=\u00bbnull\u00bb button_one_bg_color__hover_enabled=\u00bboff\u00bb button_one_bg_color__hover=\u00bbnull\u00bb button_two_bg_color__hover_enabled=\u00bboff\u00bb button_two_bg_color__hover=\u00bbnull\u00bb]&nbsp;<br \/>\n[\/et_pb_button][\/et_pb_column][et_pb_column type=\u00bb1_2&#8243; _builder_version=\u00bb4.16&#8243; custom_padding=\u00bb|||\u00bb global_colors_info=\u00bb{}\u00bb custom_padding__hover=\u00bb|||\u00bb][lwp_image_carousel gallery_ids=\u00bb15297,15313,15305&#8243; slides_show=\u00bb1&#8243; autoplay_animation=\u00bboff\u00bb _builder_version=\u00bb4.27.5&#8243; _module_preset=\u00bbdefault\u00bb global_colors_info=\u00bb{}\u00bb][\/lwp_image_carousel][\/et_pb_column][\/et_pb_row][\/et_pb_section][et_pb_section fb_built=\u00bb1&#8243; admin_label=\u00bbsection\u00bb _builder_version=\u00bb4.16&#8243; global_colors_info=\u00bb{}\u00bb][et_pb_row _builder_version=\u00bb4.16&#8243; background_color=\u00bb#0C71C3&#8243; background_size=\u00bbinitial\u00bb background_position=\u00bbtop_left\u00bb background_repeat=\u00bbrepeat\u00bb locked=\u00bboff\u00bb global_colors_info=\u00bb{}\u00bb][et_pb_column type=\u00bb4_4&#8243; _builder_version=\u00bb4.16&#8243; _module_preset=\u00bbdefault\u00bb global_colors_info=\u00bb{}\u00bb][et_pb_text admin_label=\u00bbHero Title\u00bb _builder_version=\u00bb4.27.4&#8243; text_font=\u00bbPlayfair Display||||||||\u00bb header_font=\u00bbAlice||||||||\u00bb header_font_size=\u00bb120px\u00bb header_letter_spacing=\u00bb-3px\u00bb header_line_height=\u00bb1.1em\u00bb background_layout=\u00bbdark\u00bb animation_style=\u00bbslide\u00bb animation_direction=\u00bbleft\u00bb animation_intensity_slide=\u00bb5%\u00bb animation_starting_opacity=\u00bb100%\u00bb text_font_size_last_edited=\u00bboff|desktop\u00bb header_font_size_tablet=\u00bb\u00bb header_font_size_phone=\u00bb60px\u00bb header_font_size_last_edited=\u00bbon|phone\u00bb z_index_tablet=\u00bb500&#8243; text_text_shadow_horizontal_length_tablet=\u00bb0px\u00bb text_text_shadow_vertical_length_tablet=\u00bb0px\u00bb text_text_shadow_blur_strength_tablet=\u00bb1px\u00bb link_text_shadow_horizontal_length_tablet=\u00bb0px\u00bb link_text_shadow_vertical_length_tablet=\u00bb0px\u00bb link_text_shadow_blur_strength_tablet=\u00bb1px\u00bb ul_text_shadow_horizontal_length_tablet=\u00bb0px\u00bb ul_text_shadow_vertical_length_tablet=\u00bb0px\u00bb ul_text_shadow_blur_strength_tablet=\u00bb1px\u00bb ol_text_shadow_horizontal_length_tablet=\u00bb0px\u00bb ol_text_shadow_vertical_length_tablet=\u00bb0px\u00bb ol_text_shadow_blur_strength_tablet=\u00bb1px\u00bb quote_text_shadow_horizontal_length_tablet=\u00bb0px\u00bb quote_text_shadow_vertical_length_tablet=\u00bb0px\u00bb quote_text_shadow_blur_strength_tablet=\u00bb1px\u00bb header_text_shadow_horizontal_length_tablet=\u00bb0px\u00bb header_text_shadow_vertical_length_tablet=\u00bb0px\u00bb header_text_shadow_blur_strength_tablet=\u00bb1px\u00bb header_2_text_shadow_horizontal_length_tablet=\u00bb0px\u00bb header_2_text_shadow_vertical_length_tablet=\u00bb0px\u00bb header_2_text_shadow_blur_strength_tablet=\u00bb1px\u00bb header_3_text_shadow_horizontal_length_tablet=\u00bb0px\u00bb header_3_text_shadow_vertical_length_tablet=\u00bb0px\u00bb header_3_text_shadow_blur_strength_tablet=\u00bb1px\u00bb header_4_text_shadow_horizontal_length_tablet=\u00bb0px\u00bb header_4_text_shadow_vertical_length_tablet=\u00bb0px\u00bb header_4_text_shadow_blur_strength_tablet=\u00bb1px\u00bb header_5_text_shadow_horizontal_length_tablet=\u00bb0px\u00bb header_5_text_shadow_vertical_length_tablet=\u00bb0px\u00bb header_5_text_shadow_blur_strength_tablet=\u00bb1px\u00bb header_6_text_shadow_horizontal_length_tablet=\u00bb0px\u00bb header_6_text_shadow_vertical_length_tablet=\u00bb0px\u00bb header_6_text_shadow_blur_strength_tablet=\u00bb1px\u00bb box_shadow_horizontal_tablet=\u00bb0px\u00bb box_shadow_vertical_tablet=\u00bb0px\u00bb box_shadow_blur_tablet=\u00bb40px\u00bb box_shadow_spread_tablet=\u00bb0px\u00bb global_colors_info=\u00bb{}\u00bb]<\/p>\n<h3 align=\"center\">SAVE THE DATE!<\/h3>\n<p>[\/et_pb_text][et_pb_text _builder_version=\u00bb4.27.4&#8243; _module_preset=\u00bbdefault\u00bb header_text_color=\u00bb#FFFFFF\u00bb global_colors_info=\u00bb{}\u00bb]<\/p>\n<h1 style=\"text-align: center;\">Granfondo Sanremo Sanremo<\/h1>\n<h1 style=\"text-align: center;\">22 | 03 | 2026<\/h1>\n<p>[\/et_pb_text][et_pb_image src=\u00bbhttp:\/\/milano-sanremo.org\/wp-content\/uploads\/2021\/04\/granfondo-sanremo-sanremo-bianco.png\u00bb alt=\u00bbgranfondo-sanremo-sanremo\u00bb title_text=\u00bbgranfondo-sanremo-sanremo\u00bb align=\u00bbcenter\u00bb _builder_version=\u00bb4.16&#8243; _module_preset=\u00bbdefault\u00bb global_colors_info=\u00bb{}\u00bb][\/et_pb_image][et_pb_button button_url=\u00bbhttp:\/\/www.classicissima.it\u00bb url_new_window=\u00bbon\u00bb button_text=\u00bbLEGGI TUTTO | READ MORE\u00bb button_alignment=\u00bbcenter\u00bb _builder_version=\u00bb4.16&#8243; _module_preset=\u00bbdefault\u00bb background_layout=\u00bbdark\u00bb global_colors_info=\u00bb{}\u00bb][\/et_pb_button][\/et_pb_column][\/et_pb_row][\/et_pb_section]<\/p>\n","protected":false},"excerpt":{"rendered":"<p>1970-2026 55\u00b0 carrera ciclista Mil\u00e1n San Remo Amatori cyclosportive \u00a1p\u00f3ngase a prueba en la Gran Cl\u00e1sica del ciclismo amateur!&nbsp; 07 de junio 2026LAS INSCRIPCIONES A\u00daN NO EST\u00c1N ABIERTAS&nbsp; La carrera de MIL\u00c1N &#8211; SAN REMO AMATORI transcurre por la misma ruta que recorren los grandes campeones en la Cl\u00e1sica de Primavera. Este es el evento [&hellip;]<\/p>\n","protected":false},"author":1,"featured_media":0,"parent":0,"menu_order":0,"comment_status":"closed","ping_status":"closed","template":"","meta":{"_et_pb_use_builder":"on","_et_pb_old_content":"","_et_gb_content_width":"","ngg_post_thumbnail":0,"footnotes":""},"class_list":["post-8504","page","type-page","status-publish","hentry"],"yoast_head":"<!-- This site is optimized with the Yoast SEO plugin v27.5 - https:\/\/yoast.com\/product\/yoast-seo-wordpress\/ -->\n<title>Mil\u00e1n San Remo Aficionado 2025 | MILANO SANREMO AMATORI 2026 | MIL\u00c1N SANREMO AMATEUR 7 DE JUNIO DE 2026 | SITIO OFICIAL<\/title>\n<meta name=\"description\" content=\"El Ciclo Deportivo Granfondo Mil\u00e1n San Remo cyclosportive 2025 es el \u00fanico evento ciclista amateur que permite cubrir las mismas rutas que la Classicissima.\" \/>\n<meta name=\"robots\" content=\"index, follow, max-snippet:-1, max-image-preview:large, max-video-preview:-1\" \/>\n<link rel=\"canonical\" href=\"https:\/\/milano-sanremo.org\/es\/\" \/>\n<meta property=\"og:locale\" content=\"es_ES\" \/>\n<meta property=\"og:type\" content=\"article\" \/>\n<meta property=\"og:title\" content=\"Mil\u00e1n San Remo Aficionado 2025 | MILANO SANREMO AMATORI 2026 | MIL\u00c1N SANREMO AMATEUR 7 DE JUNIO DE 2026 | SITIO OFICIAL\" \/>\n<meta property=\"og:description\" content=\"El Ciclo Deportivo Granfondo Mil\u00e1n San Remo cyclosportive 2025 es el \u00fanico evento ciclista amateur que permite cubrir las mismas rutas que la Classicissima.\" \/>\n<meta property=\"og:url\" content=\"https:\/\/milano-sanremo.org\/es\/\" \/>\n<meta property=\"og:site_name\" content=\"MILANO SANREMO AMATORI 2026\" \/>\n<meta property=\"article:modified_time\" content=\"2026-01-30T11:04:45+00:00\" \/>\n<meta name=\"twitter:card\" content=\"summary_large_image\" \/>\n<meta name=\"twitter:label1\" content=\"Tiempo de lectura\" \/>\n\t<meta name=\"twitter:data1\" content=\"8 minutos\" \/>\n<script type=\"application\/ld+json\" class=\"yoast-schema-graph\">{\"@context\":\"https:\\\/\\\/schema.org\",\"@graph\":[{\"@type\":\"WebPage\",\"@id\":\"https:\\\/\\\/milano-sanremo.org\\\/es\\\/\",\"url\":\"https:\\\/\\\/milano-sanremo.org\\\/es\\\/\",\"name\":\"Mil\u00e1n San Remo Aficionado 2025 | MILANO SANREMO AMATORI 2026 | MIL\u00c1N SANREMO AMATEUR 7 DE JUNIO DE 2026 | SITIO OFICIAL\",\"isPartOf\":{\"@id\":\"https:\\\/\\\/milano-sanremo.org\\\/es\\\/#website\"},\"datePublished\":\"2018-05-22T18:46:31+00:00\",\"dateModified\":\"2026-01-30T11:04:45+00:00\",\"description\":\"El Ciclo Deportivo Granfondo Mil\u00e1n San Remo cyclosportive 2025 es el \u00fanico evento ciclista amateur que permite cubrir las mismas rutas que la Classicissima.\",\"breadcrumb\":{\"@id\":\"https:\\\/\\\/milano-sanremo.org\\\/es\\\/#breadcrumb\"},\"inLanguage\":\"es\",\"potentialAction\":[{\"@type\":\"ReadAction\",\"target\":[\"https:\\\/\\\/milano-sanremo.org\\\/es\\\/\"]}]},{\"@type\":\"BreadcrumbList\",\"@id\":\"https:\\\/\\\/milano-sanremo.org\\\/es\\\/#breadcrumb\",\"itemListElement\":[{\"@type\":\"ListItem\",\"position\":1,\"name\":\"Home\",\"item\":\"https:\\\/\\\/milano-sanremo.org\\\/es\\\/\"},{\"@type\":\"ListItem\",\"position\":2,\"name\":\"Mil\u00e1n San Remo Aficionado 2025\"}]},{\"@type\":\"WebSite\",\"@id\":\"https:\\\/\\\/milano-sanremo.org\\\/es\\\/#website\",\"url\":\"https:\\\/\\\/milano-sanremo.org\\\/es\\\/\",\"name\":\"MILANO SANREMO AMATORI 2026\",\"description\":\"MIL\u00c1N SANREMO AMATEUR 7 DE JUNIO DE 2026 | SITIO OFICIAL\",\"potentialAction\":[{\"@type\":\"SearchAction\",\"target\":{\"@type\":\"EntryPoint\",\"urlTemplate\":\"https:\\\/\\\/milano-sanremo.org\\\/es\\\/?s={search_term_string}\"},\"query-input\":{\"@type\":\"PropertyValueSpecification\",\"valueRequired\":true,\"valueName\":\"search_term_string\"}}],\"inLanguage\":\"es\"}]}<\/script>\n<!-- \/ Yoast SEO plugin. -->","yoast_head_json":{"title":"Mil\u00e1n San Remo Aficionado 2025 | MILANO SANREMO AMATORI 2026 | MIL\u00c1N SANREMO AMATEUR 7 DE JUNIO DE 2026 | SITIO OFICIAL","description":"El Ciclo Deportivo Granfondo Mil\u00e1n San Remo cyclosportive 2025 es el \u00fanico evento ciclista amateur que permite cubrir las mismas rutas que la Classicissima.","robots":{"index":"index","follow":"follow","max-snippet":"max-snippet:-1","max-image-preview":"max-image-preview:large","max-video-preview":"max-video-preview:-1"},"canonical":"https:\/\/milano-sanremo.org\/es\/","og_locale":"es_ES","og_type":"article","og_title":"Mil\u00e1n San Remo Aficionado 2025 | MILANO SANREMO AMATORI 2026 | MIL\u00c1N SANREMO AMATEUR 7 DE JUNIO DE 2026 | SITIO OFICIAL","og_description":"El Ciclo Deportivo Granfondo Mil\u00e1n San Remo cyclosportive 2025 es el \u00fanico evento ciclista amateur que permite cubrir las mismas rutas que la Classicissima.","og_url":"https:\/\/milano-sanremo.org\/es\/","og_site_name":"MILANO SANREMO AMATORI 2026","article_modified_time":"2026-01-30T11:04:45+00:00","twitter_card":"summary_large_image","twitter_misc":{"Tiempo de lectura":"8 minutos"},"schema":{"@context":"https:\/\/schema.org","@graph":[{"@type":"WebPage","@id":"https:\/\/milano-sanremo.org\/es\/","url":"https:\/\/milano-sanremo.org\/es\/","name":"Mil\u00e1n San Remo Aficionado 2025 | MILANO SANREMO AMATORI 2026 | MIL\u00c1N SANREMO AMATEUR 7 DE JUNIO DE 2026 | SITIO OFICIAL","isPartOf":{"@id":"https:\/\/milano-sanremo.org\/es\/#website"},"datePublished":"2018-05-22T18:46:31+00:00","dateModified":"2026-01-30T11:04:45+00:00","description":"El Ciclo Deportivo Granfondo Mil\u00e1n San Remo cyclosportive 2025 es el \u00fanico evento ciclista amateur que permite cubrir las mismas rutas que la Classicissima.","breadcrumb":{"@id":"https:\/\/milano-sanremo.org\/es\/#breadcrumb"},"inLanguage":"es","potentialAction":[{"@type":"ReadAction","target":["https:\/\/milano-sanremo.org\/es\/"]}]},{"@type":"BreadcrumbList","@id":"https:\/\/milano-sanremo.org\/es\/#breadcrumb","itemListElement":[{"@type":"ListItem","position":1,"name":"Home","item":"https:\/\/milano-sanremo.org\/es\/"},{"@type":"ListItem","position":2,"name":"Mil\u00e1n San Remo Aficionado 2025"}]},{"@type":"WebSite","@id":"https:\/\/milano-sanremo.org\/es\/#website","url":"https:\/\/milano-sanremo.org\/es\/","name":"MILANO SANREMO AMATORI 2026","description":"MIL\u00c1N SANREMO AMATEUR 7 DE JUNIO DE 2026 | SITIO OFICIAL","potentialAction":[{"@type":"SearchAction","target":{"@type":"EntryPoint","urlTemplate":"https:\/\/milano-sanremo.org\/es\/?s={search_term_string}"},"query-input":{"@type":"PropertyValueSpecification","valueRequired":true,"valueName":"search_term_string"}}],"inLanguage":"es"}]}},"_links":{"self":[{"href":"https:\/\/milano-sanremo.org\/es\/wp-json\/wp\/v2\/pages\/8504","targetHints":{"allow":["GET"]}}],"collection":[{"href":"https:\/\/milano-sanremo.org\/es\/wp-json\/wp\/v2\/pages"}],"about":[{"href":"https:\/\/milano-sanremo.org\/es\/wp-json\/wp\/v2\/types\/page"}],"author":[{"embeddable":true,"href":"https:\/\/milano-sanremo.org\/es\/wp-json\/wp\/v2\/users\/1"}],"replies":[{"embeddable":true,"href":"https:\/\/milano-sanremo.org\/es\/wp-json\/wp\/v2\/comments?post=8504"}],"version-history":[{"count":111,"href":"https:\/\/milano-sanremo.org\/es\/wp-json\/wp\/v2\/pages\/8504\/revisions"}],"predecessor-version":[{"id":15398,"href":"https:\/\/milano-sanremo.org\/es\/wp-json\/wp\/v2\/pages\/8504\/revisions\/15398"}],"wp:attachment":[{"href":"https:\/\/milano-sanremo.org\/es\/wp-json\/wp\/v2\/media?parent=8504"}],"curies":[{"name":"wp","href":"https:\/\/api.w.org\/{rel}","templated":true}]}}