{"id":1641,"date":"2013-06-17T06:58:59","date_gmt":"2013-06-17T06:58:59","guid":{"rendered":"http:\/\/milano-sanremo.org\/wordpress\/?page_id=1641"},"modified":"2025-10-24T11:29:22","modified_gmt":"2025-10-24T11:29:22","slug":"program-3","status":"publish","type":"page","link":"https:\/\/milano-sanremo.org\/fr\/program-3\/","title":{"rendered":"PROGRAMME"},"content":{"rendered":"<p>[et_pb_section fb_built=\u00a0\u00bb1&Prime; admin_label=\u00a0\u00bbsection\u00a0\u00bb _builder_version=\u00a0\u00bb4.16&Prime; global_colors_info=\u00a0\u00bb{}\u00a0\u00bb][et_pb_row admin_label=\u00a0\u00bbrow\u00a0\u00bb _builder_version=\u00a0\u00bb4.16&Prime; background_size=\u00a0\u00bbinitial\u00a0\u00bb background_position=\u00a0\u00bbtop_left\u00a0\u00bb background_repeat=\u00a0\u00bbrepeat\u00a0\u00bb global_colors_info=\u00a0\u00bb{}\u00a0\u00bb][et_pb_column type=\u00a0\u00bb4_4&Prime; _builder_version=\u00a0\u00bb4.16&Prime; custom_padding=\u00a0\u00bb|||\u00a0\u00bb global_colors_info=\u00a0\u00bb{}\u00a0\u00bb custom_padding__hover=\u00a0\u00bb|||\u00a0\u00bb][et_pb_text admin_label=\u00a0\u00bbText\u00a0\u00bb _builder_version=\u00a0\u00bb4.19.5&Prime; background_size=\u00a0\u00bbinitial\u00a0\u00bb background_position=\u00a0\u00bbtop_left\u00a0\u00bb background_repeat=\u00a0\u00bbrepeat\u00a0\u00bb global_colors_info=\u00a0\u00bb{}\u00a0\u00bb]<\/p>\n<h2>Le calendrier que nous proposons ci-dessous inclut toutes les \u00e9tapes du Milan-San Remo Amateurs.<\/h2>\n<h2>\u00a0<\/h2>\n<p style=\"padding-left: 30px;\"><strong>Ouverture de l&rsquo;inscription en ligne<\/strong><\/p>\n<p style=\"padding-left: 30px;\"><strong>P\u00e9riode de validit\u00e9 des frais d&rsquo;inscription promotionnels, avec maillot souvenir incluse<\/strong><\/p>\n<p>20 f\u00e9vrier 2026<\/p>\n<p style=\"padding-left: 30px;\"><strong>Fin de la p\u00e9riode de validit\u00e9 des frais d&rsquo;inscription standard, avec maillot souvenir incluse<\/strong><\/p>\n<p>20 f\u00e9vrier 2026<\/p>\n<p style=\"padding-left: 30px;\"><strong>Date limite pour envoyer les documents des athl\u00e8tes qui se sont inscrits \u00e0 la course avec les frais d&rsquo;inscription promotionnels<br \/><\/strong><\/p>\n<p>20 avril 2026<\/p>\n<p style=\"padding-left: 30px;\"><strong>Fin de la p\u00e9riode de r\u00e9servation de la carte journali\u00e8re FCI<\/strong><\/p>\n<p style=\"padding-left: 30px;\"><strong>Fin de l&rsquo;inclusion du T-shirt souvenir dans le kit de la course<\/strong><\/p>\n<p style=\"padding-left: 30px;\"><strong>Date limite pour envoyer les documents des athl\u00e8tes qui se sont inscrits \u00e0 la course avec les frais d&rsquo;inscriptions standard<\/strong><\/p>\n<p>20 Avril &#8211; 31 Mai 2026<\/p>\n<p style=\"padding-left: 30px;\"><strong>P\u00e9riode correspondant aux frais d&rsquo;inscription standard, sans maillot souvenir, seulement avec un paiement par carte de cr\u00e9dit <\/strong><\/p>\n<p>31 Mai 2026<\/p>\n<p style=\"padding-left: 30px;\"><strong>Date limite d&rsquo;inscription en ligne<\/strong><\/p>\n<p><span style=\"color: #ff0000;\"><strong>6 Juin 2026<\/strong><\/span><\/p>\n<p style=\"padding-left: 30px;\"><strong><span style=\"color: #ff0000;\">Remise des kits pour la course et v\u00e9rification<\/span><\/strong><br \/><strong><span style=\"color: #ff0000;\">H\u00f4tel IBIS Style Settala, Milan &#8211; <\/span><\/strong><span style=\"color: #ff0000;\">10<\/span><span style=\"color: #ff0000;\"> h \u00e0 12 h 30 \/ 14 h 30 \u00e0 18 h 30<\/span><\/p>\n<p style=\"padding-left: 30px;\"><strong>Il est obligatoire de pr\u00e9senter:<\/strong><\/p>\n<ul>\n<li><strong>votre document d&rsquo;identit\u00e9<br \/><\/strong><\/li>\n<li><strong>votre carte de membre<br \/><\/strong><\/li>\n<li><strong>o\u00f9 de votre certificat m\u00e9dical d\u00ecaptitude \u00e0 la pratique sportive, si vous avez achet\u00e9 une licence journali\u00e8re<br \/><\/strong><\/li>\n<li><strong>la d\u00e9claration \u00e9thique si vous avez achet\u00e9 une licence journali\u00e8re<br \/><\/strong><\/li>\n<\/ul>\n<p><strong><span style=\"color: #ff0000;\">18h00 \u2013 Remise des prix aux groupes les plus nombreux<br data-start=\"586\" data-end=\"589\" \/>C\u00f4t\u00e9 jardin, en face du hall<br data-start=\"617\" data-end=\"620\" \/>18h30 \u2013 Premier service du d\u00eener<br data-start=\"652\" data-end=\"655\" \/>20h30 \u2013 Deuxi\u00e8me service du d\u00eener<\/span><\/strong><\/p>\n<p><span style=\"color: #ff0000;\"><strong>7 Juin 2026<\/strong><\/span><\/p>\n<p style=\"padding-left: 30px;\"><span style=\"color: #ff0000;\"><strong>7 h &#8211; H\u00f4tel IBIS Style Settala, Milan &#8211; <\/strong><\/span><strong><span style=\"color: #ff0000;\">D\u00c9PART<\/span><\/strong><\/p>\n<p style=\"padding-left: 30px;\"><strong><span style=\"color: #ff0000;\">\u00e0 partir de 14 h 45 &#8211; Arriv\u00e9e \u00e0 Corso Salvo d&rsquo;Acquisto, avec Pasta Party et douches \u00e0 la Villa Ormond<\/span><\/strong><\/p>\n<p style=\"padding-left: 30px;\"><span style=\"color: #ff0000;\"><strong>\u00e0 partir de 17 h 30<br \/>Transferts vers les h\u00f4tels affili\u00e9s de San Remo<br \/><\/strong><\/span><strong>(pour ceux qui ont r\u00e9serv\u00e9 leur h\u00f4tel sur le site Internet)\u00a0<\/strong><\/p>\n<p>&nbsp;<\/p>\n<p>[\/et_pb_text][\/et_pb_column][\/et_pb_row][\/et_pb_section]<\/p>\n","protected":false},"excerpt":{"rendered":"<p>Le calendrier que nous proposons ci-dessous inclut toutes les \u00e9tapes du Milan-San Remo Amateurs. \u00a0 Ouverture de l&rsquo;inscription en ligne P\u00e9riode de validit\u00e9 des frais d&rsquo;inscription promotionnels, avec maillot souvenir incluse 20 f\u00e9vrier 2026 Fin de la p\u00e9riode de validit\u00e9 des frais d&rsquo;inscription standard, avec maillot souvenir incluse 20 f\u00e9vrier 2026 Date limite pour envoyer [&hellip;]<\/p>\n","protected":false},"author":1,"featured_media":0,"parent":0,"menu_order":0,"comment_status":"closed","ping_status":"closed","template":"","meta":{"_et_pb_use_builder":"on","_et_pb_old_content":"<h2>Le calendrier que nous proposons ci-dessous inclut toutes les \u00e9tapes du Gran Fondo Milan-San Remo.<\/h2>\r\n<h2><\/h2>\r\n01 Septembre 2020\r\n<p style=\"padding-left: 30px;\"><strong>Ouverture de l'inscription en ligne<\/strong><\/p>\r\n01 septembre 2020 - 30 novembre 2020\r\n<p style=\"padding-left: 30px;\"><strong>P\u00e9riode de validit\u00e9 des frais d'inscription promotionnels, avec t-shirt souvenir incluse<\/strong><\/p>\r\n01 d\u00e9cember 2020 - 30 avril 2021\r\n<p style=\"padding-left: 30px;\"><strong>Fin de la p\u00e9riode de validit\u00e9 des frais d'inscription standard, avec t-shirt souvenir incluse<\/strong><\/p>\r\n28 f\u00e9vrier 2021\r\n<p style=\"padding-left: 30px;\"><strong>Date limite pour envoyer les documents des athl\u00e8tes qui se sont inscrits \u00e0 la course avec les frais d'inscription promotionnels\r\n<\/strong><\/p>\r\n30 juillet 2021\r\n<p style=\"padding-left: 30px;\"><strong>Fin de la p\u00e9riode de r\u00e9servation de la carte journali\u00e8re FCI<\/strong><\/p>\r\n<p style=\"padding-left: 30px;\"><strong>Fin de l'inclusion du T-shirt souvenir dans le kit de la course<\/strong><\/p>\r\n<p style=\"padding-left: 30px;\"><strong>Fin de la p\u00e9riode d'acceptation d'inscription par virement bancaire<\/strong><\/p>\r\n<p style=\"padding-left: 30px;\"><strong>Date limite pour envoyer les documents des athl\u00e8tes qui se sont inscrits \u00e0 la course avec les frais d'inscriptions standard<\/strong><\/p>\r\n1er aout 2021\r\n<p style=\"padding-left: 30px;\"><strong>P\u00e9riode correspondant aux frais d'inscription standard, sans\u00a0T-shirt souvenir,\u00a0seulement avec un paiement par carte de cr\u00e9dit ou Paypal<\/strong><\/p>\r\n15 aout 2021\r\n<p style=\"padding-left: 30px;\"><strong>Publication sur le site Internet des coupons pour les h\u00f4tels et les bus<\/strong><\/p>\r\n31 aout 2021\r\n<p style=\"padding-left: 30px;\"><strong>Date limite d'inscription en ligne<\/strong><\/p>\r\n<span style=\"color: #ff0000;\"><strong>11 septembre 2021<\/strong><\/span>\r\n<p style=\"padding-left: 30px;\"><strong><span style=\"color: #ff0000;\">Remise des kits pour la course et v\u00e9rification<\/span><\/strong>\r\n<strong><span style=\"color: #ff0000;\">H\u00f4tel Ripamonti, Pieve Emanuele, Milan - <\/span><\/strong><span style=\"color: #ff0000;\">10 h \u00e0 12 h 30 \/ 14 h 30 \u00e0 19 h<\/span><\/p>\r\n<p style=\"padding-left: 30px;\"><strong>Il est obligatoire de pr\u00e9senter:\r\n<\/strong><\/p>\r\n\r\n<ul>\r\n \t<li><strong>le voucher de confirme de votre inscription, qui vous pouvez t\u00e9l\u00e9charger par votre area personnelle du site d'inscription en ligne\r\n<\/strong><\/li>\r\n \t<li><strong>votre document d'identit\u00e9\r\n<\/strong><\/li>\r\n \t<li><strong>votre carte de membre\r\n<\/strong><\/li>\r\n \t<li><strong>o\u00f9 de votre certificat m\u00e9dical d\u00ecaptitude \u00e0 la pratique sportive, si vous avez achet\u00e9 une licence journali\u00e8re\r\n<\/strong><\/li>\r\n \t<li><strong>la d\u00e9claration \u00e9thique si vous avez achet\u00e9 une licence journali\u00e8re\r\n<\/strong><\/li>\r\n<\/ul>\r\n<strong>\u00a0<\/strong>\r\n\r\n<span style=\"color: #ff0000;\"><strong>12 septembre 2021<\/strong><\/span>\r\n<p style=\"padding-left: 30px;\"><span style=\"color: #ff0000;\"><strong>7 h - H\u00f4tel Ripamonti, Pieve Emanuele, Milan - <\/strong><\/span><strong><span style=\"color: #ff0000;\">D\u00c9PART<\/span><\/strong><\/p>\r\n<p style=\"padding-left: 30px;\"><strong><span style=\"color: #ff0000;\">\u00e0 partir de 14 h 45 - Arriv\u00e9e au Palafiori avec Pasta Party<\/span><\/strong><\/p>\r\n<p style=\"padding-left: 30px;\"><span style=\"color: #ff0000;\"><strong>17 h<\/strong><\/span>\r\n<span style=\"color: #ff0000;\"><strong>C\u00e9r\u00e9monie de Remise des Prix<\/strong><\/span><\/p>\r\n<p style=\"padding-left: 30px;\"><span style=\"color: #ff0000;\"><strong>\u00e0 partir de 17 h 30\r\nTransferts vers les h\u00f4tels affili\u00e9s de San Remo\r\n<\/strong><\/span><strong>(pour ceux qui ont r\u00e9serv\u00e9 leur h\u00f4tel sur le site Internet)\u00a0<\/strong><\/p>\r\n<p style=\"padding-left: 30px;\"><span style=\"color: #ff0000;\"><strong>20 h 30\r\nD\u00e9part du 1er bus retournant \u00e0 Milan\r\n(l'horaire est imp\u00e9ratif)<\/strong><\/span><\/p>\r\n<strong><span style=\"color: #ff0000;\">13 septembre 2021\r\nD\u00e9part du 2\u00e8me bus retournant \u00e0 Milan<\/span><\/strong>\r\n<span style=\"color: #ff0000;\"><strong>(l'horaire est imp\u00e9ratif)<\/strong><\/span>\r\n<p style=\"padding-left: 30px;\"><span style=\"color: #ff0000;\"><strong>10:00 arr\u00eat chez l'ancienne gare en Piazza Cesare Battisti, \u00e0 San Remo\r\n11:00 D\u00e9part de San Remo\r\n16:00 Arriv\u00e9e \u00e0 Milan prevu (selon les conditions du traffic)<\/strong><\/span><\/p>\r\n\u00a0","_et_gb_content_width":"","ngg_post_thumbnail":0,"footnotes":""},"class_list":["post-1641","page","type-page","status-publish","hentry"],"yoast_head":"<!-- This site is optimized with the Yoast SEO plugin v27.4 - https:\/\/yoast.com\/product\/yoast-seo-wordpress\/ -->\n<title>PROGRAMME | MILANO SANREMO AMATORI | MILAN SANREMO AMATEURS | 7 JUIN 2026 | SITE OFFICIEL<\/title>\n<meta name=\"description\" content=\"Le calendrier que nous proposons ci-dessous inclut toutes les \u00e9tapes du Gran Fondo Milan-San Remo.\" \/>\n<meta name=\"robots\" content=\"index, follow, max-snippet:-1, max-image-preview:large, max-video-preview:-1\" \/>\n<link rel=\"canonical\" href=\"https:\/\/milano-sanremo.org\/fr\/program-3\/\" \/>\n<meta property=\"og:locale\" content=\"fr_FR\" \/>\n<meta property=\"og:type\" content=\"article\" \/>\n<meta property=\"og:title\" content=\"PROGRAMME | MILANO SANREMO AMATORI | MILAN SANREMO AMATEURS | 7 JUIN 2026 | SITE OFFICIEL\" \/>\n<meta property=\"og:description\" content=\"Le calendrier que nous proposons ci-dessous inclut toutes les \u00e9tapes du Gran Fondo Milan-San Remo.\" \/>\n<meta property=\"og:url\" content=\"https:\/\/milano-sanremo.org\/fr\/program-3\/\" \/>\n<meta property=\"og:site_name\" content=\"MILANO SANREMO AMATORI\" \/>\n<meta property=\"article:modified_time\" content=\"2025-10-24T11:29:22+00:00\" \/>\n<meta name=\"twitter:card\" content=\"summary_large_image\" \/>\n<meta name=\"twitter:label1\" content=\"Dur\u00e9e de lecture estim\u00e9e\" \/>\n\t<meta name=\"twitter:data1\" content=\"3 minutes\" \/>\n<script type=\"application\/ld+json\" class=\"yoast-schema-graph\">{\"@context\":\"https:\\\/\\\/schema.org\",\"@graph\":[{\"@type\":\"WebPage\",\"@id\":\"https:\\\/\\\/milano-sanremo.org\\\/fr\\\/program-3\\\/\",\"url\":\"https:\\\/\\\/milano-sanremo.org\\\/fr\\\/program-3\\\/\",\"name\":\"PROGRAMME | MILANO SANREMO AMATORI | MILAN SANREMO AMATEURS | 7 JUIN 2026 | SITE OFFICIEL\",\"isPartOf\":{\"@id\":\"https:\\\/\\\/milano-sanremo.org\\\/fr\\\/#website\"},\"datePublished\":\"2013-06-17T06:58:59+00:00\",\"dateModified\":\"2025-10-24T11:29:22+00:00\",\"description\":\"Le calendrier que nous proposons ci-dessous inclut toutes les \u00e9tapes du Gran Fondo Milan-San Remo.\",\"breadcrumb\":{\"@id\":\"https:\\\/\\\/milano-sanremo.org\\\/fr\\\/program-3\\\/#breadcrumb\"},\"inLanguage\":\"fr-FR\",\"potentialAction\":[{\"@type\":\"ReadAction\",\"target\":[\"https:\\\/\\\/milano-sanremo.org\\\/fr\\\/program-3\\\/\"]}]},{\"@type\":\"BreadcrumbList\",\"@id\":\"https:\\\/\\\/milano-sanremo.org\\\/fr\\\/program-3\\\/#breadcrumb\",\"itemListElement\":[{\"@type\":\"ListItem\",\"position\":1,\"name\":\"Home\",\"item\":\"https:\\\/\\\/milano-sanremo.org\\\/fr\\\/\"},{\"@type\":\"ListItem\",\"position\":2,\"name\":\"PROGRAMME\"}]},{\"@type\":\"WebSite\",\"@id\":\"https:\\\/\\\/milano-sanremo.org\\\/fr\\\/#website\",\"url\":\"https:\\\/\\\/milano-sanremo.org\\\/fr\\\/\",\"name\":\"MILANO SANREMO AMATORI\",\"description\":\"MILAN SANREMO AMATEURS | 7 JUIN 2026 | SITE OFFICIEL\",\"potentialAction\":[{\"@type\":\"SearchAction\",\"target\":{\"@type\":\"EntryPoint\",\"urlTemplate\":\"https:\\\/\\\/milano-sanremo.org\\\/fr\\\/?s={search_term_string}\"},\"query-input\":{\"@type\":\"PropertyValueSpecification\",\"valueRequired\":true,\"valueName\":\"search_term_string\"}}],\"inLanguage\":\"fr-FR\"}]}<\/script>\n<!-- \/ Yoast SEO plugin. -->","yoast_head_json":{"title":"PROGRAMME | MILANO SANREMO AMATORI | MILAN SANREMO AMATEURS | 7 JUIN 2026 | SITE OFFICIEL","description":"Le calendrier que nous proposons ci-dessous inclut toutes les \u00e9tapes du Gran Fondo Milan-San Remo.","robots":{"index":"index","follow":"follow","max-snippet":"max-snippet:-1","max-image-preview":"max-image-preview:large","max-video-preview":"max-video-preview:-1"},"canonical":"https:\/\/milano-sanremo.org\/fr\/program-3\/","og_locale":"fr_FR","og_type":"article","og_title":"PROGRAMME | MILANO SANREMO AMATORI | MILAN SANREMO AMATEURS | 7 JUIN 2026 | SITE OFFICIEL","og_description":"Le calendrier que nous proposons ci-dessous inclut toutes les \u00e9tapes du Gran Fondo Milan-San Remo.","og_url":"https:\/\/milano-sanremo.org\/fr\/program-3\/","og_site_name":"MILANO SANREMO AMATORI","article_modified_time":"2025-10-24T11:29:22+00:00","twitter_card":"summary_large_image","twitter_misc":{"Dur\u00e9e de lecture estim\u00e9e":"3 minutes"},"schema":{"@context":"https:\/\/schema.org","@graph":[{"@type":"WebPage","@id":"https:\/\/milano-sanremo.org\/fr\/program-3\/","url":"https:\/\/milano-sanremo.org\/fr\/program-3\/","name":"PROGRAMME | MILANO SANREMO AMATORI | MILAN SANREMO AMATEURS | 7 JUIN 2026 | SITE OFFICIEL","isPartOf":{"@id":"https:\/\/milano-sanremo.org\/fr\/#website"},"datePublished":"2013-06-17T06:58:59+00:00","dateModified":"2025-10-24T11:29:22+00:00","description":"Le calendrier que nous proposons ci-dessous inclut toutes les \u00e9tapes du Gran Fondo Milan-San Remo.","breadcrumb":{"@id":"https:\/\/milano-sanremo.org\/fr\/program-3\/#breadcrumb"},"inLanguage":"fr-FR","potentialAction":[{"@type":"ReadAction","target":["https:\/\/milano-sanremo.org\/fr\/program-3\/"]}]},{"@type":"BreadcrumbList","@id":"https:\/\/milano-sanremo.org\/fr\/program-3\/#breadcrumb","itemListElement":[{"@type":"ListItem","position":1,"name":"Home","item":"https:\/\/milano-sanremo.org\/fr\/"},{"@type":"ListItem","position":2,"name":"PROGRAMME"}]},{"@type":"WebSite","@id":"https:\/\/milano-sanremo.org\/fr\/#website","url":"https:\/\/milano-sanremo.org\/fr\/","name":"MILANO SANREMO AMATORI","description":"MILAN SANREMO AMATEURS | 7 JUIN 2026 | SITE OFFICIEL","potentialAction":[{"@type":"SearchAction","target":{"@type":"EntryPoint","urlTemplate":"https:\/\/milano-sanremo.org\/fr\/?s={search_term_string}"},"query-input":{"@type":"PropertyValueSpecification","valueRequired":true,"valueName":"search_term_string"}}],"inLanguage":"fr-FR"}]}},"_links":{"self":[{"href":"https:\/\/milano-sanremo.org\/fr\/wp-json\/wp\/v2\/pages\/1641","targetHints":{"allow":["GET"]}}],"collection":[{"href":"https:\/\/milano-sanremo.org\/fr\/wp-json\/wp\/v2\/pages"}],"about":[{"href":"https:\/\/milano-sanremo.org\/fr\/wp-json\/wp\/v2\/types\/page"}],"author":[{"embeddable":true,"href":"https:\/\/milano-sanremo.org\/fr\/wp-json\/wp\/v2\/users\/1"}],"replies":[{"embeddable":true,"href":"https:\/\/milano-sanremo.org\/fr\/wp-json\/wp\/v2\/comments?post=1641"}],"version-history":[{"count":58,"href":"https:\/\/milano-sanremo.org\/fr\/wp-json\/wp\/v2\/pages\/1641\/revisions"}],"predecessor-version":[{"id":15059,"href":"https:\/\/milano-sanremo.org\/fr\/wp-json\/wp\/v2\/pages\/1641\/revisions\/15059"}],"wp:attachment":[{"href":"https:\/\/milano-sanremo.org\/fr\/wp-json\/wp\/v2\/media?parent=1641"}],"curies":[{"name":"wp","href":"https:\/\/api.w.org\/{rel}","templated":true}]}}