{"id":1872,"date":"2013-06-17T12:08:04","date_gmt":"2013-06-17T12:08:04","guid":{"rendered":"http:\/\/milano-sanremo.org\/wordpress\/?page_id=1872"},"modified":"2025-10-23T11:55:38","modified_gmt":"2025-10-23T11:55:38","slug":"cyclotourisme-a-san-remo","status":"publish","type":"page","link":"https:\/\/milano-sanremo.org\/fr\/voyager\/cyclotourisme-a-san-remo\/","title":{"rendered":"Vacances en v\u00e9lo \u00e0 San Remo"},"content":{"rendered":"<p>[et_pb_section fb_built=\u00a0\u00bb1&Prime; admin_label=\u00a0\u00bbsection\u00a0\u00bb _builder_version=\u00a0\u00bb4.16&Prime; global_colors_info=\u00a0\u00bb{}\u00a0\u00bb][et_pb_row admin_label=\u00a0\u00bbrow\u00a0\u00bb _builder_version=\u00a0\u00bb4.16&Prime; background_size=\u00a0\u00bbinitial\u00a0\u00bb background_position=\u00a0\u00bbtop_left\u00a0\u00bb background_repeat=\u00a0\u00bbrepeat\u00a0\u00bb global_colors_info=\u00a0\u00bb{}\u00a0\u00bb][et_pb_column type=\u00a0\u00bb4_4&Prime; _builder_version=\u00a0\u00bb4.16&Prime; custom_padding=\u00a0\u00bb|||\u00a0\u00bb global_colors_info=\u00a0\u00bb{}\u00a0\u00bb custom_padding__hover=\u00a0\u00bb|||\u00a0\u00bb][et_pb_text admin_label=\u00a0\u00bbText\u00a0\u00bb _builder_version=\u00a0\u00bb4.27.4&Prime; background_size=\u00a0\u00bbinitial\u00a0\u00bb background_position=\u00a0\u00bbtop_left\u00a0\u00bb background_repeat=\u00a0\u00bbrepeat\u00a0\u00bb hover_enabled=\u00a0\u00bb0&Prime; global_colors_info=\u00a0\u00bb{}\u00a0\u00bb sticky_enabled=\u00a0\u00bb0&Prime;]<\/p>\n<h5>Un climat doux toute l&rsquo;ann\u00e9e, la mer merveilleuse, de sublimes fleurs, des palmiers centenaires et des \u00e9v\u00e9nements merveilleusement passionnants.<\/h5>\n<p><img loading=\"lazy\" decoding=\"async\" class=\"size-full wp-image-1868 aligncenter\" src=\"http:\/\/milano-sanremo.org\/wordpress\/wp-content\/uploads\/2013\/06\/sanremo-pista-ciclabile.jpg\" alt=\"sanremo-pista-ciclabile\" width=\"500\" height=\"332\" srcset=\"https:\/\/milano-sanremo.org\/wp-content\/uploads\/2013\/06\/sanremo-pista-ciclabile.jpg 500w, https:\/\/milano-sanremo.org\/wp-content\/uploads\/2013\/06\/sanremo-pista-ciclabile-300x199.jpg 300w\" sizes=\"(max-width: 500px) 100vw, 500px\" \/><\/p>\n<p style=\"text-align: justify;\">Dans ce somptueux d\u00e9cor o\u00f9, depuis plus d&rsquo;un si\u00e8cle, la course cycliste professionnelle Classicissima Printani\u00e8re Milan &#8211; San Remo, ouvre, au cours du mois de mars, la saison des grandes comp\u00e9titions classiques, se d\u00e9roule la Cyclotouriste Milan &#8211; San Remo Amatori pour les cyclistes amateur depuis 1970.<\/p>\n<p style=\"text-align: justify;\">En participant \u00e0 la Grande Cyclotouriste Milan &#8211; Sanremo Amatori, vous aurez l&rsquo;opportunit\u00e9 de vous mettre au d\u00e9fi sur les routes de la plus longue course cycliste au monde. Et, si vous le d\u00e9sirez, vous pourrez \u00e9galement profiter de l&rsquo;occasion pour passer des vacances sportives \u00e0 San Remo.<\/p>\n<p style=\"text-align: justify;\">La toute nouvelle Piste Cyclable en bord de mer suit le trac\u00e9 de la vieille voie ferroviaire et vous permettra de rejoindre l&rsquo;arri\u00e8re-pays naturel pr\u00e9serv\u00e9 ainsi que ses charmants villages m\u00e9di\u00e9vaux et de d\u00e9couvrir des parcours fascinants et stimulants.<\/p>\n<p style=\"text-align: justify;\"><strong>Nous avons d\u00e9velopp\u00e9 un programme sp\u00e9cial pour les participants du Milan &#8211; San Remo Amatori:<\/strong><\/p>\n<div>\n<div>\n<p>&nbsp;<\/p>\n<p><strong>08 juin 2026<\/strong><\/p>\n<p>matin\u00e9e libre pour relaxer<\/p>\n<p><strong>14 h<\/strong> \u00e9chauffement sur la piste cyclable du parc c\u00f4tier de la Ligure&nbsp;<strong>:<br \/>San Remo \u2013 San Lorenzo al Mare \u2013 Taggia \u2013 San Remo<br \/><\/strong>total de 40 km sur le plat<\/p>\n<p><strong>sur la route o\u00f9 le contre-la-montre de l&rsquo;\u00e9quipe d&rsquo;ouverture pour le Giro d\u2019Italia 2015 \u00e0 eu lieu<\/strong><\/p>\n<p><strong>09 juin 2026<\/strong><\/p>\n<p><strong>9 h 30 Circuit des fleurs<\/strong>, \u00e9tape dans l\u2019arri\u00e8re-pays des Alpes maritimes du 84\u00e8me Giro 2001<br \/><em>total 130 km environ.<\/em><\/p>\n<p><em>La course rose empruntait la via Aurelia, traversant Ospedaletti, Bordighera, Vallecrosia, Camporosso Mare, jusqu\u2019\u00e0 Nervia o\u00f9 l\u2019on s\u2019engageait dans la vall\u00e9e de la Nervia jusqu\u2019\u00e0 Isolabona, pour ensuite tourner vers Apricale et grimper vers Baiardo (900 m\u00e8tres d\u2019altitude, premier Grand Prix de la Montagne). De l\u00e0 elle continuait vers Passo Ghimberga (898&nbsp;<em>m\u00e8tres d\u2019altitude<\/em>), Ceriana et le Poggio de San Remo, pris en sens inverse, puis remontait la vall\u00e9e Argentina, avec passage par Taggia, Badalucco, Molini di Triora, puis mont\u00e9e vers le croisement du Langan (1093 <em>m\u00e8tres d\u2019altitude<\/em>) pour enfin affronter le Mont Ceppo (1504 <em>m\u00e8tres d\u2019altitude<\/em>, deuxi\u00e8me Grand Prix de la Montagne). Puis l\u2019on rentrait sur San Remo apr\u00e8s un second passage sur le Ghimbegna.<\/em><\/p>\n<p><strong>Si ce programme d\u2019apr\u00e8s-course vous int\u00e9resse, merci de nous contacter pour recevoir plus d\u2019informations ainsi que nos tarifs.<\/strong><\/p>\n<\/div>\n<\/div>\n<p>[\/et_pb_text][\/et_pb_column][\/et_pb_row][\/et_pb_section]<\/p>\n","protected":false},"excerpt":{"rendered":"<p>Un climat doux toute l&rsquo;ann\u00e9e, la mer merveilleuse, de sublimes fleurs, des palmiers centenaires et des \u00e9v\u00e9nements merveilleusement passionnants. Dans ce somptueux d\u00e9cor o\u00f9, depuis plus d&rsquo;un si\u00e8cle, la course cycliste professionnelle Classicissima Printani\u00e8re Milan &#8211; San Remo, ouvre, au cours du mois de mars, la saison des grandes comp\u00e9titions classiques, se d\u00e9roule la Cyclotouriste [&hellip;]<\/p>\n","protected":false},"author":1,"featured_media":0,"parent":1619,"menu_order":0,"comment_status":"closed","ping_status":"closed","template":"","meta":{"_et_pb_use_builder":"on","_et_pb_old_content":"","_et_gb_content_width":"","ngg_post_thumbnail":0,"footnotes":""},"class_list":["post-1872","page","type-page","status-publish","hentry"],"yoast_head":"<!-- This site is optimized with the Yoast SEO plugin v27.4 - https:\/\/yoast.com\/product\/yoast-seo-wordpress\/ -->\n<title>Vacances en v\u00e9lo \u00e0 San Remo | MILANO SANREMO AMATORI | MILAN SANREMO AMATEURS | 7 JUIN 2026 | SITE OFFICIEL<\/title>\n<meta name=\"description\" content=\"vacances \u00e0 v\u00e9lo \u00e0 sanremo, vacances \u00e0 v\u00e9lo sur le littoral ligure. R\u00e9servez sur notre site web\" \/>\n<meta name=\"robots\" content=\"index, follow, max-snippet:-1, max-image-preview:large, max-video-preview:-1\" \/>\n<link rel=\"canonical\" href=\"https:\/\/milano-sanremo.org\/fr\/voyager\/cyclotourisme-a-san-remo\/\" \/>\n<meta property=\"og:locale\" content=\"fr_FR\" \/>\n<meta property=\"og:type\" content=\"article\" \/>\n<meta property=\"og:title\" content=\"Vacances en v\u00e9lo \u00e0 San Remo | MILANO SANREMO AMATORI | MILAN SANREMO AMATEURS | 7 JUIN 2026 | SITE OFFICIEL\" \/>\n<meta property=\"og:description\" content=\"vacances \u00e0 v\u00e9lo \u00e0 sanremo, vacances \u00e0 v\u00e9lo sur le littoral ligure. R\u00e9servez sur notre site web\" \/>\n<meta property=\"og:url\" content=\"https:\/\/milano-sanremo.org\/fr\/voyager\/cyclotourisme-a-san-remo\/\" \/>\n<meta property=\"og:site_name\" content=\"MILANO SANREMO AMATORI\" \/>\n<meta property=\"article:modified_time\" content=\"2025-10-23T11:55:38+00:00\" \/>\n<meta property=\"og:image\" content=\"http:\/\/milano-sanremo.org\/wordpress\/wp-content\/uploads\/2013\/06\/sanremo-pista-ciclabile.jpg\" \/>\n<meta name=\"twitter:card\" content=\"summary_large_image\" \/>\n<meta name=\"twitter:label1\" content=\"Dur\u00e9e de lecture estim\u00e9e\" \/>\n\t<meta name=\"twitter:data1\" content=\"3 minutes\" \/>\n<script type=\"application\/ld+json\" class=\"yoast-schema-graph\">{\"@context\":\"https:\\\/\\\/schema.org\",\"@graph\":[{\"@type\":\"WebPage\",\"@id\":\"https:\\\/\\\/milano-sanremo.org\\\/fr\\\/voyager\\\/cyclotourisme-a-san-remo\\\/\",\"url\":\"https:\\\/\\\/milano-sanremo.org\\\/fr\\\/voyager\\\/cyclotourisme-a-san-remo\\\/\",\"name\":\"Vacances en v\u00e9lo \u00e0 San Remo | MILANO SANREMO AMATORI | MILAN SANREMO AMATEURS | 7 JUIN 2026 | SITE OFFICIEL\",\"isPartOf\":{\"@id\":\"https:\\\/\\\/milano-sanremo.org\\\/fr\\\/#website\"},\"primaryImageOfPage\":{\"@id\":\"https:\\\/\\\/milano-sanremo.org\\\/fr\\\/voyager\\\/cyclotourisme-a-san-remo\\\/#primaryimage\"},\"image\":{\"@id\":\"https:\\\/\\\/milano-sanremo.org\\\/fr\\\/voyager\\\/cyclotourisme-a-san-remo\\\/#primaryimage\"},\"thumbnailUrl\":\"http:\\\/\\\/milano-sanremo.org\\\/wordpress\\\/wp-content\\\/uploads\\\/2013\\\/06\\\/sanremo-pista-ciclabile.jpg\",\"datePublished\":\"2013-06-17T12:08:04+00:00\",\"dateModified\":\"2025-10-23T11:55:38+00:00\",\"description\":\"vacances \u00e0 v\u00e9lo \u00e0 sanremo, vacances \u00e0 v\u00e9lo sur le littoral ligure. R\u00e9servez sur notre site web\",\"breadcrumb\":{\"@id\":\"https:\\\/\\\/milano-sanremo.org\\\/fr\\\/voyager\\\/cyclotourisme-a-san-remo\\\/#breadcrumb\"},\"inLanguage\":\"fr-FR\",\"potentialAction\":[{\"@type\":\"ReadAction\",\"target\":[\"https:\\\/\\\/milano-sanremo.org\\\/fr\\\/voyager\\\/cyclotourisme-a-san-remo\\\/\"]}]},{\"@type\":\"ImageObject\",\"inLanguage\":\"fr-FR\",\"@id\":\"https:\\\/\\\/milano-sanremo.org\\\/fr\\\/voyager\\\/cyclotourisme-a-san-remo\\\/#primaryimage\",\"url\":\"http:\\\/\\\/milano-sanremo.org\\\/wordpress\\\/wp-content\\\/uploads\\\/2013\\\/06\\\/sanremo-pista-ciclabile.jpg\",\"contentUrl\":\"http:\\\/\\\/milano-sanremo.org\\\/wordpress\\\/wp-content\\\/uploads\\\/2013\\\/06\\\/sanremo-pista-ciclabile.jpg\"},{\"@type\":\"BreadcrumbList\",\"@id\":\"https:\\\/\\\/milano-sanremo.org\\\/fr\\\/voyager\\\/cyclotourisme-a-san-remo\\\/#breadcrumb\",\"itemListElement\":[{\"@type\":\"ListItem\",\"position\":1,\"name\":\"Home\",\"item\":\"https:\\\/\\\/milano-sanremo.org\\\/fr\\\/\"},{\"@type\":\"ListItem\",\"position\":2,\"name\":\"VOYAGE\",\"item\":\"https:\\\/\\\/milano-sanremo.org\\\/fr\\\/viaggio\\\/\"},{\"@type\":\"ListItem\",\"position\":3,\"name\":\"Vacances en v\u00e9lo \u00e0 San Remo\"}]},{\"@type\":\"WebSite\",\"@id\":\"https:\\\/\\\/milano-sanremo.org\\\/fr\\\/#website\",\"url\":\"https:\\\/\\\/milano-sanremo.org\\\/fr\\\/\",\"name\":\"MILANO SANREMO AMATORI\",\"description\":\"MILAN SANREMO AMATEURS | 7 JUIN 2026 | SITE OFFICIEL\",\"potentialAction\":[{\"@type\":\"SearchAction\",\"target\":{\"@type\":\"EntryPoint\",\"urlTemplate\":\"https:\\\/\\\/milano-sanremo.org\\\/fr\\\/?s={search_term_string}\"},\"query-input\":{\"@type\":\"PropertyValueSpecification\",\"valueRequired\":true,\"valueName\":\"search_term_string\"}}],\"inLanguage\":\"fr-FR\"}]}<\/script>\n<!-- \/ Yoast SEO plugin. -->","yoast_head_json":{"title":"Vacances en v\u00e9lo \u00e0 San Remo | MILANO SANREMO AMATORI | MILAN SANREMO AMATEURS | 7 JUIN 2026 | SITE OFFICIEL","description":"vacances \u00e0 v\u00e9lo \u00e0 sanremo, vacances \u00e0 v\u00e9lo sur le littoral ligure. R\u00e9servez sur notre site web","robots":{"index":"index","follow":"follow","max-snippet":"max-snippet:-1","max-image-preview":"max-image-preview:large","max-video-preview":"max-video-preview:-1"},"canonical":"https:\/\/milano-sanremo.org\/fr\/voyager\/cyclotourisme-a-san-remo\/","og_locale":"fr_FR","og_type":"article","og_title":"Vacances en v\u00e9lo \u00e0 San Remo | MILANO SANREMO AMATORI | MILAN SANREMO AMATEURS | 7 JUIN 2026 | SITE OFFICIEL","og_description":"vacances \u00e0 v\u00e9lo \u00e0 sanremo, vacances \u00e0 v\u00e9lo sur le littoral ligure. R\u00e9servez sur notre site web","og_url":"https:\/\/milano-sanremo.org\/fr\/voyager\/cyclotourisme-a-san-remo\/","og_site_name":"MILANO SANREMO AMATORI","article_modified_time":"2025-10-23T11:55:38+00:00","og_image":[{"url":"http:\/\/milano-sanremo.org\/wordpress\/wp-content\/uploads\/2013\/06\/sanremo-pista-ciclabile.jpg","type":"","width":"","height":""}],"twitter_card":"summary_large_image","twitter_misc":{"Dur\u00e9e de lecture estim\u00e9e":"3 minutes"},"schema":{"@context":"https:\/\/schema.org","@graph":[{"@type":"WebPage","@id":"https:\/\/milano-sanremo.org\/fr\/voyager\/cyclotourisme-a-san-remo\/","url":"https:\/\/milano-sanremo.org\/fr\/voyager\/cyclotourisme-a-san-remo\/","name":"Vacances en v\u00e9lo \u00e0 San Remo | MILANO SANREMO AMATORI | MILAN SANREMO AMATEURS | 7 JUIN 2026 | SITE OFFICIEL","isPartOf":{"@id":"https:\/\/milano-sanremo.org\/fr\/#website"},"primaryImageOfPage":{"@id":"https:\/\/milano-sanremo.org\/fr\/voyager\/cyclotourisme-a-san-remo\/#primaryimage"},"image":{"@id":"https:\/\/milano-sanremo.org\/fr\/voyager\/cyclotourisme-a-san-remo\/#primaryimage"},"thumbnailUrl":"http:\/\/milano-sanremo.org\/wordpress\/wp-content\/uploads\/2013\/06\/sanremo-pista-ciclabile.jpg","datePublished":"2013-06-17T12:08:04+00:00","dateModified":"2025-10-23T11:55:38+00:00","description":"vacances \u00e0 v\u00e9lo \u00e0 sanremo, vacances \u00e0 v\u00e9lo sur le littoral ligure. R\u00e9servez sur notre site web","breadcrumb":{"@id":"https:\/\/milano-sanremo.org\/fr\/voyager\/cyclotourisme-a-san-remo\/#breadcrumb"},"inLanguage":"fr-FR","potentialAction":[{"@type":"ReadAction","target":["https:\/\/milano-sanremo.org\/fr\/voyager\/cyclotourisme-a-san-remo\/"]}]},{"@type":"ImageObject","inLanguage":"fr-FR","@id":"https:\/\/milano-sanremo.org\/fr\/voyager\/cyclotourisme-a-san-remo\/#primaryimage","url":"http:\/\/milano-sanremo.org\/wordpress\/wp-content\/uploads\/2013\/06\/sanremo-pista-ciclabile.jpg","contentUrl":"http:\/\/milano-sanremo.org\/wordpress\/wp-content\/uploads\/2013\/06\/sanremo-pista-ciclabile.jpg"},{"@type":"BreadcrumbList","@id":"https:\/\/milano-sanremo.org\/fr\/voyager\/cyclotourisme-a-san-remo\/#breadcrumb","itemListElement":[{"@type":"ListItem","position":1,"name":"Home","item":"https:\/\/milano-sanremo.org\/fr\/"},{"@type":"ListItem","position":2,"name":"VOYAGE","item":"https:\/\/milano-sanremo.org\/fr\/viaggio\/"},{"@type":"ListItem","position":3,"name":"Vacances en v\u00e9lo \u00e0 San Remo"}]},{"@type":"WebSite","@id":"https:\/\/milano-sanremo.org\/fr\/#website","url":"https:\/\/milano-sanremo.org\/fr\/","name":"MILANO SANREMO AMATORI","description":"MILAN SANREMO AMATEURS | 7 JUIN 2026 | SITE OFFICIEL","potentialAction":[{"@type":"SearchAction","target":{"@type":"EntryPoint","urlTemplate":"https:\/\/milano-sanremo.org\/fr\/?s={search_term_string}"},"query-input":{"@type":"PropertyValueSpecification","valueRequired":true,"valueName":"search_term_string"}}],"inLanguage":"fr-FR"}]}},"_links":{"self":[{"href":"https:\/\/milano-sanremo.org\/fr\/wp-json\/wp\/v2\/pages\/1872","targetHints":{"allow":["GET"]}}],"collection":[{"href":"https:\/\/milano-sanremo.org\/fr\/wp-json\/wp\/v2\/pages"}],"about":[{"href":"https:\/\/milano-sanremo.org\/fr\/wp-json\/wp\/v2\/types\/page"}],"author":[{"embeddable":true,"href":"https:\/\/milano-sanremo.org\/fr\/wp-json\/wp\/v2\/users\/1"}],"replies":[{"embeddable":true,"href":"https:\/\/milano-sanremo.org\/fr\/wp-json\/wp\/v2\/comments?post=1872"}],"version-history":[{"count":25,"href":"https:\/\/milano-sanremo.org\/fr\/wp-json\/wp\/v2\/pages\/1872\/revisions"}],"predecessor-version":[{"id":14851,"href":"https:\/\/milano-sanremo.org\/fr\/wp-json\/wp\/v2\/pages\/1872\/revisions\/14851"}],"up":[{"embeddable":true,"href":"https:\/\/milano-sanremo.org\/fr\/wp-json\/wp\/v2\/pages\/1619"}],"wp:attachment":[{"href":"https:\/\/milano-sanremo.org\/fr\/wp-json\/wp\/v2\/media?parent=1872"}],"curies":[{"name":"wp","href":"https:\/\/api.w.org\/{rel}","templated":true}]}}