{"id":2602,"date":"2013-07-27T15:24:27","date_gmt":"2013-07-27T15:24:27","guid":{"rendered":"http:\/\/milano-sanremo.org\/wordpress\/?page_id=2602"},"modified":"2025-10-23T12:53:29","modified_gmt":"2025-10-23T12:53:29","slug":"transport-4","status":"publish","type":"page","link":"https:\/\/milano-sanremo.org\/fr\/voyager\/transport-4\/","title":{"rendered":"TRANSPORT"},"content":{"rendered":"<p>[et_pb_section fb_built=\u00a0\u00bb1&Prime; admin_label=\u00a0\u00bbsection\u00a0\u00bb _builder_version=\u00a0\u00bb4.16&Prime; global_colors_info=\u00a0\u00bb{}\u00a0\u00bb][et_pb_row admin_label=\u00a0\u00bbrow\u00a0\u00bb _builder_version=\u00a0\u00bb4.16&Prime; background_size=\u00a0\u00bbinitial\u00a0\u00bb background_position=\u00a0\u00bbtop_left\u00a0\u00bb background_repeat=\u00a0\u00bbrepeat\u00a0\u00bb global_colors_info=\u00a0\u00bb{}\u00a0\u00bb][et_pb_column type=\u00a0\u00bb4_4&Prime; _builder_version=\u00a0\u00bb4.16&Prime; custom_padding=\u00a0\u00bb|||\u00a0\u00bb global_colors_info=\u00a0\u00bb{}\u00a0\u00bb custom_padding__hover=\u00a0\u00bb|||\u00a0\u00bb][et_pb_text admin_label=\u00a0\u00bbText\u00a0\u00bb _builder_version=\u00a0\u00bb4.19.5&Prime; background_size=\u00a0\u00bbinitial\u00a0\u00bb background_position=\u00a0\u00bbtop_left\u00a0\u00bb background_repeat=\u00a0\u00bbrepeat\u00a0\u00bb global_colors_info=\u00a0\u00bb{}\u00a0\u00bb]<\/p>\n<h2>Nous mettons \u00e0 la disposition des participants de la course cyclosportive Milan &#8211; San Remo Cyclosportive un service de transport pouvant \u00eatre r\u00e9serv\u00e9s sur notre site.<\/h2>\n<h4><span style=\"color: #ff0000;\">Le nombre de places est limit\u00e9 dans les bus. Nous vous conseillons donc d&rsquo;effectuer une r\u00e9servation bien \u00e0 l&rsquo;avance.<\/span><\/h4>\n<p>[\/et_pb_text][et_pb_pricing_tables featured_table_background_color=\u00a0\u00bbRGBA(255,255,255,0)\u00a0\u00bb featured_table_header_background_color=\u00a0\u00bb#E02B20&Prime; header_background_color=\u00a0\u00bb#E02B20&Prime; featured_table_subheader_text_color=\u00a0\u00bb#E02B20&Prime; _builder_version=\u00a0\u00bb4.27.4&Prime; _module_preset=\u00a0\u00bbdefault\u00a0\u00bb custom_button=\u00a0\u00bbon\u00a0\u00bb button_text_color=\u00a0\u00bb#FFFFFF\u00a0\u00bb button_bg_color=\u00a0\u00bb#E02B20&Prime; width=\u00a0\u00bb60%\u00a0\u00bb hover_enabled=\u00a0\u00bb0&Prime; locked=\u00a0\u00bboff\u00a0\u00bb global_colors_info=\u00a0\u00bb{}\u00a0\u00bb sticky_enabled=\u00a0\u00bb0&Prime;][et_pb_pricing_table title=\u00a0\u00bbTRANSFERT BUS GT AVEC PORTE-V\u00c9LO\u00a0\u00bb subtitle=\u00a0\u00bbDimanche 7 Juin 2026 \u00e0 20h00 \u00a0\u00bb currency=\u00a0\u00bb\u20ac\u00a0\u00bb sum=\u00a0\u00bb126&Prime; button_url=\u00a0\u00bbhttps:\/\/www.runtosanremo.it\/granfondo-milano-sanremo\/navetta-sanremo-milano-domenica\/\u00a0\u00bb button_text=\u00a0\u00bbRESERVEZ MAINTENANT\u00a0\u00bb _builder_version=\u00a0\u00bb4.27.4&Prime; _module_preset=\u00a0\u00bbdefault\u00a0\u00bb hover_enabled=\u00a0\u00bb0&Prime; global_colors_info=\u00a0\u00bb{}\u00a0\u00bb sticky_transition=\u00a0\u00bbon\u00a0\u00bb sticky_enabled=\u00a0\u00bb0&Prime;]<\/p>\n<p>d\u00e9part: San Remo<\/p>\n<p>arriv\u00e9e: Milan, Settala<\/p>\n<p>Date &amp; Horaire: Dimanche 7 Juin 2026, \u00e0 20h00<\/p>\n<p>Transport des bagages<\/p>\n<p>Porte-v\u00e9los<\/p>\n<p>NON REMBOURSABLE<\/p>\n<p>[\/et_pb_pricing_table][\/et_pb_pricing_tables][et_pb_text admin_label=\u00a0\u00bbText\u00a0\u00bb _builder_version=\u00a0\u00bb4.19.5&Prime; background_size=\u00a0\u00bbinitial\u00a0\u00bb background_position=\u00a0\u00bbtop_left\u00a0\u00bb background_repeat=\u00a0\u00bbrepeat\u00a0\u00bb global_colors_info=\u00a0\u00bb{}\u00a0\u00bb]<\/p>\n<p>A noter :<br \/><em>Comme la participation au Milan &#8211; San Remo Amatori est avant tout une occasion de se faire plaisir, nous ferons tout notre possible pour ne laisser personne rentrer \u00e0 pied.<\/em><br \/><em> L&rsquo;horaire r\u00e9el de d\u00e9part sera affect\u00e9 par l&rsquo;heure d&rsquo;arriv\u00e9e des athl\u00e8tes ayant r\u00e9serv\u00e9 le transport.<\/em><br \/><em> Vous devriez \u00e9galement pr\u00e9voir pas mal de temps pour les transferts du dimanche soir car ils co\u00efncideront avec le retour, dans les environs, de milliers de vacanciers. <\/em><br \/><em> Dans le cas o\u00f9 vous devriez arriver \u00e0 Milan \u00e0 une certaine heure, nous vous conseillons de nous contacter afin que nous puissions vous aider \u00e0 organiser le service de transport ad hoc.<\/em><\/p>\n<h4>POLITIQUE DE R\u00c9SERVATION<\/h4>\n<p>Vous \u00eates pri\u00e9s de lire la politique de r\u00e9servation relative aux transports sur&nbsp;<a href=\"https:\/\/milano-sanremo.org\/fr\/information-3\/politique-de-reservation\/\" target=\"_blank\" rel=\"noopener noreferrer\">cette page<\/a>.<\/p>\n<h4>TRANSFERT ENTRE L&rsquo;ARRIV\u00c9E ET LES H\u00d4TELS DE SAN REMO<\/h4>\n<p>Toutes les personnes ayant r\u00e9serv\u00e9 leur propre s\u00e9jour \u00e0 San Remo par le biais du site Nyala Wonder Travel pourront profiter d&rsquo;un transport gratuit en minibus jusqu&rsquo;\u00e0 l&rsquo;h\u00f4tel. Nous vous invitons \u00e0 prendre contact avec le stand de l&rsquo;agence chez le village de l&rsquo;\u00e9v\u00e9nement.<\/p>\n<h4>TRANSFERTS PRIV\u00c9S DE SAN REMO \u00c0 MILAN<\/h4>\n<p>Il est possible d&rsquo;obtenir, sur notre site, des tickets de train pour un trajet entre San Remo et Milan et de r\u00e9server des transferts priv\u00e9s par minibus.<\/p>\n<table style=\"width: 100%;\">\n<tbody>\n<tr>\n<th style=\"width: 25%;\">Transfert<\/th>\n<th style=\"width: 25%;\">D\u00e9part<\/th>\n<th style=\"width: 25%;\">Arriv\u00e9e<\/th>\n<th style=\"width: 25%;\">Co\u00fbt<\/th>\n<\/tr>\n<tr>\n<td>TRAIN R\u00c9GIONAL<\/td>\n<td>San Remo<\/td>\n<td>Milano Centrale<\/td>\n<td>sur demande<\/td>\n<\/tr>\n<tr>\n<td>TRAIN INTERCIT\u00c9S<\/td>\n<td>San Remo<\/td>\n<td>Milano Centrale<\/td>\n<td>sur demande<\/td>\n<\/tr>\n<tr>\n<td>Minibus avec chauffeur<\/td>\n<td>San Remo<\/td>\n<td>Milan<\/td>\n<td>sur demande<\/td>\n<\/tr>\n<tr>\n<td>Bus 30\/50 si\u00e8ges<\/td>\n<td>San Remo<\/td>\n<td>Milan<\/td>\n<td>sur demande<\/td>\n<\/tr>\n<\/tbody>\n<\/table>\n<p>&nbsp;<\/p>\n<p>Dans les trains r\u00e9gionaux, le transport de v\u00e9los est autoris\u00e9 apr\u00e8s paiement d&rsquo;un suppl\u00e9ment de 3,50 \u20ac \u00e0 la gare.<\/p>\n<p>Dans les trains Intercit\u00e9s, le transport de v\u00e9los est seulement autoris\u00e9 dans une bo\u00eete ou un sac de voyage.<\/p>\n<p>[\/et_pb_text][\/et_pb_column][\/et_pb_row][\/et_pb_section]<\/p>\n","protected":false},"excerpt":{"rendered":"<p>Nous mettons \u00e0 la disposition des participants de la course cyclosportive Milan &#8211; San Remo Cyclosportive un service de transport pouvant \u00eatre r\u00e9serv\u00e9s sur notre site. Le nombre de places est limit\u00e9 dans les bus. Nous vous conseillons donc d&rsquo;effectuer une r\u00e9servation bien \u00e0 l&rsquo;avance.d\u00e9part: San Remo arriv\u00e9e: Milan, Settala Date &amp; Horaire: Dimanche 7 [&hellip;]<\/p>\n","protected":false},"author":1,"featured_media":0,"parent":1619,"menu_order":0,"comment_status":"closed","ping_status":"closed","template":"","meta":{"_et_pb_use_builder":"on","_et_pb_old_content":"","_et_gb_content_width":"","ngg_post_thumbnail":0,"footnotes":""},"class_list":["post-2602","page","type-page","status-publish","hentry"],"yoast_head":"<!-- This site is optimized with the Yoast SEO plugin v27.4 - https:\/\/yoast.com\/product\/yoast-seo-wordpress\/ -->\n<title>TRANSPORT | MILANO SANREMO AMATORI | MILAN SANREMO AMATEURS | 7 JUIN 2026 | SITE OFFICIEL<\/title>\n<meta name=\"description\" content=\"Service bus Milan - San Remo cyclosportive pour les cyclistes, famille et amis. A r\u00e9server sur notre site.\" \/>\n<meta name=\"robots\" content=\"index, follow, max-snippet:-1, max-image-preview:large, max-video-preview:-1\" \/>\n<link rel=\"canonical\" href=\"https:\/\/milano-sanremo.org\/fr\/voyager\/transport-4\/\" \/>\n<meta property=\"og:locale\" content=\"fr_FR\" \/>\n<meta property=\"og:type\" content=\"article\" \/>\n<meta property=\"og:title\" content=\"TRANSPORT | MILANO SANREMO AMATORI | MILAN SANREMO AMATEURS | 7 JUIN 2026 | SITE OFFICIEL\" \/>\n<meta property=\"og:description\" content=\"Service bus Milan - San Remo cyclosportive pour les cyclistes, famille et amis. A r\u00e9server sur notre site.\" \/>\n<meta property=\"og:url\" content=\"https:\/\/milano-sanremo.org\/fr\/voyager\/transport-4\/\" \/>\n<meta property=\"og:site_name\" content=\"MILANO SANREMO AMATORI\" \/>\n<meta property=\"article:modified_time\" content=\"2025-10-23T12:53:29+00:00\" \/>\n<meta name=\"twitter:card\" content=\"summary_large_image\" \/>\n<meta name=\"twitter:label1\" content=\"Dur\u00e9e de lecture estim\u00e9e\" \/>\n\t<meta name=\"twitter:data1\" content=\"2 minutes\" \/>\n<script type=\"application\/ld+json\" class=\"yoast-schema-graph\">{\"@context\":\"https:\\\/\\\/schema.org\",\"@graph\":[{\"@type\":\"WebPage\",\"@id\":\"https:\\\/\\\/milano-sanremo.org\\\/fr\\\/voyager\\\/transport-4\\\/\",\"url\":\"https:\\\/\\\/milano-sanremo.org\\\/fr\\\/voyager\\\/transport-4\\\/\",\"name\":\"TRANSPORT | MILANO SANREMO AMATORI | MILAN SANREMO AMATEURS | 7 JUIN 2026 | SITE OFFICIEL\",\"isPartOf\":{\"@id\":\"https:\\\/\\\/milano-sanremo.org\\\/fr\\\/#website\"},\"datePublished\":\"2013-07-27T15:24:27+00:00\",\"dateModified\":\"2025-10-23T12:53:29+00:00\",\"description\":\"Service bus Milan - San Remo cyclosportive pour les cyclistes, famille et amis. A r\u00e9server sur notre site.\",\"breadcrumb\":{\"@id\":\"https:\\\/\\\/milano-sanremo.org\\\/fr\\\/voyager\\\/transport-4\\\/#breadcrumb\"},\"inLanguage\":\"fr-FR\",\"potentialAction\":[{\"@type\":\"ReadAction\",\"target\":[\"https:\\\/\\\/milano-sanremo.org\\\/fr\\\/voyager\\\/transport-4\\\/\"]}]},{\"@type\":\"BreadcrumbList\",\"@id\":\"https:\\\/\\\/milano-sanremo.org\\\/fr\\\/voyager\\\/transport-4\\\/#breadcrumb\",\"itemListElement\":[{\"@type\":\"ListItem\",\"position\":1,\"name\":\"Home\",\"item\":\"https:\\\/\\\/milano-sanremo.org\\\/fr\\\/\"},{\"@type\":\"ListItem\",\"position\":2,\"name\":\"VOYAGE\",\"item\":\"https:\\\/\\\/milano-sanremo.org\\\/fr\\\/viaggio\\\/\"},{\"@type\":\"ListItem\",\"position\":3,\"name\":\"TRANSPORT\"}]},{\"@type\":\"WebSite\",\"@id\":\"https:\\\/\\\/milano-sanremo.org\\\/fr\\\/#website\",\"url\":\"https:\\\/\\\/milano-sanremo.org\\\/fr\\\/\",\"name\":\"MILANO SANREMO AMATORI\",\"description\":\"MILAN SANREMO AMATEURS | 7 JUIN 2026 | SITE OFFICIEL\",\"potentialAction\":[{\"@type\":\"SearchAction\",\"target\":{\"@type\":\"EntryPoint\",\"urlTemplate\":\"https:\\\/\\\/milano-sanremo.org\\\/fr\\\/?s={search_term_string}\"},\"query-input\":{\"@type\":\"PropertyValueSpecification\",\"valueRequired\":true,\"valueName\":\"search_term_string\"}}],\"inLanguage\":\"fr-FR\"}]}<\/script>\n<!-- \/ Yoast SEO plugin. -->","yoast_head_json":{"title":"TRANSPORT | MILANO SANREMO AMATORI | MILAN SANREMO AMATEURS | 7 JUIN 2026 | SITE OFFICIEL","description":"Service bus Milan - San Remo cyclosportive pour les cyclistes, famille et amis. A r\u00e9server sur notre site.","robots":{"index":"index","follow":"follow","max-snippet":"max-snippet:-1","max-image-preview":"max-image-preview:large","max-video-preview":"max-video-preview:-1"},"canonical":"https:\/\/milano-sanremo.org\/fr\/voyager\/transport-4\/","og_locale":"fr_FR","og_type":"article","og_title":"TRANSPORT | MILANO SANREMO AMATORI | MILAN SANREMO AMATEURS | 7 JUIN 2026 | SITE OFFICIEL","og_description":"Service bus Milan - San Remo cyclosportive pour les cyclistes, famille et amis. A r\u00e9server sur notre site.","og_url":"https:\/\/milano-sanremo.org\/fr\/voyager\/transport-4\/","og_site_name":"MILANO SANREMO AMATORI","article_modified_time":"2025-10-23T12:53:29+00:00","twitter_card":"summary_large_image","twitter_misc":{"Dur\u00e9e de lecture estim\u00e9e":"2 minutes"},"schema":{"@context":"https:\/\/schema.org","@graph":[{"@type":"WebPage","@id":"https:\/\/milano-sanremo.org\/fr\/voyager\/transport-4\/","url":"https:\/\/milano-sanremo.org\/fr\/voyager\/transport-4\/","name":"TRANSPORT | MILANO SANREMO AMATORI | MILAN SANREMO AMATEURS | 7 JUIN 2026 | SITE OFFICIEL","isPartOf":{"@id":"https:\/\/milano-sanremo.org\/fr\/#website"},"datePublished":"2013-07-27T15:24:27+00:00","dateModified":"2025-10-23T12:53:29+00:00","description":"Service bus Milan - San Remo cyclosportive pour les cyclistes, famille et amis. A r\u00e9server sur notre site.","breadcrumb":{"@id":"https:\/\/milano-sanremo.org\/fr\/voyager\/transport-4\/#breadcrumb"},"inLanguage":"fr-FR","potentialAction":[{"@type":"ReadAction","target":["https:\/\/milano-sanremo.org\/fr\/voyager\/transport-4\/"]}]},{"@type":"BreadcrumbList","@id":"https:\/\/milano-sanremo.org\/fr\/voyager\/transport-4\/#breadcrumb","itemListElement":[{"@type":"ListItem","position":1,"name":"Home","item":"https:\/\/milano-sanremo.org\/fr\/"},{"@type":"ListItem","position":2,"name":"VOYAGE","item":"https:\/\/milano-sanremo.org\/fr\/viaggio\/"},{"@type":"ListItem","position":3,"name":"TRANSPORT"}]},{"@type":"WebSite","@id":"https:\/\/milano-sanremo.org\/fr\/#website","url":"https:\/\/milano-sanremo.org\/fr\/","name":"MILANO SANREMO AMATORI","description":"MILAN SANREMO AMATEURS | 7 JUIN 2026 | SITE OFFICIEL","potentialAction":[{"@type":"SearchAction","target":{"@type":"EntryPoint","urlTemplate":"https:\/\/milano-sanremo.org\/fr\/?s={search_term_string}"},"query-input":{"@type":"PropertyValueSpecification","valueRequired":true,"valueName":"search_term_string"}}],"inLanguage":"fr-FR"}]}},"_links":{"self":[{"href":"https:\/\/milano-sanremo.org\/fr\/wp-json\/wp\/v2\/pages\/2602","targetHints":{"allow":["GET"]}}],"collection":[{"href":"https:\/\/milano-sanremo.org\/fr\/wp-json\/wp\/v2\/pages"}],"about":[{"href":"https:\/\/milano-sanremo.org\/fr\/wp-json\/wp\/v2\/types\/page"}],"author":[{"embeddable":true,"href":"https:\/\/milano-sanremo.org\/fr\/wp-json\/wp\/v2\/users\/1"}],"replies":[{"embeddable":true,"href":"https:\/\/milano-sanremo.org\/fr\/wp-json\/wp\/v2\/comments?post=2602"}],"version-history":[{"count":52,"href":"https:\/\/milano-sanremo.org\/fr\/wp-json\/wp\/v2\/pages\/2602\/revisions"}],"predecessor-version":[{"id":14872,"href":"https:\/\/milano-sanremo.org\/fr\/wp-json\/wp\/v2\/pages\/2602\/revisions\/14872"}],"up":[{"embeddable":true,"href":"https:\/\/milano-sanremo.org\/fr\/wp-json\/wp\/v2\/pages\/1619"}],"wp:attachment":[{"href":"https:\/\/milano-sanremo.org\/fr\/wp-json\/wp\/v2\/media?parent=2602"}],"curies":[{"name":"wp","href":"https:\/\/api.w.org\/{rel}","templated":true}]}}