{"id":6729,"date":"2015-10-09T18:42:38","date_gmt":"2015-10-09T18:42:38","guid":{"rendered":"http:\/\/milano-sanremo.org\/?page_id=6729"},"modified":"2016-11-04T09:23:04","modified_gmt":"2016-11-04T09:23:04","slug":"politique-de-reservation","status":"publish","type":"page","link":"https:\/\/milano-sanremo.org\/fr\/information-3\/politique-de-reservation\/","title":{"rendered":"Politique de r\u00e9servation"},"content":{"rendered":"<p>Vous trouverez ci-dessous les politiques de r\u00e9servations mises en place dans l&rsquo;\u00e9ventualit\u00e9 d&rsquo;une demande d&rsquo;annulation d&rsquo;un ou plusieurs des produits suivants pouvant \u00eatre r\u00e9serv\u00e9s \u00e0 travers notre site Web.<\/p>\n<h4><strong>INSCRIPTION &#8211; annulation<\/strong><\/h4>\n<p>L&rsquo;inscription \u00e0 l&rsquo;\u00e9v\u00e9nement n&rsquo;est pas remboursable.<br \/>\nEn cas d&rsquo;annulation jusqu&rsquo;au 30 Avril, un coupon sera remis et permettra une inscription pour la prochaine \u00e9dition de la course avec une remise de 50%.<\/p>\n<p>En cas d&rsquo;annulation apr\u00e8s le 1er mai, les frais d&rsquo;inscription ne seront pas rembours\u00e9s.<\/p>\n<p>Les annulations peuvent seulement \u00eatre effectu\u00e9es par e-mail.<\/p>\n<h4><strong>INSCRIPTION &#8211; remplacement<\/strong><\/h4>\n<p>Il est possible de demander le remplacement d&rsquo;un athl\u00e8te jusqu&rsquo;au 30 Avril par <a href=\"mailto:assistenza@nyalatravel.com\" target=\"_blank\">email<\/a>.<\/p>\n<p>Un co\u00fbt suppl\u00e9mentaire de 25,00 \u20ac sera factur\u00e9 pour couvrir les frais de traitement manuel de la demande.<\/p>\n<h4><strong>LICENCE \u00c0 LA JOURN\u00c9E<\/strong><\/h4>\n<p>Les licences d&rsquo;une journ\u00e9e doivent \u00eatre command\u00e9es lors de l&rsquo;inscription, avant le 30 Avril.<\/p>\n<p>Dans le cas o\u00f9 la demande de licence \u00e0 la journ\u00e9e surviendrait apr\u00e8s l&rsquo;inscription (et dans tous les cas avant la fin du mois de mars), un co\u00fbt suppl\u00e9mentaire de 5,00 \u20ac sera factur\u00e9 pour couvrir les frais de traitement manuel de la demande.<br \/>\nIl ne sera pas possible de payer la licence d&rsquo;une journ\u00e9e lors de l&rsquo;obtention du kit de la course.<\/p>\n<h4><strong>HOTEL &#8211; r\u00e9servation d&rsquo;un hotel affili\u00e9<\/strong><\/h4>\n<p>Nous vous prions de bien vouloir lire avec attention les \u00ab\u00a0Conditions g\u00e9n\u00e9rales du contrat pour la vente de forfaits et services touristiques\u00a0\u00bb disponibles en bas de page. Voici un bref r\u00e9sum\u00e9 des p\u00e9nalit\u00e9s en cas d&rsquo;annulation :<\/p>\n<ul>\n<li>jusqu&rsquo;\u00e0 40 jours calendaires avant le d\u00e9part : 0% ;<\/li>\n<li>39 &#8211; 28 jours calendaires avant le d\u00e9part : 25% ;<\/li>\n<li>27 &#8211; 15 jours calendaires avant le d\u00e9part : 50% ;<\/li>\n<li>14 &#8211; 8 jours calendaires avant le d\u00e9part : 75% ;<\/li>\n<li>dans les 7 jours calendaires pr\u00e9c\u00e9dant le d\u00e9part : 100%.<\/li>\n<\/ul>\n<p>Dans tous les cas, des frais de service d&rsquo;un montant de 20,00 \u20ac seront factur\u00e9s pour une annulation partielle ou 40,00 \u20ac pour une annulation totale.<\/p>\n<p><strong>R\u00e9servations \u00e0 l&rsquo;avance<\/strong><\/p>\n<p>Les r\u00e9servations effectu\u00e9es et r\u00e9gl\u00e9es avant le 31 janvier b\u00e9n\u00e9ficient d&rsquo;une r\u00e9duction. Cette r\u00e9duction n&rsquo;est remboursable sous aucun motif, qu&rsquo;elle soit utilis\u00e9e ou non.<\/p>\n<h4><strong>TRANSFERTS<\/strong><\/h4>\n<p>Les r\u00e9servations de <strong>bus de San Remo \u00e0 Milan<\/strong> respecteront la politique suivante.<\/p>\n<ul>\n<li>Bus du dimanche \u00e0 20h00 et du lundi \u00e0 10h00\n<ul>\n<li>la r\u00e9servation ne pourra pas \u00eatre rembours\u00e9e, que le service ait \u00e9t\u00e9 utilis\u00e9 ou non<\/li>\n<\/ul>\n<\/li>\n<\/ul>\n<p><strong>Bus de Milan \u00e0 San Remo<\/strong> (familles et amis accompagnateurs)<\/p>\n<ul>\n<li>Bus du dimanche \u00e0 8h00\n<ul>\n<li>annulation gratuite jusqu&rsquo;au 31 mars<\/li>\n<li>p\u00e9nalit\u00e9 s&rsquo;\u00e9levant \u00e0 100% pour une annulation apr\u00e8s la date limite<\/li>\n<li>dans tous les cas, des frais administratifs d&rsquo;un montant de 20,00 \u20ac seront factur\u00e9s pour une annulation partielle et 30,00 \u20ac pour une annulation totale.<\/li>\n<\/ul>\n<\/li>\n<\/ul>\n<h4><strong>TRANSFERT AEROPORTS<\/strong><\/h4>\n<p>En cas de retard du vol de plus d&rsquo;une heure, le transporteur va facturer des frais suppl\u00e9mentaires \u00e0 payer au chauffeur en esp\u00e8ce.<\/p>\n<h4><strong>SERVICE BAGAGE PORTE \u00e0 PORTE &#8211; <\/strong><strong>Sacs et sacs pour v\u00e9lo vides<\/strong><\/h4>\n<p>Le transport de bagages doit \u00eatre r\u00e9serv\u00e9 \u00e0 l&rsquo;avance en ligne.<\/p>\n<p>Une \u00e9tiquette au format A4 peut \u00eatre imprim\u00e9e par le biais du syst\u00e8me &#8211; elle doit \u00eatre attach\u00e9e au sac de telle mani\u00e8re que les membres du personnel puissent identifier le sac et l&rsquo;h\u00f4tel o\u00f9 il doit \u00eatre d\u00e9pos\u00e9.<\/p>\n<p>Une fois le sac identifi\u00e9, vous pouvez le laisser dans le hall de l&rsquo;h\u00f4tel affili\u00e9 de Milan et il sera d\u00e9pos\u00e9 au sein de l&rsquo;h\u00f4tel affili\u00e9 de San Remo.<\/p>\n<p>Afin de manifestazionentir une gestion efficace des bagages, il ne sera pas possible de prendre en charge les bagages appartenant \u00e0 des personnes n&rsquo;ayant pas r\u00e9serv\u00e9 leur h\u00f4tel sur le site officiel.<\/p>\n<h4><strong>REMBOURSEMENT<\/strong><\/h4>\n<p>Les annulations et remboursements sont trait\u00e9s \u00e0 la fin de l&rsquo;\u00e9v\u00e9nement<\/p>\n","protected":false},"excerpt":{"rendered":"<p>Vous trouverez ci-dessous les politiques de r\u00e9servations mises en place dans l&rsquo;\u00e9ventualit\u00e9 d&rsquo;une demande d&rsquo;annulation d&rsquo;un ou plusieurs des produits suivants pouvant \u00eatre r\u00e9serv\u00e9s \u00e0 travers notre site Web. INSCRIPTION &#8211; annulation L&rsquo;inscription \u00e0 l&rsquo;\u00e9v\u00e9nement n&rsquo;est pas remboursable. En cas d&rsquo;annulation jusqu&rsquo;au 30 Avril, un coupon sera remis et permettra une inscription pour la prochaine [&hellip;]<\/p>\n","protected":false},"author":1,"featured_media":0,"parent":1622,"menu_order":0,"comment_status":"closed","ping_status":"closed","template":"","meta":{"_et_pb_use_builder":"","_et_pb_old_content":"","_et_gb_content_width":"","ngg_post_thumbnail":0,"footnotes":""},"class_list":["post-6729","page","type-page","status-publish","hentry"],"yoast_head":"<!-- This site is optimized with the Yoast SEO plugin v27.4 - https:\/\/yoast.com\/product\/yoast-seo-wordpress\/ -->\n<title>Politique de r\u00e9servation | MILANO SANREMO AMATORI | MILAN SANREMO AMATEURS | 7 JUIN 2026 | SITE OFFICIEL<\/title>\n<meta name=\"description\" content=\"Politique de r\u00e9servation\" \/>\n<meta name=\"robots\" content=\"index, follow, max-snippet:-1, max-image-preview:large, max-video-preview:-1\" \/>\n<link rel=\"canonical\" href=\"https:\/\/milano-sanremo.org\/fr\/information-3\/politique-de-reservation\/\" \/>\n<meta property=\"og:locale\" content=\"fr_FR\" \/>\n<meta property=\"og:type\" content=\"article\" \/>\n<meta property=\"og:title\" content=\"Politique de r\u00e9servation | MILANO SANREMO AMATORI | MILAN SANREMO AMATEURS | 7 JUIN 2026 | SITE OFFICIEL\" \/>\n<meta property=\"og:description\" content=\"Politique de r\u00e9servation\" \/>\n<meta property=\"og:url\" content=\"https:\/\/milano-sanremo.org\/fr\/information-3\/politique-de-reservation\/\" \/>\n<meta property=\"og:site_name\" content=\"MILANO SANREMO AMATORI\" \/>\n<meta property=\"article:modified_time\" content=\"2016-11-04T09:23:04+00:00\" \/>\n<meta name=\"twitter:card\" content=\"summary_large_image\" \/>\n<meta name=\"twitter:label1\" content=\"Dur\u00e9e de lecture estim\u00e9e\" \/>\n\t<meta name=\"twitter:data1\" content=\"3 minutes\" \/>\n<script type=\"application\/ld+json\" class=\"yoast-schema-graph\">{\"@context\":\"https:\\\/\\\/schema.org\",\"@graph\":[{\"@type\":\"WebPage\",\"@id\":\"https:\\\/\\\/milano-sanremo.org\\\/fr\\\/information-3\\\/politique-de-reservation\\\/\",\"url\":\"https:\\\/\\\/milano-sanremo.org\\\/fr\\\/information-3\\\/politique-de-reservation\\\/\",\"name\":\"Politique de r\u00e9servation | MILANO SANREMO AMATORI | MILAN SANREMO AMATEURS | 7 JUIN 2026 | SITE OFFICIEL\",\"isPartOf\":{\"@id\":\"https:\\\/\\\/milano-sanremo.org\\\/fr\\\/#website\"},\"datePublished\":\"2015-10-09T18:42:38+00:00\",\"dateModified\":\"2016-11-04T09:23:04+00:00\",\"description\":\"Politique de r\u00e9servation\",\"breadcrumb\":{\"@id\":\"https:\\\/\\\/milano-sanremo.org\\\/fr\\\/information-3\\\/politique-de-reservation\\\/#breadcrumb\"},\"inLanguage\":\"fr-FR\",\"potentialAction\":[{\"@type\":\"ReadAction\",\"target\":[\"https:\\\/\\\/milano-sanremo.org\\\/fr\\\/information-3\\\/politique-de-reservation\\\/\"]}]},{\"@type\":\"BreadcrumbList\",\"@id\":\"https:\\\/\\\/milano-sanremo.org\\\/fr\\\/information-3\\\/politique-de-reservation\\\/#breadcrumb\",\"itemListElement\":[{\"@type\":\"ListItem\",\"position\":1,\"name\":\"Home\",\"item\":\"https:\\\/\\\/milano-sanremo.org\\\/fr\\\/\"},{\"@type\":\"ListItem\",\"position\":2,\"name\":\"INFORMATIONS\",\"item\":\"https:\\\/\\\/milano-sanremo.org\\\/fr\\\/informazioni-sito\\\/\"},{\"@type\":\"ListItem\",\"position\":3,\"name\":\"Politique de r\u00e9servation\"}]},{\"@type\":\"WebSite\",\"@id\":\"https:\\\/\\\/milano-sanremo.org\\\/fr\\\/#website\",\"url\":\"https:\\\/\\\/milano-sanremo.org\\\/fr\\\/\",\"name\":\"MILANO SANREMO AMATORI\",\"description\":\"MILAN SANREMO AMATEURS | 7 JUIN 2026 | SITE OFFICIEL\",\"potentialAction\":[{\"@type\":\"SearchAction\",\"target\":{\"@type\":\"EntryPoint\",\"urlTemplate\":\"https:\\\/\\\/milano-sanremo.org\\\/fr\\\/?s={search_term_string}\"},\"query-input\":{\"@type\":\"PropertyValueSpecification\",\"valueRequired\":true,\"valueName\":\"search_term_string\"}}],\"inLanguage\":\"fr-FR\"}]}<\/script>\n<!-- \/ Yoast SEO plugin. -->","yoast_head_json":{"title":"Politique de r\u00e9servation | MILANO SANREMO AMATORI | MILAN SANREMO AMATEURS | 7 JUIN 2026 | SITE OFFICIEL","description":"Politique de r\u00e9servation","robots":{"index":"index","follow":"follow","max-snippet":"max-snippet:-1","max-image-preview":"max-image-preview:large","max-video-preview":"max-video-preview:-1"},"canonical":"https:\/\/milano-sanremo.org\/fr\/information-3\/politique-de-reservation\/","og_locale":"fr_FR","og_type":"article","og_title":"Politique de r\u00e9servation | MILANO SANREMO AMATORI | MILAN SANREMO AMATEURS | 7 JUIN 2026 | SITE OFFICIEL","og_description":"Politique de r\u00e9servation","og_url":"https:\/\/milano-sanremo.org\/fr\/information-3\/politique-de-reservation\/","og_site_name":"MILANO SANREMO AMATORI","article_modified_time":"2016-11-04T09:23:04+00:00","twitter_card":"summary_large_image","twitter_misc":{"Dur\u00e9e de lecture estim\u00e9e":"3 minutes"},"schema":{"@context":"https:\/\/schema.org","@graph":[{"@type":"WebPage","@id":"https:\/\/milano-sanremo.org\/fr\/information-3\/politique-de-reservation\/","url":"https:\/\/milano-sanremo.org\/fr\/information-3\/politique-de-reservation\/","name":"Politique de r\u00e9servation | MILANO SANREMO AMATORI | MILAN SANREMO AMATEURS | 7 JUIN 2026 | SITE OFFICIEL","isPartOf":{"@id":"https:\/\/milano-sanremo.org\/fr\/#website"},"datePublished":"2015-10-09T18:42:38+00:00","dateModified":"2016-11-04T09:23:04+00:00","description":"Politique de r\u00e9servation","breadcrumb":{"@id":"https:\/\/milano-sanremo.org\/fr\/information-3\/politique-de-reservation\/#breadcrumb"},"inLanguage":"fr-FR","potentialAction":[{"@type":"ReadAction","target":["https:\/\/milano-sanremo.org\/fr\/information-3\/politique-de-reservation\/"]}]},{"@type":"BreadcrumbList","@id":"https:\/\/milano-sanremo.org\/fr\/information-3\/politique-de-reservation\/#breadcrumb","itemListElement":[{"@type":"ListItem","position":1,"name":"Home","item":"https:\/\/milano-sanremo.org\/fr\/"},{"@type":"ListItem","position":2,"name":"INFORMATIONS","item":"https:\/\/milano-sanremo.org\/fr\/informazioni-sito\/"},{"@type":"ListItem","position":3,"name":"Politique de r\u00e9servation"}]},{"@type":"WebSite","@id":"https:\/\/milano-sanremo.org\/fr\/#website","url":"https:\/\/milano-sanremo.org\/fr\/","name":"MILANO SANREMO AMATORI","description":"MILAN SANREMO AMATEURS | 7 JUIN 2026 | SITE OFFICIEL","potentialAction":[{"@type":"SearchAction","target":{"@type":"EntryPoint","urlTemplate":"https:\/\/milano-sanremo.org\/fr\/?s={search_term_string}"},"query-input":{"@type":"PropertyValueSpecification","valueRequired":true,"valueName":"search_term_string"}}],"inLanguage":"fr-FR"}]}},"_links":{"self":[{"href":"https:\/\/milano-sanremo.org\/fr\/wp-json\/wp\/v2\/pages\/6729","targetHints":{"allow":["GET"]}}],"collection":[{"href":"https:\/\/milano-sanremo.org\/fr\/wp-json\/wp\/v2\/pages"}],"about":[{"href":"https:\/\/milano-sanremo.org\/fr\/wp-json\/wp\/v2\/types\/page"}],"author":[{"embeddable":true,"href":"https:\/\/milano-sanremo.org\/fr\/wp-json\/wp\/v2\/users\/1"}],"replies":[{"embeddable":true,"href":"https:\/\/milano-sanremo.org\/fr\/wp-json\/wp\/v2\/comments?post=6729"}],"version-history":[{"count":13,"href":"https:\/\/milano-sanremo.org\/fr\/wp-json\/wp\/v2\/pages\/6729\/revisions"}],"predecessor-version":[{"id":6733,"href":"https:\/\/milano-sanremo.org\/fr\/wp-json\/wp\/v2\/pages\/6729\/revisions\/6733"}],"up":[{"embeddable":true,"href":"https:\/\/milano-sanremo.org\/fr\/wp-json\/wp\/v2\/pages\/1622"}],"wp:attachment":[{"href":"https:\/\/milano-sanremo.org\/fr\/wp-json\/wp\/v2\/media?parent=6729"}],"curies":[{"name":"wp","href":"https:\/\/api.w.org\/{rel}","templated":true}]}}