{"id":3956,"date":"2013-10-06T11:07:47","date_gmt":"2013-10-06T11:07:47","guid":{"rendered":"http:\/\/milano-sanremo.org\/wordpress\/?page_id=3956"},"modified":"2026-09-01T09:39:00","modified_gmt":"2026-09-01T09:39:00","slug":"organisera-en-grupp","status":"publish","type":"page","link":"https:\/\/milano-sanremo.org\/sv\/resa\/organisera-en-grupp\/","title":{"rendered":"ORGANISERA EN GRUPP"},"content":{"rendered":"<p>[et_pb_section fb_built=&#8221;1&#8243; admin_label=&#8221;section&#8221; _builder_version=&#8221;4.16&#8243; global_colors_info=&#8221;{}&#8221;][et_pb_row admin_label=&#8221;row&#8221; _builder_version=&#8221;4.16&#8243; background_size=&#8221;initial&#8221; background_position=&#8221;top_left&#8221; background_repeat=&#8221;repeat&#8221; global_colors_info=&#8221;{}&#8221;][et_pb_column type=&#8221;4_4&#8243; _builder_version=&#8221;4.16&#8243; custom_padding=&#8221;|||&#8221; global_colors_info=&#8221;{}&#8221; custom_padding__hover=&#8221;|||&#8221;][et_pb_text admin_label=&#8221;Text&#8221; _builder_version=&#8221;4.27.8&#8243; background_size=&#8221;initial&#8221; background_position=&#8221;top_left&#8221; background_repeat=&#8221;repeat&#8221; global_colors_info=&#8221;{}&#8221;]<\/p>\n<div id=\"page\">\n<h2>Organisera din cykelgrupp tillsammans med oss f\u00f6r att delta i det icke t\u00e4vlingsinriktade Milano \u2013 Sanremo.<\/h2>\n<p>V\u00e5rt kontor st\u00e5r till ditt f\u00f6rfogande f\u00f6r att hj\u00e4lpa dig med anm\u00e4lan och organiseringen av din grupp.<\/p>\n<p>&nbsp;<\/p>\n<p style=\"text-align: center;\"><span style=\"font-size: 14pt;\"><strong><a class=\"decorated-link\" href=\"https:\/\/milano-sanremo.org\/sv\/kontakta-oss\/\" target=\"_new\" rel=\"noopener\" data-start=\"14292\" data-end=\"14344\">Beg\u00e4r nu<\/a> en skr\u00e4ddarsydd offert f\u00f6r ditt team!<\/strong><\/span><\/p>\n<p>&nbsp;<\/p>\n<h3>Gruppanm\u00e4lningar<\/h3>\n<table style=\"width: 100%; border-collapse: collapse;\" border=\"1\">\n<tbody>\n<tr data-start=\"14405\" data-end=\"14455\">\n<th class=\"last:pe-10\" style=\"width: 37.2722%; text-align: left;\" data-start=\"14405\" data-end=\"14426\" data-col-size=\"sm\"><strong data-start=\"14407\" data-end=\"14425\">SILVER Plus-avgift<\/strong><\/th>\n<th class=\"last:pe-10\" style=\"width: 62.665%; text-align: left;\" data-start=\"14426\" data-end=\"14455\" data-col-size=\"md\"><strong data-start=\"14428\" data-end=\"14453\">95,00 \u20ac per deltagare<\/strong><\/th>\n<\/tr>\n<tr data-start=\"14466\" data-end=\"14515\">\n<td style=\"width: 37.2722%;\" data-start=\"14466\" data-end=\"14495\" data-col-size=\"sm\"><strong data-start=\"14468\" data-end=\"14494\">Minsta antal deltagare<\/strong><\/td>\n<td style=\"width: 62.665%;\" data-start=\"14495\" data-end=\"14515\" data-col-size=\"md\"><strong data-start=\"14497\" data-end=\"14513\">15 deltagare<\/strong><\/td>\n<\/tr>\n<tr data-start=\"14516\" data-end=\"14579\">\n<td style=\"width: 37.2722%;\" data-start=\"14516\" data-end=\"14528\" data-col-size=\"sm\">Start<\/td>\n<td style=\"width: 62.665%;\" data-start=\"14528\" data-end=\"14579\" data-col-size=\"md\">Garanterad start fr\u00e5n det andra startf\u00e4ltet<\/td>\n<\/tr>\n<tr data-start=\"14580\" data-end=\"14625\">\n<td style=\"width: 37.2722%;\" data-start=\"14580\" data-end=\"14601\" data-col-size=\"sm\">Minnes-T-shirt<\/td>\n<td style=\"width: 62.665%;\" data-start=\"14601\" data-end=\"14625\" data-col-size=\"md\">Ing\u00e5r i avgiften<\/td>\n<\/tr>\n<tr data-start=\"14626\" data-end=\"14698\">\n<td style=\"width: 37.2722%;\" data-start=\"14626\" data-end=\"14647\" data-col-size=\"sm\">Gratis anm\u00e4lan<\/td>\n<td style=\"width: 62.665%;\" data-start=\"14647\" data-end=\"14698\" data-col-size=\"md\">1 gratis anm\u00e4lan per 15 betalande deltagare<\/td>\n<\/tr>\n<tr data-start=\"14699\" data-end=\"14758\">\n<td style=\"width: 37.2722%;\" data-start=\"14699\" data-end=\"14725\" data-col-size=\"sm\">Sista anm\u00e4lningsdag<\/td>\n<td style=\"width: 62.665%;\" data-start=\"14725\" data-end=\"14758\" data-col-size=\"md\">Till och med 31 mars 2027<\/td>\n<\/tr>\n<tr data-start=\"14759\" data-end=\"14834\">\n<td style=\"width: 37.2722%;\" data-start=\"14759\" data-end=\"14790\" data-col-size=\"sm\">Hantering av anm\u00e4lningar<\/td>\n<td style=\"width: 62.665%;\" data-start=\"14790\" data-end=\"14834\" data-col-size=\"md\">Via sekretariatet med Excel-formul\u00e4r<\/td>\n<\/tr>\n<tr data-start=\"14835\" data-end=\"14896\">\n<td style=\"width: 37.2722%;\" data-start=\"14835\" data-end=\"14857\" data-col-size=\"sm\">Betalningsmetod<\/td>\n<td style=\"width: 62.665%;\" data-start=\"14857\" data-end=\"14896\" data-col-size=\"md\">Kreditkort eller bank\u00f6verf\u00f6ring<\/td>\n<\/tr>\n<\/tbody>\n<\/table>\n<p>&nbsp;<\/p>\n<h3>TEAM-anm\u00e4lan<br \/>med personlig assistans<\/h3>\n<p>&nbsp;<\/p>\n<p>TEAM-paketet med personlig assistans \u00e4r tillg\u00e4ngligt f\u00f6r sm\u00e5 grupper p\u00e5 4 till 7 deltagare och omfattar, ut\u00f6ver hotellboende p\u00e5 t\u00e4vlingens officiella hotell, \u00e4ven m\u00f6jligheten att f\u00e5 ett eget f\u00f6ljefordon som f\u00f6ljer er l\u00e4ngs hela str\u00e4ckan fr\u00e5n Milano till Sanremo.<\/p>\n<table style=\"border-collapse: collapse; width: 100%; height: 161px;\" border=\"1\">\n<tbody>\n<tr style=\"height: 23px;\">\n<td style=\"width: 33.3333%; height: 23px;\">\u00a0<\/td>\n<td style=\"width: 33.3333%; height: 23px; text-align: center;\">\n<h3><span style=\"color: #ffffff;\"><strong>Team VIP-paket<\/strong><\/span><\/h3>\n<\/td>\n<td style=\"width: 33.3333%; height: 23px; text-align: center;\">\n<h3><span style=\"color: #ffffff;\"><strong>Team Executive-paket<\/strong><\/span><\/h3>\n<\/td>\n<\/tr>\n<tr data-start=\"14980\" data-end=\"15083\">\n<th class=\"last:pe-10\" style=\"width: 33.3333%; text-align: left;\" data-start=\"14980\" data-end=\"15034\" data-col-size=\"sm\"><strong data-start=\"14982\" data-end=\"15001\">Pris per person<\/strong><br \/><strong data-start=\"15005\" data-end=\"15033\">(baserat p\u00e5 6 cyklister)<\/strong><\/th>\n<td style=\"width: 33.3333%; height: 23px; text-align: center;\"><span style=\"font-size: 12pt;\"><strong>Offert p\u00e5 beg\u00e4ran<\/strong><\/span><\/td>\n<td style=\"width: 33.3333%; height: 23px; text-align: center;\"><span style=\"font-size: 12pt;\"><strong>Offert p\u00e5 beg\u00e4ran<\/strong><\/span><\/td>\n<\/tr>\n<tr style=\"height: 23px;\">\n<td style=\"width: 33.3333%; height: 23px;\"><strong>Gold Assistance-paket<\/strong><\/td>\n<td style=\"width: 33.3333%; height: 23px;\">\n<ul>\n<li data-section-id=\"3el511\" data-start=\"15137\" data-end=\"15217\">7-sitsig minibuss med cykelk\u00e4rra som f\u00f6ljer gruppen under hela evenemanget<\/li>\n<li data-section-id=\"4a48ny\" data-start=\"15218\" data-end=\"15241\">teknisk assistans<\/li>\n<li data-section-id=\"7bo6vz\" data-start=\"15242\" data-end=\"15265\">ljud-\/videotj\u00e4nst<\/li>\n<\/ul>\n<\/td>\n<td style=\"width: 33.3333%; height: 23px;\">\n<ul>\n<li data-section-id=\"3el511\" data-start=\"15137\" data-end=\"15217\">7-sitsig minibuss med cykelk\u00e4rra som f\u00f6ljer gruppen under hela evenemanget<\/li>\n<li data-section-id=\"4a48ny\" data-start=\"15218\" data-end=\"15241\">teknisk assistans<\/li>\n<li data-section-id=\"7bo6vz\" data-start=\"15242\" data-end=\"15265\">ljud-\/videotj\u00e4nst<\/li>\n<\/ul>\n<\/td>\n<\/tr>\n<tr style=\"height: 23px;\">\n<td style=\"width: 33.3333%; height: 23px;\">Avgiften inkluderar<\/td>\n<td style=\"width: 33.3333%; height: 23px;\">\n<ul>\n<li data-section-id=\"ggiwbp\" data-start=\"15443\" data-end=\"15528\">transfer fr\u00e5n flygplatserna Milano Malpensa, Linate eller Bergamo till hotellet<\/li>\n<li data-section-id=\"11yp8kg\" data-start=\"15529\" data-end=\"15610\">boende p\u00e5 ett 4-stj\u00e4rnigt superiorhotell i omr\u00e5det kring evenemangets start<\/li>\n<li data-section-id=\"hno9h6\" data-start=\"15611\" data-end=\"15631\">v\u00e4lkomstmiddag<\/li>\n<li data-section-id=\"19i271f\" data-start=\"15632\" data-end=\"15669\">SILVER-anm\u00e4lan till evenemanget<\/li>\n<li data-section-id=\"9ha93e\" data-start=\"15670\" data-end=\"15745\">bagagetransport direkt fr\u00e5n hotellet i Milano till hotellet i Sanremo<\/li>\n<li data-section-id=\"1chbxp6\" data-start=\"15746\" data-end=\"15804\">cykeltransfer fr\u00e5n m\u00e5lg\u00e5ngen till hotellet i Sanremo<\/li>\n<li data-section-id=\"o76wke\" data-start=\"15805\" data-end=\"15853\">boende p\u00e5 ett 5-stj\u00e4rnigt hotell i Sanremo<\/li>\n<li data-section-id=\"s6qxnt\" data-start=\"15854\" data-end=\"15902\">transfer fr\u00e5n hotellet till Nice flygplats<\/li>\n<\/ul>\n<\/td>\n<td style=\"width: 33.3333%; height: 23px;\">\n<ul>\n<li data-section-id=\"ggiwbp\" data-start=\"15443\" data-end=\"15528\">transfer fr\u00e5n flygplatserna Milano Malpensa, Linate eller Bergamo till hotellet<\/li>\n<li data-section-id=\"11yp8kg\" data-start=\"15529\" data-end=\"15610\">boende p\u00e5 ett 4-stj\u00e4rnigt superiorhotell i omr\u00e5det kring evenemangets start<\/li>\n<li data-section-id=\"hno9h6\" data-start=\"15611\" data-end=\"15631\">v\u00e4lkomstmiddag<\/li>\n<li data-section-id=\"19i271f\" data-start=\"15632\" data-end=\"15669\">SILVER-anm\u00e4lan till evenemanget<\/li>\n<li data-section-id=\"9ha93e\" data-start=\"15670\" data-end=\"15745\">bagagetransport direkt fr\u00e5n hotellet i Milano till hotellet i Sanremo<\/li>\n<li data-section-id=\"1chbxp6\" data-start=\"15746\" data-end=\"15804\">cykeltransfer fr\u00e5n m\u00e5lg\u00e5ngen till hotellet i Sanremo<\/li>\n<li data-section-id=\"o76wke\" data-start=\"15805\" data-end=\"15853\">boende p\u00e5 ett 5-stj\u00e4rnigt hotell i Sanremo<\/li>\n<li data-section-id=\"s6qxnt\" data-start=\"15854\" data-end=\"15902\">transfer fr\u00e5n hotellet till Nice flygplats<\/li>\n<\/ul>\n<\/td>\n<\/tr>\n<tr style=\"height: 23px;\">\n<td style=\"width: 33.3333%; height: 23px;\">Avgiften inkluderar inte<\/td>\n<td style=\"width: 33.3333%; height: 23px;\">\n<ul>\n<li data-section-id=\"1tnd3ox\" data-start=\"16418\" data-end=\"16455\">resa tur och retur till Italien<\/li>\n<li data-section-id=\"1w89z4e\" data-start=\"16456\" data-end=\"16497\">dricks och personliga extrautgifter<\/li>\n<li data-section-id=\"11qnneh\" data-start=\"16498\" data-end=\"16551\">allt som inte anges under \u201dAvgiften inkluderar\u201d<\/li>\n<\/ul>\n<\/td>\n<td style=\"width: 33.3333%; height: 23px;\">\n<ul>\n<li data-section-id=\"1tnd3ox\" data-start=\"16418\" data-end=\"16455\">resa tur och retur till Italien<\/li>\n<li data-section-id=\"1w89z4e\" data-start=\"16456\" data-end=\"16497\">dricks och personliga extrautgifter<\/li>\n<li data-section-id=\"11qnneh\" data-start=\"16498\" data-end=\"16551\">allt som inte anges under \u201dAvgiften inkluderar\u201d<\/li>\n<\/ul>\n<\/td>\n<\/tr>\n<\/tbody>\n<\/table>\n<p>&nbsp;<\/p>\n<\/div>\n<p>[\/et_pb_text][\/et_pb_column][\/et_pb_row][\/et_pb_section]<\/p>\n","protected":false},"excerpt":{"rendered":"<p>Organisera din cykelgrupp tillsammans med oss f\u00f6r att delta i det icke t\u00e4vlingsinriktade Milano \u2013 Sanremo. V\u00e5rt kontor st\u00e5r till ditt f\u00f6rfogande f\u00f6r att hj\u00e4lpa dig med anm\u00e4lan och organiseringen av din grupp. &nbsp; Beg\u00e4r nu en skr\u00e4ddarsydd offert f\u00f6r ditt team! &nbsp; Gruppanm\u00e4lningar SILVER Plus-avgift 95,00 \u20ac per deltagare Minsta antal deltagare 15 deltagare [&hellip;]<\/p>\n","protected":false},"author":1,"featured_media":0,"parent":3913,"menu_order":0,"comment_status":"open","ping_status":"closed","template":"","meta":{"_et_pb_use_builder":"on","_et_pb_old_content":"","_et_gb_content_width":"","ngg_post_thumbnail":0,"footnotes":""},"class_list":["post-3956","page","type-page","status-publish","hentry"],"yoast_head":"<!-- This site is optimized with the Yoast SEO plugin v28.4 - https:\/\/yoast.com\/product\/yoast-seo-wordpress\/ -->\n<title>ORGANISERA EN GRUPP | MILANO SANREMO AMAT\u00d6RER 2027 | 6 JUNI 2027 | OFFICIELL WEBBPLATS<\/title>\n<meta name=\"description\" content=\"ORGANISERA EN GRUPP\" \/>\n<meta name=\"robots\" content=\"index, follow, max-snippet:-1, max-image-preview:large, max-video-preview:-1\" \/>\n<link rel=\"canonical\" href=\"https:\/\/milano-sanremo.org\/sv\/resa\/organisera-en-grupp\/\" \/>\n<meta property=\"og:locale\" content=\"sv_SE\" \/>\n<meta property=\"og:type\" content=\"article\" \/>\n<meta property=\"og:title\" content=\"ORGANISERA EN GRUPP | MILANO SANREMO AMAT\u00d6RER 2027 | 6 JUNI 2027 | OFFICIELL WEBBPLATS\" \/>\n<meta property=\"og:description\" content=\"ORGANISERA EN GRUPP\" \/>\n<meta property=\"og:url\" content=\"https:\/\/milano-sanremo.org\/sv\/resa\/organisera-en-grupp\/\" \/>\n<meta property=\"og:site_name\" content=\"MILANO SANREMO AMAT\u00d6RER 2027\" \/>\n<meta property=\"article:modified_time\" content=\"2026-09-01T09:39:00+00:00\" \/>\n<meta name=\"twitter:card\" content=\"summary_large_image\" \/>\n<meta name=\"twitter:label1\" content=\"Ber\u00e4knad l\u00e4stid\" \/>\n\t<meta name=\"twitter:data1\" content=\"2 minuter\" \/>\n<script type=\"application\/ld+json\" class=\"yoast-schema-graph\">{\"@context\":\"https:\\\/\\\/schema.org\",\"@graph\":[{\"@type\":\"WebPage\",\"@id\":\"https:\\\/\\\/milano-sanremo.org\\\/sv\\\/resa\\\/organisera-en-grupp\\\/\",\"url\":\"https:\\\/\\\/milano-sanremo.org\\\/sv\\\/resa\\\/organisera-en-grupp\\\/\",\"name\":\"ORGANISERA EN GRUPP | MILANO SANREMO AMAT\u00d6RER 2027 | 6 JUNI 2027 | OFFICIELL WEBBPLATS\",\"isPartOf\":{\"@id\":\"https:\\\/\\\/milano-sanremo.org\\\/sv\\\/#website\"},\"datePublished\":\"2013-10-06T11:07:47+00:00\",\"dateModified\":\"2026-09-01T09:39:00+00:00\",\"description\":\"ORGANISERA EN GRUPP\",\"breadcrumb\":{\"@id\":\"https:\\\/\\\/milano-sanremo.org\\\/sv\\\/resa\\\/organisera-en-grupp\\\/#breadcrumb\"},\"inLanguage\":\"sv-SE\",\"potentialAction\":[{\"@type\":\"ReadAction\",\"target\":[\"https:\\\/\\\/milano-sanremo.org\\\/sv\\\/resa\\\/organisera-en-grupp\\\/\"]}]},{\"@type\":\"BreadcrumbList\",\"@id\":\"https:\\\/\\\/milano-sanremo.org\\\/sv\\\/resa\\\/organisera-en-grupp\\\/#breadcrumb\",\"itemListElement\":[{\"@type\":\"ListItem\",\"position\":1,\"name\":\"Home\",\"item\":\"https:\\\/\\\/milano-sanremo.org\\\/sv\\\/\"},{\"@type\":\"ListItem\",\"position\":2,\"name\":\"RESA\",\"item\":\"https:\\\/\\\/milano-sanremo.org\\\/sv\\\/viaggio\\\/\"},{\"@type\":\"ListItem\",\"position\":3,\"name\":\"ORGANISERA EN GRUPP\"}]},{\"@type\":\"WebSite\",\"@id\":\"https:\\\/\\\/milano-sanremo.org\\\/sv\\\/#website\",\"url\":\"https:\\\/\\\/milano-sanremo.org\\\/sv\\\/\",\"name\":\"MILANO SANREMO AMAT\u00d6RER 2027\",\"description\":\"6 JUNI 2027 | OFFICIELL WEBBPLATS\",\"potentialAction\":[{\"@type\":\"SearchAction\",\"target\":{\"@type\":\"EntryPoint\",\"urlTemplate\":\"https:\\\/\\\/milano-sanremo.org\\\/sv\\\/?s={search_term_string}\"},\"query-input\":{\"@type\":\"PropertyValueSpecification\",\"valueRequired\":true,\"valueName\":\"search_term_string\"}}],\"inLanguage\":\"sv-SE\"}]}<\/script>\n<!-- \/ Yoast SEO plugin. -->","yoast_head_json":{"title":"ORGANISERA EN GRUPP | MILANO SANREMO AMAT\u00d6RER 2027 | 6 JUNI 2027 | OFFICIELL WEBBPLATS","description":"ORGANISERA EN GRUPP","robots":{"index":"index","follow":"follow","max-snippet":"max-snippet:-1","max-image-preview":"max-image-preview:large","max-video-preview":"max-video-preview:-1"},"canonical":"https:\/\/milano-sanremo.org\/sv\/resa\/organisera-en-grupp\/","og_locale":"sv_SE","og_type":"article","og_title":"ORGANISERA EN GRUPP | MILANO SANREMO AMAT\u00d6RER 2027 | 6 JUNI 2027 | OFFICIELL WEBBPLATS","og_description":"ORGANISERA EN GRUPP","og_url":"https:\/\/milano-sanremo.org\/sv\/resa\/organisera-en-grupp\/","og_site_name":"MILANO SANREMO AMAT\u00d6RER 2027","article_modified_time":"2026-09-01T09:39:00+00:00","twitter_card":"summary_large_image","twitter_misc":{"Ber\u00e4knad l\u00e4stid":"2 minuter"},"schema":{"@context":"https:\/\/schema.org","@graph":[{"@type":"WebPage","@id":"https:\/\/milano-sanremo.org\/sv\/resa\/organisera-en-grupp\/","url":"https:\/\/milano-sanremo.org\/sv\/resa\/organisera-en-grupp\/","name":"ORGANISERA EN GRUPP | MILANO SANREMO AMAT\u00d6RER 2027 | 6 JUNI 2027 | OFFICIELL WEBBPLATS","isPartOf":{"@id":"https:\/\/milano-sanremo.org\/sv\/#website"},"datePublished":"2013-10-06T11:07:47+00:00","dateModified":"2026-09-01T09:39:00+00:00","description":"ORGANISERA EN GRUPP","breadcrumb":{"@id":"https:\/\/milano-sanremo.org\/sv\/resa\/organisera-en-grupp\/#breadcrumb"},"inLanguage":"sv-SE","potentialAction":[{"@type":"ReadAction","target":["https:\/\/milano-sanremo.org\/sv\/resa\/organisera-en-grupp\/"]}]},{"@type":"BreadcrumbList","@id":"https:\/\/milano-sanremo.org\/sv\/resa\/organisera-en-grupp\/#breadcrumb","itemListElement":[{"@type":"ListItem","position":1,"name":"Home","item":"https:\/\/milano-sanremo.org\/sv\/"},{"@type":"ListItem","position":2,"name":"RESA","item":"https:\/\/milano-sanremo.org\/sv\/viaggio\/"},{"@type":"ListItem","position":3,"name":"ORGANISERA EN GRUPP"}]},{"@type":"WebSite","@id":"https:\/\/milano-sanremo.org\/sv\/#website","url":"https:\/\/milano-sanremo.org\/sv\/","name":"MILANO SANREMO AMAT\u00d6RER 2027","description":"6 JUNI 2027 | OFFICIELL WEBBPLATS","potentialAction":[{"@type":"SearchAction","target":{"@type":"EntryPoint","urlTemplate":"https:\/\/milano-sanremo.org\/sv\/?s={search_term_string}"},"query-input":{"@type":"PropertyValueSpecification","valueRequired":true,"valueName":"search_term_string"}}],"inLanguage":"sv-SE"}]}},"_links":{"self":[{"href":"https:\/\/milano-sanremo.org\/sv\/wp-json\/wp\/v2\/pages\/3956","targetHints":{"allow":["GET"]}}],"collection":[{"href":"https:\/\/milano-sanremo.org\/sv\/wp-json\/wp\/v2\/pages"}],"about":[{"href":"https:\/\/milano-sanremo.org\/sv\/wp-json\/wp\/v2\/types\/page"}],"author":[{"embeddable":true,"href":"https:\/\/milano-sanremo.org\/sv\/wp-json\/wp\/v2\/users\/1"}],"replies":[{"embeddable":true,"href":"https:\/\/milano-sanremo.org\/sv\/wp-json\/wp\/v2\/comments?post=3956"}],"version-history":[{"count":9,"href":"https:\/\/milano-sanremo.org\/sv\/wp-json\/wp\/v2\/pages\/3956\/revisions"}],"predecessor-version":[{"id":16086,"href":"https:\/\/milano-sanremo.org\/sv\/wp-json\/wp\/v2\/pages\/3956\/revisions\/16086"}],"up":[{"embeddable":true,"href":"https:\/\/milano-sanremo.org\/sv\/wp-json\/wp\/v2\/pages\/3913"}],"wp:attachment":[{"href":"https:\/\/milano-sanremo.org\/sv\/wp-json\/wp\/v2\/media?parent=3956"}],"curies":[{"name":"wp","href":"https:\/\/api.w.org\/{rel}","templated":true}]}}